{"id":4816,"date":"2025-05-14T08:38:21","date_gmt":"2025-05-14T06:38:21","guid":{"rendered":"https:\/\/datenschutz-eprivacy.de\/da\/?page_id=4816"},"modified":"2025-05-15T09:17:14","modified_gmt":"2025-05-15T07:17:14","slug":"externer-datenschutzbeauftragter-fulda","status":"publish","type":"page","link":"https:\/\/datenschutz-eprivacy.de\/en\/dienstleistungen\/datenschutzbeauftragter-bestellen\/externer-datenschutzbeauftragter-in-hessen\/externer-datenschutzbeauftragter-fulda\/","title":{"rendered":"Externer Datenschutzbeauftragter &#8211; Fulda"},"content":{"rendered":"<div data-elementor-type=\"wp-post\" data-elementor-id=\"4816\" class=\"elementor elementor-4816\">\n\t\t\t\t\t\t<section class=\"elementor-section elementor-top-section elementor-element elementor-element-72d76a74 elementor-section-boxed elementor-section-height-default elementor-section-height-default\" data-id=\"72d76a74\" data-element_type=\"section\">\n\t\t\t\t\t\t<div class=\"elementor-container elementor-column-gap-default\">\n\t\t\t\t\t<div class=\"elementor-column elementor-col-100 elementor-top-column elementor-element elementor-element-63a05cbb\" data-id=\"63a05cbb\" data-element_type=\"column\">\n\t\t\t<div class=\"elementor-widget-wrap elementor-element-populated\">\n\t\t\t\t\t\t<div class=\"elementor-element elementor-element-7d94bc12 elementor-widget elementor-widget-heading\" data-id=\"7d94bc12\" data-element_type=\"widget\" data-widget_type=\"heading.default\">\n\t\t\t\t<div class=\"elementor-widget-container\">\n\t\t\t\t\t<h2 class=\"elementor-heading-title elementor-size-default\">DER externe Datenschutzbeauftragte f\u00fcr Fulda<\/h2>\t\t\t\t<\/div>\n\t\t\t\t<\/div>\n\t\t\t\t\t<\/div>\n\t\t<\/div>\n\t\t\t\t\t<\/div>\n\t\t<\/section>\n\t\t\t\t<section class=\"elementor-section elementor-top-section elementor-element elementor-element-75365e01 elementor-section-boxed elementor-section-height-default elementor-section-height-default\" data-id=\"75365e01\" data-element_type=\"section\">\n\t\t\t\t\t\t<div class=\"elementor-container elementor-column-gap-default\">\n\t\t\t\t\t<div class=\"elementor-column elementor-col-100 elementor-top-column elementor-element elementor-element-113967ab\" data-id=\"113967ab\" data-element_type=\"column\">\n\t\t\t<div class=\"elementor-widget-wrap elementor-element-populated\">\n\t\t\t\t\t\t<div class=\"elementor-element elementor-element-52cabaf9 elementor-widget elementor-widget-heading\" data-id=\"52cabaf9\" data-element_type=\"widget\" data-widget_type=\"heading.default\">\n\t\t\t\t<div class=\"elementor-widget-container\">\n\t\t\t\t\t<div class=\"elementor-heading-title elementor-size-default\">Barock trifft Fortschritt hier als dynamisches Zentrum Osthessens<\/div>\t\t\t\t<\/div>\n\t\t\t\t<\/div>\n\t\t\t\t\t<\/div>\n\t\t<\/div>\n\t\t\t\t\t<\/div>\n\t\t<\/section>\n\t\t\t\t<section class=\"elementor-section elementor-top-section elementor-element elementor-element-5e7e591a elementor-section-boxed elementor-section-height-default elementor-section-height-default\" data-id=\"5e7e591a\" data-element_type=\"section\">\n\t\t\t\t\t\t<div class=\"elementor-container elementor-column-gap-default\">\n\t\t\t\t\t<div class=\"elementor-column elementor-col-100 elementor-top-column elementor-element elementor-element-57082ace\" data-id=\"57082ace\" data-element_type=\"column\">\n\t\t\t<div class=\"elementor-widget-wrap elementor-element-populated\">\n\t\t\t\t\t\t<div class=\"elementor-element elementor-element-4f7682a8 elementor-widget elementor-widget-text-editor\" data-id=\"4f7682a8\" data-element_type=\"widget\" data-widget_type=\"text-editor.default\">\n\t\t\t\t<div class=\"elementor-widget-container\">\n\t\t\t\t\t\t\t\t\t<p>Fulda ist mehr als barocke Kulisse. Als zentraler Verkehrsknotenpunkt in der Mitte Deutschlands hat sich die Stadt zu einem starken Wirtschaftsstandort entwickelt. Die Stadt ist gepr\u00e4gt von mittelst\u00e4ndischer Industrie, Logistikunternehmen und wachsendem Technologiesektor. Die N\u00e4he zu Ballungsr\u00e4umen und ein stabiles Bildungsangebot, unter anderem durch die Hochschule Fulda, machen die Region besonders attraktiv. In einem Umfeld, das auf Verl\u00e4sslichkeit und Struktur setzt, ist der bewusste Umgang mit Informationen l\u00e4ngst Teil unternehmerischer Verantwortung.<\/p>\t\t\t\t\t\t\t\t<\/div>\n\t\t\t\t<\/div>\n\t\t\t\t\t<\/div>\n\t\t<\/div>\n\t\t\t\t\t<\/div>\n\t\t<\/section>\n\t\t\t\t<section class=\"elementor-section elementor-top-section elementor-element elementor-element-4946342c elementor-section-boxed elementor-section-height-default elementor-section-height-default\" data-id=\"4946342c\" data-element_type=\"section\">\n\t\t\t\t\t\t<div class=\"elementor-container elementor-column-gap-default\">\n\t\t\t\t\t<div class=\"elementor-column elementor-col-100 elementor-top-column elementor-element elementor-element-7fcc15c5\" data-id=\"7fcc15c5\" data-element_type=\"column\">\n\t\t\t<div class=\"elementor-widget-wrap elementor-element-populated\">\n\t\t\t\t\t\t<div class=\"elementor-element elementor-element-7b653c87 elementor-widget elementor-widget-heading\" data-id=\"7b653c87\" data-element_type=\"widget\" data-widget_type=\"heading.default\">\n\t\t\t\t<div class=\"elementor-widget-container\">\n\t\t\t\t\t<h3 class=\"elementor-heading-title elementor-size-default\">Datenschutzl\u00f6sungen f\u00fcr Unternehmen in Fulda und Umgebung<\/h3>\t\t\t\t<\/div>\n\t\t\t\t<\/div>\n\t\t\t\t\t<\/div>\n\t\t<\/div>\n\t\t\t\t\t<\/div>\n\t\t<\/section>\n\t\t\t\t<section class=\"elementor-section elementor-top-section elementor-element elementor-element-62087252 elementor-section-boxed elementor-section-height-default elementor-section-height-default\" data-id=\"62087252\" data-element_type=\"section\">\n\t\t\t\t\t\t<div class=\"elementor-container elementor-column-gap-default\">\n\t\t\t\t\t<div class=\"elementor-column elementor-col-100 elementor-top-column elementor-element elementor-element-665162ab\" data-id=\"665162ab\" data-element_type=\"column\">\n\t\t\t<div class=\"elementor-widget-wrap elementor-element-populated\">\n\t\t\t\t\t\t<div class=\"elementor-element elementor-element-26215588 elementor-widget elementor-widget-text-editor\" data-id=\"26215588\" data-element_type=\"widget\" data-widget_type=\"text-editor.default\">\n\t\t\t\t<div class=\"elementor-widget-container\">\n\t\t\t\t\t\t\t\t\t<p>In einer zunehmend digitalisierten Welt ist Datenschutz nicht nur eine gesetzliche Pflicht. Sie stellt auch einen entscheidenden Faktor dar, um das Vertrauen von Kunden und Gesch\u00e4ftspartnern zu gewinnen. Die <a href=\"https:\/\/datenschutz-eprivacy.de\/en\/da\/da\/kontakt\/datenschutzerklaerung\/dsgvo\/\" target=\"_blank\" rel=\"noopener\">General Data Protection Regulation (GDPR)<\/a>, das\u00a0<a href=\"https:\/\/datenschutz-eprivacy.de\/en\/da\/da\/kontakt\/datenschutzerklaerung\/bdsg\/\" target=\"_blank\" rel=\"noopener\">Federal Data Privacy Law (German BDSG)<\/a>\u00a0und andere rechtliche Vorschriften wie dem\u00a0<a href=\"https:\/\/datenschutz-eprivacy.de\/en\/da\/da\/kontakt\/datenschutzerklaerung\/kivo\/\" target=\"_blank\" rel=\"noopener\">europ\u00e4ischen AI Act (KI-Verordnung KIVO)<\/a>\u00a0stellen Unternehmen vor zahlreiche Herausforderungen im Umgang mit personenbezogenen Daten. Insbesondere f\u00fcr Unternehmen in Fulda und der Region bietet <b>Christian Allner, M.A.<\/b>, als externer Datenschutzbeauftragter individuelle und professionelle Unterst\u00fctzung.<\/p>\n<p>Sein Fokus in Themen wie dem Datenschutz, der IT-Sicherheit und rechtlichen Vorgaben hilft Herr Allner Ihnen, gesetzliche Anforderungen zu erf\u00fcllen, Risiken zu minimieren und eine sichere Datenverarbeitung zu gew\u00e4hrleisten. Um Ihr Unternehmen datenschutzkonform und rechtssicher aufzustellen, k\u00f6nnen Sie auf seine Kompetenz vertrauen.<\/p>\t\t\t\t\t\t\t\t<\/div>\n\t\t\t\t<\/div>\n\t\t\t\t\t<\/div>\n\t\t<\/div>\n\t\t\t\t\t<\/div>\n\t\t<\/section>\n\t\t\t\t<section class=\"elementor-section elementor-top-section elementor-element elementor-element-23c1325e elementor-section-boxed elementor-section-height-default elementor-section-height-default\" data-id=\"23c1325e\" data-element_type=\"section\">\n\t\t\t\t\t\t<div class=\"elementor-container elementor-column-gap-default\">\n\t\t\t\t\t<div class=\"elementor-column elementor-col-100 elementor-top-column elementor-element elementor-element-9272f3e\" data-id=\"9272f3e\" data-element_type=\"column\">\n\t\t\t<div class=\"elementor-widget-wrap elementor-element-populated\">\n\t\t\t\t\t\t<div class=\"elementor-element elementor-element-5fa0c2fb elementor-widget elementor-widget-text-editor\" data-id=\"5fa0c2fb\" data-element_type=\"widget\" data-widget_type=\"text-editor.default\">\n\t\t\t\t<div class=\"elementor-widget-container\">\n\t\t\t\t\t\t\t\t\t<h5>One service, two benefits: comprehensive legal security at a low cost<\/h5>\t\t\t\t\t\t\t\t<\/div>\n\t\t\t\t<\/div>\n\t\t\t\t<div class=\"elementor-element elementor-element-43772b94 elementor-widget elementor-widget-spacer\" data-id=\"43772b94\" data-element_type=\"widget\" data-widget_type=\"spacer.default\">\n\t\t\t\t<div class=\"elementor-widget-container\">\n\t\t\t\t\t\t\t<div class=\"elementor-spacer\">\n\t\t\t<div class=\"elementor-spacer-inner\"><\/div>\n\t\t<\/div>\n\t\t\t\t\t\t<\/div>\n\t\t\t\t<\/div>\n\t\t\t\t\t<\/div>\n\t\t<\/div>\n\t\t\t\t\t<\/div>\n\t\t<\/section>\n\t\t\t\t<section class=\"elementor-section elementor-top-section elementor-element elementor-element-6f72fdae elementor-section-boxed elementor-section-height-default elementor-section-height-default\" data-id=\"6f72fdae\" data-element_type=\"section\">\n\t\t\t\t\t\t<div class=\"elementor-container elementor-column-gap-default\">\n\t\t\t\t\t<div class=\"elementor-column elementor-col-100 elementor-top-column elementor-element elementor-element-2e010be8\" data-id=\"2e010be8\" data-element_type=\"column\">\n\t\t\t<div class=\"elementor-widget-wrap elementor-element-populated\">\n\t\t\t\t\t\t<div class=\"elementor-element elementor-element-72a56cf5 elementor-widget elementor-widget-heading\" data-id=\"72a56cf5\" data-element_type=\"widget\" data-widget_type=\"heading.default\">\n\t\t\t\t<div class=\"elementor-widget-container\">\n\t\t\t\t\t<h3 class=\"elementor-heading-title elementor-size-default\">Warum ist die DSGVO so wichtig?<\/h3>\t\t\t\t<\/div>\n\t\t\t\t<\/div>\n\t\t\t\t<div class=\"elementor-element elementor-element-56f7f304 elementor-widget elementor-widget-text-editor\" data-id=\"56f7f304\" data-element_type=\"widget\" data-widget_type=\"text-editor.default\">\n\t\t\t\t<div class=\"elementor-widget-container\">\n\t\t\t\t\t\t\t\t\t<p>Die Datenschutz-Grundverordnung (DSGVO) ist eine seit 2018 in Kraft getretene Verordnung, die den Umgang mit personenbezogenen Daten in der Europ\u00e4ischen Union regelt. Prinzipien die die DSGVO abdeckt sind:<\/p>\n<ul>\n<li><b>Transparenz<\/b>: Unternehmen m\u00fcssen offenlegen, welche Daten sie erheben und warum.<\/li>\n<li><b>Rechenschaftspflicht<\/b>: Firmen m\u00fcssen nachweisen, dass sie die Datenschutzgesetze einhalten.<\/li>\n<li><b>Datensicherheit<\/b>: Unternehmen sind verpflichtet, geeignete technische und organisatorische Ma\u00dfnahmen zum Schutz von Daten zu ergreifen.<\/li>\n<\/ul>\n<p>Die DSGVO betrifft nicht nur gro\u00dfe Unternehmen, sondern auch kleine und mittelst\u00e4ndische Betriebe in Fulda und Umgebung. Ein\u00a0<a href=\"https:\/\/datenschutz-eprivacy.de\/en\/da\/da\/tag\/strafzahlung\/\" target=\"_blank\" rel=\"noopener\">Versto\u00df gegen die DSGVO kann teuer werden<\/a>\u00a0\u2013 nicht nur finanziell, sondern auch in Form von Reputationssch\u00e4den.<\/p>\t\t\t\t\t\t\t\t<\/div>\n\t\t\t\t<\/div>\n\t\t\t\t\t<\/div>\n\t\t<\/div>\n\t\t\t\t\t<\/div>\n\t\t<\/section>\n\t\t\t\t<section class=\"elementor-section elementor-top-section elementor-element elementor-element-6b2875aa elementor-section-boxed elementor-section-height-default elementor-section-height-default\" data-id=\"6b2875aa\" data-element_type=\"section\">\n\t\t\t\t\t\t<div class=\"elementor-container elementor-column-gap-default\">\n\t\t\t\t\t<div class=\"elementor-column elementor-col-100 elementor-top-column elementor-element elementor-element-524c4ce8\" data-id=\"524c4ce8\" data-element_type=\"column\">\n\t\t\t<div class=\"elementor-widget-wrap elementor-element-populated\">\n\t\t\t\t\t\t<div class=\"elementor-element elementor-element-5e848f93 elementor-widget elementor-widget-heading\" data-id=\"5e848f93\" data-element_type=\"widget\" data-widget_type=\"heading.default\">\n\t\t\t\t<div class=\"elementor-widget-container\">\n\t\t\t\t\t<h3 class=\"elementor-heading-title elementor-size-default\">Was ist ein externer Datenschutzbeauftragter?<\/h3>\t\t\t\t<\/div>\n\t\t\t\t<\/div>\n\t\t\t\t\t<\/div>\n\t\t<\/div>\n\t\t\t\t\t<\/div>\n\t\t<\/section>\n\t\t\t\t<section class=\"elementor-section elementor-top-section elementor-element elementor-element-49917fbb elementor-section-boxed elementor-section-height-default elementor-section-height-default\" data-id=\"49917fbb\" data-element_type=\"section\">\n\t\t\t\t\t\t<div class=\"elementor-container elementor-column-gap-default\">\n\t\t\t\t\t<div class=\"elementor-column elementor-col-100 elementor-top-column elementor-element elementor-element-91f19bb\" data-id=\"91f19bb\" data-element_type=\"column\">\n\t\t\t<div class=\"elementor-widget-wrap elementor-element-populated\">\n\t\t\t\t\t\t<div class=\"elementor-element elementor-element-2f4f3734 elementor-widget elementor-widget-text-editor\" data-id=\"2f4f3734\" data-element_type=\"widget\" data-widget_type=\"text-editor.default\">\n\t\t\t\t<div class=\"elementor-widget-container\">\n\t\t\t\t\t\t\t\t\t<p>Von einem externen Datenschutzbeauftragten ist die Rede, wenn ein unabh\u00e4ngiger Experte Unternehmen dabei unterst\u00fctzt, die Anforderungen der DSGVO und anderer Datenschutzgesetze zu erf\u00fcllen. Anders als ein interner Datenschutzbeauftragter, der in Ihrem Unternehmen selbst angestellt sein muss, arbeitet ein externer Beauftragter auf Basis eines Dienstleistungsvertrags. Das hat f\u00fcr Sie viele Vorteile:<\/p>\n<ul>\n<li><b>Kosteneffizienz<\/b>: Sie sparen langfristig Kosten, da keine internen Schulungen, Weiterbildungen oder Gehaltsstrukturen erforderlich sind.<\/li>\n<li><b>Unabh\u00e4ngigkeit<\/b>: Ein externer Datenschutzbeauftragter ist frei von internen Interessenskonflikten und kann objektiv agieren.<\/li>\n<li><b>Flexibilit\u00e4t<\/b>: Externe Experten sind auf dem neuesten Stand der Gesetzgebung und passen ihre Dienstleistungen individuell an Ihre Anforderungen an.<\/li>\n<\/ul>\n<p><b>Christian Allner, M.A.<\/b>, bietet Ihnen genau diesen Service \u2013 unabh\u00e4ngig, kompetent und zielgerichtet f\u00fcr Unternehmen in Fulda und der Umgebung.<\/p>\t\t\t\t\t\t\t\t<\/div>\n\t\t\t\t<\/div>\n\t\t\t\t\t<\/div>\n\t\t<\/div>\n\t\t\t\t\t<\/div>\n\t\t<\/section>\n\t\t\t\t<section class=\"elementor-section elementor-top-section elementor-element elementor-element-554f2e4e elementor-section-boxed elementor-section-height-default elementor-section-height-default\" data-id=\"554f2e4e\" data-element_type=\"section\">\n\t\t\t\t\t\t<div class=\"elementor-container elementor-column-gap-default\">\n\t\t\t\t\t<div class=\"elementor-column elementor-col-100 elementor-top-column elementor-element elementor-element-61239707\" data-id=\"61239707\" data-element_type=\"column\">\n\t\t\t<div class=\"elementor-widget-wrap elementor-element-populated\">\n\t\t\t\t\t\t<div class=\"elementor-element elementor-element-5883527e elementor-widget elementor-widget-heading\" data-id=\"5883527e\" data-element_type=\"widget\" data-widget_type=\"heading.default\">\n\t\t\t\t<div class=\"elementor-widget-container\">\n\t\t\t\t\t<h3 class=\"elementor-heading-title elementor-size-default\">Warum ist ein Datenschutzbeauftragter wichtig?<\/h3>\t\t\t\t<\/div>\n\t\t\t\t<\/div>\n\t\t\t\t\t<\/div>\n\t\t<\/div>\n\t\t\t\t\t<\/div>\n\t\t<\/section>\n\t\t\t\t<section class=\"elementor-section elementor-top-section elementor-element elementor-element-61ec54b1 elementor-section-boxed elementor-section-height-default elementor-section-height-default\" data-id=\"61ec54b1\" data-element_type=\"section\">\n\t\t\t\t\t\t<div class=\"elementor-container elementor-column-gap-default\">\n\t\t\t\t\t<div class=\"elementor-column elementor-col-100 elementor-top-column elementor-element elementor-element-514db956\" data-id=\"514db956\" data-element_type=\"column\">\n\t\t\t<div class=\"elementor-widget-wrap elementor-element-populated\">\n\t\t\t\t\t\t<div class=\"elementor-element elementor-element-4ce8d779 elementor-widget elementor-widget-text-editor\" data-id=\"4ce8d779\" data-element_type=\"widget\" data-widget_type=\"text-editor.default\">\n\t\t\t\t<div class=\"elementor-widget-container\">\n\t\t\t\t\t\t\t\t\t<p>Die DSGVO und das BDSG schreiben vor, dass Unternehmen, die regelm\u00e4\u00dfig personenbezogene Daten verarbeiten, unter bestimmten Voraussetzungen einen Datenschutzbeauftragten benennen m\u00fcssen. Dies betrifft unter anderem Firmen, die:<\/p><ul><li><b>mindestens 20 Mitarbeiter<\/b> haben, die regelm\u00e4\u00dfig personenbezogene Daten verarbeiten,<\/li><li><b>sensible Daten<\/b> wie Gesundheitsinformationen oder biometrische Daten verarbeiten,<\/li><li>oder <b>umfangreiche \u00dcberwachungssysteme<\/b> einsetzen.<\/li><\/ul><p>Gegen diese Anforderungen zu versto\u00dfen kann erhebliche Bu\u00dfgelder nach sich ziehen. Die DSGVO sieht Strafen von bis zu 20 Millionen Euro oder 4 % des weltweiten Jahresumsatzes Ihres Unternehmens vor \u2013 je nachdem, welcher Betrag h\u00f6her ist. Das birgt nicht nur finanzielle Risiken. Auch kann ein solcher Bruch das Vertrauen Ihrer Kunden und Partner beeintr\u00e4chtigen.<\/p><p>Mit einem professionellen Datenschutzbeauftragten wie <b>Christian Allner<\/b> minimieren Sie diese Risiken und stellen sicher, dass Ihr Unternehmen rechtlich abgesichert ist.<\/p>\t\t\t\t\t\t\t\t<\/div>\n\t\t\t\t<\/div>\n\t\t\t\t\t<\/div>\n\t\t<\/div>\n\t\t\t\t\t<\/div>\n\t\t<\/section>\n\t\t\t\t<section class=\"elementor-section elementor-top-section elementor-element elementor-element-5df5f892 elementor-section-boxed elementor-section-height-default elementor-section-height-default\" data-id=\"5df5f892\" data-element_type=\"section\">\n\t\t\t\t\t\t<div class=\"elementor-container elementor-column-gap-default\">\n\t\t\t\t\t<div class=\"elementor-column elementor-col-100 elementor-top-column elementor-element elementor-element-131805fa\" data-id=\"131805fa\" data-element_type=\"column\">\n\t\t\t<div class=\"elementor-widget-wrap elementor-element-populated\">\n\t\t\t\t\t\t<div class=\"elementor-element elementor-element-6dee4ced elementor-widget elementor-widget-heading\" data-id=\"6dee4ced\" data-element_type=\"widget\" data-widget_type=\"heading.default\">\n\t\t\t\t<div class=\"elementor-widget-container\">\n\t\t\t\t\t<h3 class=\"elementor-heading-title elementor-size-default\">Leistungen im \u00dcberblick<\/h3>\t\t\t\t<\/div>\n\t\t\t\t<\/div>\n\t\t\t\t\t<\/div>\n\t\t<\/div>\n\t\t\t\t\t<\/div>\n\t\t<\/section>\n\t\t\t\t<section class=\"elementor-section elementor-top-section elementor-element elementor-element-4e6a78b7 elementor-section-boxed elementor-section-height-default elementor-section-height-default\" data-id=\"4e6a78b7\" data-element_type=\"section\">\n\t\t\t\t\t\t<div class=\"elementor-container elementor-column-gap-default\">\n\t\t\t\t\t<div class=\"elementor-column elementor-col-100 elementor-top-column elementor-element elementor-element-77c47e72\" data-id=\"77c47e72\" data-element_type=\"column\">\n\t\t\t<div class=\"elementor-widget-wrap elementor-element-populated\">\n\t\t\t\t\t\t<div class=\"elementor-element elementor-element-4c55de9c elementor-widget elementor-widget-text-editor\" data-id=\"4c55de9c\" data-element_type=\"widget\" data-widget_type=\"text-editor.default\">\n\t\t\t\t<div class=\"elementor-widget-container\">\n\t\t\t\t\t\t\t\t\t<p><b>Christian Allner<\/b> bietet umfassende Dienstleistungen, die individuell auf die Anforderungen von Unternehmen in Fulda zugeschnitten sind. Sein Ziel ist es, Ihren Datenschutz so einfach und effizient wie m\u00f6glich zu gestalten. Leistungen beinhalten:<\/p>\n<h5>1. Beratung und Analyse<\/h5>\n<p>Ihre bestehenden Datenschutzma\u00dfnahmen \u00fcberpr\u00fcfen und daraus Folgend eine individuelle Strategie entwickeln, um Ihre Compliance im Rahmen der Datenschutzgrundverordnung sicherzustellen. Hierf\u00fcr wird eine eingehende Bestandsaufnahme durchgef\u00fchrt, Risiken und Schwachstellen identifiziert und folglich konkrete L\u00f6sungswege aufgezeigt.<\/p>\n<h5>2. Erstellung und Pr\u00fcfung von Datenschutzdokumenten<\/h5>\n<p>Dokumentation ist ein zentraler Bestandteil der DSGVO. Christian Allner erstellt und pr\u00fcft f\u00fcr Sie:<\/p>\n<ul>\n<li>Verzeichnisse von Verarbeitungst\u00e4tigkeiten,<\/li>\n<li><a href=\"https:\/\/datenschutz-eprivacy.de\/en\/da\/da\/dsgvo-was-ist-ein-av-vertrag-avv\/\" target=\"_blank\" rel=\"noopener\">Auftragsverarbeitungsvertr\u00e4ge (AVV)<\/a>,<\/li>\n<li><a href=\"https:\/\/datenschutz-eprivacy.de\/en\/da\/da\/dsgvo-was-sind-eigentlich-technische-organisatorische-massnahmen-toms\/\" target=\"_blank\" rel=\"noopener\">Technische und organisatorische Ma\u00dfnahmen (TOMs)<\/a>,<\/li>\n<li><a href=\"https:\/\/datenschutz-eprivacy.de\/en\/da\/da\/website-datenschutz\/\" target=\"_blank\" rel=\"noopener\">Datenschutzerkl\u00e4rungen f\u00fcr Ihre Website<\/a>,<\/li>\n<li>interne Richtlinien und Verfahrensanweisungen.<\/li>\n<\/ul>\n<h5>3. Externer Datenschutzbeauftragter \u2013 Funktion<\/h5>\n<p>Als Ihr externer Datenschutzbeauftragter \u00fcbernimmt Herr Allner alle gesetzlichen Aufgaben, einschlie\u00dflich:<\/p>\n<ul>\n<li>\u00dcberwachung der Einhaltung von Datenschutzgesetzen,<\/li>\n<li>Durchf\u00fchrung von Datenschutz-Folgenabsch\u00e4tzungen (DSFA),<\/li>\n<li>Schulung und Sensibilisierung Ihrer Mitarbeiter,<\/li>\n<li>Kommunikation mit Aufsichtsbeh\u00f6rden.<\/li>\n<\/ul>\n<h5>4. Datenschutz-Schulungen<\/h5>\n<p>Die h\u00e4ufigste Ursache von schwerwiegenden Datenschutzverletzungen sind menschliche Fehler. Schulen Sie Ihre Mitarbeiter praxisnah und anschaulich zu Themen wie:<\/p>\n<ul>\n<li>Sichere Datenverarbeitung,<\/li>\n<li>Umgang mit personenbezogenen Daten,<\/li>\n<li>Pr\u00e4vention von Datenlecks und Cyberangriffen.<\/li>\n<\/ul>\n<h5>5. IT-Sicherheitsberatung<\/h5>\n<p>Ihre IT-Sicherheit profitiert von korrektem Datenschutz. Bekommen Sie Unterst\u00fctzung dabei, Ihre IT-Infrastruktur zu sichern, um Datenverluste und Cyberangriffe zu verhindern.<\/p>\t\t\t\t\t\t\t\t<\/div>\n\t\t\t\t<\/div>\n\t\t\t\t\t<\/div>\n\t\t<\/div>\n\t\t\t\t\t<\/div>\n\t\t<\/section>\n\t\t\t\t<section class=\"elementor-section elementor-top-section elementor-element elementor-element-623c9cf7 elementor-section-boxed elementor-section-height-default elementor-section-height-default\" data-id=\"623c9cf7\" data-element_type=\"section\">\n\t\t\t\t\t\t<div class=\"elementor-container elementor-column-gap-default\">\n\t\t\t\t\t<div class=\"elementor-column elementor-col-100 elementor-top-column elementor-element elementor-element-5a1f137\" data-id=\"5a1f137\" data-element_type=\"column\">\n\t\t\t<div class=\"elementor-widget-wrap elementor-element-populated\">\n\t\t\t\t\t\t<div class=\"elementor-element elementor-element-5527b0dd elementor-widget elementor-widget-heading\" data-id=\"5527b0dd\" data-element_type=\"widget\" data-widget_type=\"heading.default\">\n\t\t\t\t<div class=\"elementor-widget-container\">\n\t\t\t\t\t<h3 class=\"elementor-heading-title elementor-size-default\">Datenschutz in Fulda \u2013 Ihre Vorteile mit Christian Allner<\/h3>\t\t\t\t<\/div>\n\t\t\t\t<\/div>\n\t\t\t\t\t<\/div>\n\t\t<\/div>\n\t\t\t\t\t<\/div>\n\t\t<\/section>\n\t\t\t\t<section class=\"elementor-section elementor-top-section elementor-element elementor-element-4230828 elementor-section-boxed elementor-section-height-default elementor-section-height-default\" data-id=\"4230828\" data-element_type=\"section\">\n\t\t\t\t\t\t<div class=\"elementor-container elementor-column-gap-default\">\n\t\t\t\t\t<div class=\"elementor-column elementor-col-50 elementor-top-column elementor-element elementor-element-5761476\" data-id=\"5761476\" data-element_type=\"column\">\n\t\t\t<div class=\"elementor-widget-wrap elementor-element-populated\">\n\t\t\t\t\t\t<div class=\"elementor-element elementor-element-47bf084 elementor-widget elementor-widget-text-editor\" data-id=\"47bf084\" data-element_type=\"widget\" data-widget_type=\"text-editor.default\">\n\t\t\t\t<div class=\"elementor-widget-container\">\n\t\t\t\t\t\t\t\t\t<p>Mit Christian Allner, M.A., an Ihrer Seite profitieren Sie von zahlreichen Vorteilen:<\/p>\n<ul>\n<li><strong>Rechtskonformit\u00e4t<\/strong>: Sicherstellen, dass Ihr Unternehmen alle gesetzlichen Anforderungen erf\u00fcllt.<\/li>\n<li><strong>Erfahrung<\/strong>: Mit jahrelanger Expertise im Datenschutz und IT-Sicherheitsmanagement kennt Herr Allner die Herausforderungen, vor denen Unternehmen stehen.<\/li>\n<li><strong>Individuelle L\u00f6sungen<\/strong>: Jede Firma ist einzigartig. Machen Sie Gebrauch von ma\u00dfgeschneiderten L\u00f6sungen, die genau auf Ihre Bed\u00fcrfnisse zugeschnitten sind.<\/li>\n<li><strong>Individuelle Flexibilit\u00e4t<\/strong>: Als flexibler Datenschutzbeauftragter ist Herr Allner gerne vor Ort, wenn Sie Unterst\u00fctzung ben\u00f6tigen.<\/li>\n<\/ul>\t\t\t\t\t\t\t\t<\/div>\n\t\t\t\t<\/div>\n\t\t\t\t\t<\/div>\n\t\t<\/div>\n\t\t\t\t<div class=\"elementor-column elementor-col-50 elementor-top-column elementor-element elementor-element-7ce97b9\" data-id=\"7ce97b9\" data-element_type=\"column\">\n\t\t\t<div class=\"elementor-widget-wrap elementor-element-populated\">\n\t\t\t\t\t\t<div class=\"elementor-element elementor-element-21645d6 elementor-widget elementor-widget-image\" data-id=\"21645d6\" data-element_type=\"widget\" data-widget_type=\"image.default\">\n\t\t\t\t<div class=\"elementor-widget-container\">\n\t\t\t\t\t\t\t\t\t\t\t\t\t\t\t<img fetchpriority=\"high\" decoding=\"async\" width=\"210\" height=\"300\" src=\"https:\/\/datenschutz-eprivacy.de\/da\/wp-content\/uploads\/externer_datenschutzbeauftragter_bestellen_dsgvo_eprivacy_christian_allner-210x300.jpg\" class=\"attachment-medium size-medium wp-image-2165\" alt=\"Christian Allner, Ihr externer Datenschutzbeauftragter.\" srcset=\"https:\/\/datenschutz-eprivacy.de\/da\/wp-content\/uploads\/externer_datenschutzbeauftragter_bestellen_dsgvo_eprivacy_christian_allner-210x300.jpg 210w, https:\/\/datenschutz-eprivacy.de\/da\/wp-content\/uploads\/externer_datenschutzbeauftragter_bestellen_dsgvo_eprivacy_christian_allner-8x12.jpg 8w, https:\/\/datenschutz-eprivacy.de\/da\/wp-content\/uploads\/externer_datenschutzbeauftragter_bestellen_dsgvo_eprivacy_christian_allner.jpg 389w\" sizes=\"(max-width: 210px) 100vw, 210px\" \/>\t\t\t\t\t\t\t\t\t\t\t\t\t\t\t<\/div>\n\t\t\t\t<\/div>\n\t\t\t\t\t<\/div>\n\t\t<\/div>\n\t\t\t\t\t<\/div>\n\t\t<\/section>\n\t\t\t\t<section class=\"elementor-section elementor-top-section elementor-element elementor-element-561a8366 elementor-section-boxed elementor-section-height-default elementor-section-height-default\" data-id=\"561a8366\" data-element_type=\"section\">\n\t\t\t\t\t\t<div class=\"elementor-container elementor-column-gap-default\">\n\t\t\t\t\t<div class=\"elementor-column elementor-col-100 elementor-top-column elementor-element elementor-element-370bb88b\" data-id=\"370bb88b\" data-element_type=\"column\">\n\t\t\t<div class=\"elementor-widget-wrap elementor-element-populated\">\n\t\t\t\t\t\t<div class=\"elementor-element elementor-element-2ea89781 elementor-widget elementor-widget-heading\" data-id=\"2ea89781\" data-element_type=\"widget\" data-widget_type=\"heading.default\">\n\t\t\t\t<div class=\"elementor-widget-container\">\n\t\t\t\t\t<h2 class=\"elementor-heading-title elementor-size-default\">Our offer includes<\/h2>\t\t\t\t<\/div>\n\t\t\t\t<\/div>\n\t\t\t\t\t<\/div>\n\t\t<\/div>\n\t\t\t\t\t<\/div>\n\t\t<\/section>\n\t\t\t\t<section class=\"elementor-section elementor-top-section elementor-element elementor-element-778a47b1 elementor-section-boxed elementor-section-height-default elementor-section-height-default\" data-id=\"778a47b1\" data-element_type=\"section\">\n\t\t\t\t\t\t<div class=\"elementor-container elementor-column-gap-default\">\n\t\t\t\t\t<div class=\"elementor-column elementor-col-50 elementor-top-column elementor-element elementor-element-7a349772\" data-id=\"7a349772\" data-element_type=\"column\">\n\t\t\t<div class=\"elementor-widget-wrap elementor-element-populated\">\n\t\t\t\t\t\t<div class=\"elementor-element elementor-element-164474a2 elementor-icon-list--layout-traditional elementor-list-item-link-full_width elementor-widget elementor-widget-icon-list\" data-id=\"164474a2\" data-element_type=\"widget\" data-widget_type=\"icon-list.default\">\n\t\t\t\t<div class=\"elementor-widget-container\">\n\t\t\t\t\t\t\t<ul class=\"elementor-icon-list-items\">\n\t\t\t\t\t\t\t<li class=\"elementor-icon-list-item\">\n\t\t\t\t\t\t\t\t\t\t\t<span class=\"elementor-icon-list-icon\">\n\t\t\t\t\t\t\t\t\t\t\t\t\t\t\t\t<i class=\"fa fa-check\" aria-hidden=\"true\"><\/i>\n\t\t\t\t\t\t\t\t\t\t\t\t\t<\/span>\n\t\t\t\t\t\t\t\t\t\t<span class=\"elementor-icon-list-text\">Analysis of your current data protection status via telephone or e-mail<\/span>\n\t\t\t\t\t\t\t\t\t<\/li>\n\t\t\t\t\t\t\t\t<li class=\"elementor-icon-list-item\">\n\t\t\t\t\t\t\t\t\t\t\t<span class=\"elementor-icon-list-icon\">\n\t\t\t\t\t\t\t\t\t\t\t\t\t\t\t\t<i class=\"fa fa-check\" aria-hidden=\"true\"><\/i>\n\t\t\t\t\t\t\t\t\t\t\t\t\t<\/span>\n\t\t\t\t\t\t\t\t\t\t<span class=\"elementor-icon-list-text\">Staff training and education: a 30-minute live webinar with recording<\/span>\n\t\t\t\t\t\t\t\t\t<\/li>\n\t\t\t\t\t\t\t\t<li class=\"elementor-icon-list-item\">\n\t\t\t\t\t\t\t\t\t\t\t<span class=\"elementor-icon-list-icon\">\n\t\t\t\t\t\t\t\t\t\t\t\t\t\t\t\t<i class=\"fa fa-check\" aria-hidden=\"true\"><\/i>\n\t\t\t\t\t\t\t\t\t\t\t\t\t<\/span>\n\t\t\t\t\t\t\t\t\t\t<span class=\"elementor-icon-list-text\">Directory of processing activities: management of 5 processes per year<\/span>\n\t\t\t\t\t\t\t\t\t<\/li>\n\t\t\t\t\t\t\t\t<li class=\"elementor-icon-list-item\">\n\t\t\t\t\t\t\t\t\t\t\t<span class=\"elementor-icon-list-icon\">\n\t\t\t\t\t\t\t\t\t\t\t\t\t\t\t\t<i class=\"fa fa-check\" aria-hidden=\"true\"><\/i>\n\t\t\t\t\t\t\t\t\t\t\t\t\t<\/span>\n\t\t\t\t\t\t\t\t\t\t<span class=\"elementor-icon-list-text\">Technical and organizational support: 2 hours support for conceptual design<\/span>\n\t\t\t\t\t\t\t\t\t<\/li>\n\t\t\t\t\t\t\t\t<li class=\"elementor-icon-list-item\">\n\t\t\t\t\t\t\t\t\t\t\t<span class=\"elementor-icon-list-icon\">\n\t\t\t\t\t\t\t\t\t\t\t\t\t\t\t\t<i class=\"fa fa-check\" aria-hidden=\"true\"><\/i>\n\t\t\t\t\t\t\t\t\t\t\t\t\t<\/span>\n\t\t\t\t\t\t\t\t\t\t<span class=\"elementor-icon-list-text\">Other DPO services: 6 hours per year<\/span>\n\t\t\t\t\t\t\t\t\t<\/li>\n\t\t\t\t\t\t\t\t<li class=\"elementor-icon-list-item\">\n\t\t\t\t\t\t\t\t\t\t\t<span class=\"elementor-icon-list-icon\">\n\t\t\t\t\t\t\t\t\t\t\t\t\t\t\t\t<i class=\"fa fa-check\" aria-hidden=\"true\"><\/i>\n\t\t\t\t\t\t\t\t\t\t\t\t\t<\/span>\n\t\t\t\t\t\t\t\t\t\t<span class=\"elementor-icon-list-text\">Annual status update via telephone (telco) or video conference<\/span>\n\t\t\t\t\t\t\t\t\t<\/li>\n\t\t\t\t\t\t<\/ul>\n\t\t\t\t\t\t<\/div>\n\t\t\t\t<\/div>\n\t\t\t\t\t<\/div>\n\t\t<\/div>\n\t\t\t\t<div class=\"elementor-column elementor-col-50 elementor-top-column elementor-element elementor-element-141ccfdf\" data-id=\"141ccfdf\" data-element_type=\"column\">\n\t\t\t<div class=\"elementor-widget-wrap elementor-element-populated\">\n\t\t\t\t\t\t<div class=\"elementor-element elementor-element-1a6a6e0c elementor-widget elementor-widget-html\" data-id=\"1a6a6e0c\" data-element_type=\"widget\" data-widget_type=\"html.default\">\n\t\t\t\t<div class=\"elementor-widget-container\">\n\t\t\t\t\t<img decoding=\"async\" data-src=\"https:\/\/datenschutz-eprivacy.de\/da\/da\/da\/wp-content\/uploads\/christian-allner-datenschutzbeauftragter2.png\" alt=\"Externer Datenschutzbeauftragter nach DSGVO bestellen in Fulda\" title=\"Externer Datenschutzbeauftragter nach DSGVO bestellen in Fulda\" src=\"data:image\/gif;base64,R0lGODlhAQABAAAAACH5BAEKAAEALAAAAAABAAEAAAICTAEAOw==\" class=\"lazyload\" \/>\t\t\t\t<\/div>\n\t\t\t\t<\/div>\n\t\t\t\t\t<\/div>\n\t\t<\/div>\n\t\t\t\t\t<\/div>\n\t\t<\/section>\n\t\t\t\t<section class=\"elementor-section elementor-top-section elementor-element elementor-element-79c8181d elementor-section-boxed elementor-section-height-default elementor-section-height-default\" data-id=\"79c8181d\" data-element_type=\"section\">\n\t\t\t\t\t\t<div class=\"elementor-container elementor-column-gap-default\">\n\t\t\t\t\t<div class=\"elementor-column elementor-col-100 elementor-top-column elementor-element elementor-element-57bf4afa\" data-id=\"57bf4afa\" data-element_type=\"column\">\n\t\t\t<div class=\"elementor-widget-wrap elementor-element-populated\">\n\t\t\t\t\t\t<div class=\"elementor-element elementor-element-3a323b6f elementor-widget elementor-widget-spacer\" data-id=\"3a323b6f\" data-element_type=\"widget\" data-widget_type=\"spacer.default\">\n\t\t\t\t<div class=\"elementor-widget-container\">\n\t\t\t\t\t\t\t<div class=\"elementor-spacer\">\n\t\t\t<div class=\"elementor-spacer-inner\"><\/div>\n\t\t<\/div>\n\t\t\t\t\t\t<\/div>\n\t\t\t\t<\/div>\n\t\t\t\t\t<\/div>\n\t\t<\/div>\n\t\t\t\t\t<\/div>\n\t\t<\/section>\n\t\t\t\t<section class=\"elementor-section elementor-top-section elementor-element elementor-element-6c0ed8ec elementor-section-boxed elementor-section-height-default elementor-section-height-default\" data-id=\"6c0ed8ec\" data-element_type=\"section\">\n\t\t\t\t\t\t<div class=\"elementor-container elementor-column-gap-default\">\n\t\t\t\t\t<div class=\"elementor-column elementor-col-100 elementor-top-column elementor-element elementor-element-76426fee\" data-id=\"76426fee\" data-element_type=\"column\">\n\t\t\t<div class=\"elementor-widget-wrap elementor-element-populated\">\n\t\t\t\t\t\t<div class=\"elementor-element elementor-element-7810bfa2 elementor-widget elementor-widget-heading\" data-id=\"7810bfa2\" data-element_type=\"widget\" data-widget_type=\"heading.default\">\n\t\t\t\t<div class=\"elementor-widget-container\">\n\t\t\t\t\t<h2 class=\"elementor-heading-title elementor-size-default\">Your external Data Protection Officer (DPO) - It's that easy:<\/h2>\t\t\t\t<\/div>\n\t\t\t\t<\/div>\n\t\t\t\t\t<\/div>\n\t\t<\/div>\n\t\t\t\t\t<\/div>\n\t\t<\/section>\n\t\t\t\t<section class=\"elementor-section elementor-top-section elementor-element elementor-element-465da4c2 elementor-section-boxed elementor-section-height-default elementor-section-height-default\" data-id=\"465da4c2\" data-element_type=\"section\">\n\t\t\t\t\t\t<div class=\"elementor-container elementor-column-gap-default\">\n\t\t\t\t\t<div class=\"elementor-column elementor-col-25 elementor-top-column elementor-element elementor-element-53fc9957\" data-id=\"53fc9957\" data-element_type=\"column\">\n\t\t\t<div class=\"elementor-widget-wrap elementor-element-populated\">\n\t\t\t\t\t\t<div class=\"elementor-element elementor-element-13440317 elementor-widget elementor-widget-text-editor\" data-id=\"13440317\" data-element_type=\"widget\" data-widget_type=\"text-editor.default\">\n\t\t\t\t<div class=\"elementor-widget-container\">\n\t\t\t\t\t\t\t\t\t<p><strong>STEP 1: APPOINTMENT<br \/><\/strong><\/p><p>To appoint your own external DPO, simply book our offer at the low rate and and determine your own length of contract<\/p>\t\t\t\t\t\t\t\t<\/div>\n\t\t\t\t<\/div>\n\t\t\t\t\t<\/div>\n\t\t<\/div>\n\t\t\t\t<div class=\"elementor-column elementor-col-25 elementor-top-column elementor-element elementor-element-146a8f69\" data-id=\"146a8f69\" data-element_type=\"column\">\n\t\t\t<div class=\"elementor-widget-wrap elementor-element-populated\">\n\t\t\t\t\t\t<div class=\"elementor-element elementor-element-4e411169 elementor-widget elementor-widget-text-editor\" data-id=\"4e411169\" data-element_type=\"widget\" data-widget_type=\"text-editor.default\">\n\t\t\t\t<div class=\"elementor-widget-container\">\n\t\t\t\t\t\t\t\t\t<p><strong>STEP 2: ANALYSIS<br \/><\/strong><\/p><p>The external DPO analyzes all data protection-relevant areas of your company<\/p>\t\t\t\t\t\t\t\t<\/div>\n\t\t\t\t<\/div>\n\t\t\t\t\t<\/div>\n\t\t<\/div>\n\t\t\t\t<div class=\"elementor-column elementor-col-25 elementor-top-column elementor-element elementor-element-76ffffb4\" data-id=\"76ffffb4\" data-element_type=\"column\">\n\t\t\t<div class=\"elementor-widget-wrap elementor-element-populated\">\n\t\t\t\t\t\t<div class=\"elementor-element elementor-element-21154ddc elementor-widget elementor-widget-text-editor\" data-id=\"21154ddc\" data-element_type=\"widget\" data-widget_type=\"text-editor.default\">\n\t\t\t\t<div class=\"elementor-widget-container\">\n\t\t\t\t\t\t\t\t\t<p><strong>STEP 3: DEVELOPMENT<br \/><\/strong><\/p><p>The DPO supports you in setting up a legally compliant data protection concept<\/p>\t\t\t\t\t\t\t\t<\/div>\n\t\t\t\t<\/div>\n\t\t\t\t\t<\/div>\n\t\t<\/div>\n\t\t\t\t<div class=\"elementor-column elementor-col-25 elementor-top-column elementor-element elementor-element-1bd496e\" data-id=\"1bd496e\" data-element_type=\"column\">\n\t\t\t<div class=\"elementor-widget-wrap elementor-element-populated\">\n\t\t\t\t\t\t<div class=\"elementor-element elementor-element-29cae9b8 elementor-widget elementor-widget-text-editor\" data-id=\"29cae9b8\" data-element_type=\"widget\" data-widget_type=\"text-editor.default\">\n\t\t\t\t<div class=\"elementor-widget-container\">\n\t\t\t\t\t\t\t\t\t<p><strong>STEP 4: CONSULTING<br \/><\/strong><\/p><p>The DPO is at your disposal for ongoing support in all matters relating to data protection\u00a0<\/p>\t\t\t\t\t\t\t\t<\/div>\n\t\t\t\t<\/div>\n\t\t\t\t\t<\/div>\n\t\t<\/div>\n\t\t\t\t\t<\/div>\n\t\t<\/section>\n\t\t\t\t<section class=\"elementor-section elementor-top-section elementor-element elementor-element-4ef2aa1c elementor-section-boxed elementor-section-height-default elementor-section-height-default\" data-id=\"4ef2aa1c\" data-element_type=\"section\">\n\t\t\t\t\t\t<div class=\"elementor-container elementor-column-gap-default\">\n\t\t\t\t\t<div class=\"elementor-column elementor-col-100 elementor-top-column elementor-element elementor-element-6d0448c2\" data-id=\"6d0448c2\" data-element_type=\"column\">\n\t\t\t<div class=\"elementor-widget-wrap elementor-element-populated\">\n\t\t\t\t\t\t<div class=\"elementor-element elementor-element-316d688 elementor-widget elementor-widget-spacer\" data-id=\"316d688\" data-element_type=\"widget\" data-widget_type=\"spacer.default\">\n\t\t\t\t<div class=\"elementor-widget-container\">\n\t\t\t\t\t\t\t<div class=\"elementor-spacer\">\n\t\t\t<div class=\"elementor-spacer-inner\"><\/div>\n\t\t<\/div>\n\t\t\t\t\t\t<\/div>\n\t\t\t\t<\/div>\n\t\t\t\t\t<\/div>\n\t\t<\/div>\n\t\t\t\t\t<\/div>\n\t\t<\/section>\n\t\t\t\t<section class=\"elementor-section elementor-top-section elementor-element elementor-element-28b58b67 elementor-section-boxed elementor-section-height-default elementor-section-height-default\" data-id=\"28b58b67\" data-element_type=\"section\">\n\t\t\t\t\t\t<div class=\"elementor-container elementor-column-gap-default\">\n\t\t\t\t\t<div class=\"elementor-column elementor-col-100 elementor-top-column elementor-element elementor-element-6d1f2323\" data-id=\"6d1f2323\" data-element_type=\"column\">\n\t\t\t<div class=\"elementor-widget-wrap elementor-element-populated\">\n\t\t\t\t\t\t<div class=\"elementor-element elementor-element-246e6f4f elementor-align-center elementor-widget elementor-widget-button\" data-id=\"246e6f4f\" data-element_type=\"widget\" data-widget_type=\"button.default\">\n\t\t\t\t<div class=\"elementor-widget-container\">\n\t\t\t\t\t\t\t\t\t<div class=\"elementor-button-wrapper\">\n\t\t\t\t\t<a class=\"elementor-button elementor-button-link elementor-size-xl elementor-animation-grow\" href=\"https:\/\/datenschutz-eprivacy.de\/en\/da\/da\/da\/kontakt\/\">\n\t\t\t\t\t\t<span class=\"elementor-button-content-wrapper\">\n\t\t\t\t\t\t\t\t\t<span class=\"elementor-button-text\">Appoint your DPO today!<\/span>\n\t\t\t\t\t<\/span>\n\t\t\t\t\t<\/a>\n\t\t\t\t<\/div>\n\t\t\t\t\t\t\t\t<\/div>\n\t\t\t\t<\/div>\n\t\t\t\t\t<\/div>\n\t\t<\/div>\n\t\t\t\t\t<\/div>\n\t\t<\/section>\n\t\t\t\t<section class=\"elementor-section elementor-top-section elementor-element elementor-element-5a7184a4 elementor-section-boxed elementor-section-height-default elementor-section-height-default\" data-id=\"5a7184a4\" data-element_type=\"section\">\n\t\t\t\t\t\t<div class=\"elementor-container elementor-column-gap-default\">\n\t\t\t\t\t<div class=\"elementor-column elementor-col-100 elementor-top-column elementor-element elementor-element-174df5ba\" data-id=\"174df5ba\" data-element_type=\"column\">\n\t\t\t<div class=\"elementor-widget-wrap elementor-element-populated\">\n\t\t\t\t\t\t<div class=\"elementor-element elementor-element-62ed4e4c elementor-widget elementor-widget-spacer\" data-id=\"62ed4e4c\" data-element_type=\"widget\" data-widget_type=\"spacer.default\">\n\t\t\t\t<div class=\"elementor-widget-container\">\n\t\t\t\t\t\t\t<div class=\"elementor-spacer\">\n\t\t\t<div class=\"elementor-spacer-inner\"><\/div>\n\t\t<\/div>\n\t\t\t\t\t\t<\/div>\n\t\t\t\t<\/div>\n\t\t\t\t\t<\/div>\n\t\t<\/div>\n\t\t\t\t\t<\/div>\n\t\t<\/section>\n\t\t\t\t<section class=\"elementor-section elementor-top-section elementor-element elementor-element-f9e69f6 elementor-section-boxed elementor-section-height-default elementor-section-height-default\" data-id=\"f9e69f6\" data-element_type=\"section\">\n\t\t\t\t\t\t<div class=\"elementor-container elementor-column-gap-default\">\n\t\t\t\t\t<div class=\"elementor-column elementor-col-100 elementor-top-column elementor-element elementor-element-2870192a\" data-id=\"2870192a\" data-element_type=\"column\">\n\t\t\t<div class=\"elementor-widget-wrap elementor-element-populated\">\n\t\t\t\t\t\t<div class=\"elementor-element elementor-element-52df3879 elementor-widget-divider--view-line elementor-widget elementor-widget-divider\" data-id=\"52df3879\" data-element_type=\"widget\" data-widget_type=\"divider.default\">\n\t\t\t\t<div class=\"elementor-widget-container\">\n\t\t\t\t\t\t\t<div class=\"elementor-divider\">\n\t\t\t<span class=\"elementor-divider-separator\">\n\t\t\t\t\t\t<\/span>\n\t\t<\/div>\n\t\t\t\t\t\t<\/div>\n\t\t\t\t<\/div>\n\t\t\t\t\t<\/div>\n\t\t<\/div>\n\t\t\t\t\t<\/div>\n\t\t<\/section>\n\t\t\t\t<section class=\"elementor-section elementor-top-section elementor-element elementor-element-45c20a4b elementor-section-boxed elementor-section-height-default elementor-section-height-default\" data-id=\"45c20a4b\" data-element_type=\"section\">\n\t\t\t\t\t\t<div class=\"elementor-container elementor-column-gap-default\">\n\t\t\t\t\t<div class=\"elementor-column elementor-col-100 elementor-top-column elementor-element elementor-element-57c695b8\" data-id=\"57c695b8\" data-element_type=\"column\">\n\t\t\t<div class=\"elementor-widget-wrap elementor-element-populated\">\n\t\t\t\t\t\t<div class=\"elementor-element elementor-element-4c5868dc elementor-widget elementor-widget-heading\" data-id=\"4c5868dc\" data-element_type=\"widget\" data-widget_type=\"heading.default\">\n\t\t\t\t<div class=\"elementor-widget-container\">\n\t\t\t\t\t<h2 class=\"elementor-heading-title elementor-size-default\">Our FAQs<\/h2>\t\t\t\t<\/div>\n\t\t\t\t<\/div>\n\t\t\t\t\t<\/div>\n\t\t<\/div>\n\t\t\t\t\t<\/div>\n\t\t<\/section>\n\t\t\t\t<section class=\"elementor-section elementor-top-section elementor-element elementor-element-70c76668 elementor-section-content-middle elementor-section-boxed elementor-section-height-default elementor-section-height-default\" data-id=\"70c76668\" data-element_type=\"section\">\n\t\t\t\t\t\t<div class=\"elementor-container elementor-column-gap-no\">\n\t\t\t\t\t<div class=\"elementor-column elementor-col-100 elementor-top-column elementor-element elementor-element-5ed0163d\" data-id=\"5ed0163d\" data-element_type=\"column\">\n\t\t\t<div class=\"elementor-widget-wrap elementor-element-populated\">\n\t\t\t\t\t\t<div class=\"elementor-element elementor-element-14424f41 elementor-widget elementor-widget-toggle\" data-id=\"14424f41\" data-element_type=\"widget\" data-widget_type=\"toggle.default\">\n\t\t\t\t<div class=\"elementor-widget-container\">\n\t\t\t\t\t\t\t<div class=\"elementor-toggle\">\n\t\t\t\t\t\t\t<div class=\"elementor-toggle-item\">\n\t\t\t\t\t<div id=\"elementor-tab-title-3391\" class=\"elementor-tab-title\" data-tab=\"1\" role=\"button\" aria-controls=\"elementor-tab-content-3391\" aria-expanded=\"false\">\n\t\t\t\t\t\t\t\t\t\t\t\t<span class=\"elementor-toggle-icon elementor-toggle-icon-right\" aria-hidden=\"true\">\n\t\t\t\t\t\t\t\t\t\t\t\t\t\t\t<i class=\"elementor-toggle-icon-closed fa fa-plus\"><\/i>\n\t\t\t\t\t\t\t\t<i class=\"elementor-toggle-icon-opened fa fa-minus\"><\/i>\n\t\t\t\t\t\t\t\t\t\t\t\t\t<\/span>\n\t\t\t\t\t\t\t\t\t\t\t\t<a class=\"elementor-toggle-title\" tabindex=\"0\">What is the legal basis for data protection?<\/a>\n\t\t\t\t\t<\/div>\n\n\t\t\t\t\t<div id=\"elementor-tab-content-3391\" class=\"elementor-tab-content elementor-clearfix\" data-tab=\"1\" role=\"region\" aria-labelledby=\"elementor-tab-title-3391\"><p>The new General Data Protection Regulation of the European Union (GDPR) was published in the Official Journal of the EU (OJ L 119\/1) on May 4, 2016, came into force on May 25, 2016, and has been in effect since May 25, 2018. This means a lot of change for businesses. An external data protection officer will help you to clarify all questions.<\/p><\/div>\n\t\t\t\t<\/div>\n\t\t\t\t\t\t\t<div class=\"elementor-toggle-item\">\n\t\t\t\t\t<div id=\"elementor-tab-title-3392\" class=\"elementor-tab-title\" data-tab=\"2\" role=\"button\" aria-controls=\"elementor-tab-content-3392\" aria-expanded=\"false\">\n\t\t\t\t\t\t\t\t\t\t\t\t<span class=\"elementor-toggle-icon elementor-toggle-icon-right\" aria-hidden=\"true\">\n\t\t\t\t\t\t\t\t\t\t\t\t\t\t\t<i class=\"elementor-toggle-icon-closed fa fa-plus\"><\/i>\n\t\t\t\t\t\t\t\t<i class=\"elementor-toggle-icon-opened fa fa-minus\"><\/i>\n\t\t\t\t\t\t\t\t\t\t\t\t\t<\/span>\n\t\t\t\t\t\t\t\t\t\t\t\t<a class=\"elementor-toggle-title\" tabindex=\"0\">How does the number of staff relate to the appointment of a DPO?<\/a>\n\t\t\t\t\t<\/div>\n\n\t\t\t\t\t<div id=\"elementor-tab-content-3392\" class=\"elementor-tab-content elementor-clearfix\" data-tab=\"2\" role=\"region\" aria-labelledby=\"elementor-tab-title-3392\"><p>\u00a738 BDSG-neu: Soweit Sie in der Regel mindestens 20 Personen st\u00e4ndig mit der automatisierten Verarbeitung personenbezogener Daten besch\u00e4ftigen, ist die Benennung eines Datenschutzbeauftragten Pflicht. Dies gilt auch, wenn sie externe Dienstleister beauftragen, z.B. eine externe Buchhaltung.<br>Nehmen Sie Verarbeitungen vor, die einer Datenschutz-Folgenabsch\u00e4tzung unterliegen oder verarbeiten Sie personenbezogene Daten gesch\u00e4ftsm\u00e4\u00dfig zum Zweck der \u00dcbermittlung, der anonymisierten \u00dcbermittlung oder f\u00fcr Zwecke der Markt- oder Meinungsforschung, dann haben Sie&nbsp;unabh\u00e4ngig von der Anzahl der mit der Verarbeitung besch\u00e4ftigten Personen einen Datenschutzbeauftragten zu benennen.<\/p><\/div>\n\t\t\t\t<\/div>\n\t\t\t\t\t\t\t<div class=\"elementor-toggle-item\">\n\t\t\t\t\t<div id=\"elementor-tab-title-3393\" class=\"elementor-tab-title\" data-tab=\"3\" role=\"button\" aria-controls=\"elementor-tab-content-3393\" aria-expanded=\"false\">\n\t\t\t\t\t\t\t\t\t\t\t\t<span class=\"elementor-toggle-icon elementor-toggle-icon-right\" aria-hidden=\"true\">\n\t\t\t\t\t\t\t\t\t\t\t\t\t\t\t<i class=\"elementor-toggle-icon-closed fa fa-plus\"><\/i>\n\t\t\t\t\t\t\t\t<i class=\"elementor-toggle-icon-opened fa fa-minus\"><\/i>\n\t\t\t\t\t\t\t\t\t\t\t\t\t<\/span>\n\t\t\t\t\t\t\t\t\t\t\t\t<a class=\"elementor-toggle-title\" tabindex=\"0\">Does the new data protection regulation require more work from companies?<\/a>\n\t\t\t\t\t<\/div>\n\n\t\t\t\t\t<div id=\"elementor-tab-content-3393\" class=\"elementor-tab-content elementor-clearfix\" data-tab=\"3\" role=\"region\" aria-labelledby=\"elementor-tab-title-3393\"><p>The GDPR does in fact lead to a higher administrative burden and more work. However, if you appoint an external data protection officer, you can significantly reduce this burden for your company.<\/p><\/div>\n\t\t\t\t<\/div>\n\t\t\t\t\t\t\t<div class=\"elementor-toggle-item\">\n\t\t\t\t\t<div id=\"elementor-tab-title-3394\" class=\"elementor-tab-title\" data-tab=\"4\" role=\"button\" aria-controls=\"elementor-tab-content-3394\" aria-expanded=\"false\">\n\t\t\t\t\t\t\t\t\t\t\t\t<span class=\"elementor-toggle-icon elementor-toggle-icon-right\" aria-hidden=\"true\">\n\t\t\t\t\t\t\t\t\t\t\t\t\t\t\t<i class=\"elementor-toggle-icon-closed fa fa-plus\"><\/i>\n\t\t\t\t\t\t\t\t<i class=\"elementor-toggle-icon-opened fa fa-minus\"><\/i>\n\t\t\t\t\t\t\t\t\t\t\t\t\t<\/span>\n\t\t\t\t\t\t\t\t\t\t\t\t<a class=\"elementor-toggle-title\" tabindex=\"0\">What are the consequences of a violation of the GDPR?<\/a>\n\t\t\t\t\t<\/div>\n\n\t\t\t\t\t<div id=\"elementor-tab-content-3394\" class=\"elementor-tab-content elementor-clearfix\" data-tab=\"4\" role=\"region\" aria-labelledby=\"elementor-tab-title-3394\"><p>In the event of a violation or non-compliance, you will be liable to fines of up to 20 million \u20ac or up to 4 percent of your total annual sales generated in the previous fiscal year, whichever is higher. An external data protection officer can help you set up data management that complies with the law.<\/p><\/div>\n\t\t\t\t<\/div>\n\t\t\t\t\t\t\t<div class=\"elementor-toggle-item\">\n\t\t\t\t\t<div id=\"elementor-tab-title-3395\" class=\"elementor-tab-title\" data-tab=\"5\" role=\"button\" aria-controls=\"elementor-tab-content-3395\" aria-expanded=\"false\">\n\t\t\t\t\t\t\t\t\t\t\t\t<span class=\"elementor-toggle-icon elementor-toggle-icon-right\" aria-hidden=\"true\">\n\t\t\t\t\t\t\t\t\t\t\t\t\t\t\t<i class=\"elementor-toggle-icon-closed fa fa-plus\"><\/i>\n\t\t\t\t\t\t\t\t<i class=\"elementor-toggle-icon-opened fa fa-minus\"><\/i>\n\t\t\t\t\t\t\t\t\t\t\t\t\t<\/span>\n\t\t\t\t\t\t\t\t\t\t\t\t<a class=\"elementor-toggle-title\" tabindex=\"0\">Does the data protection officer always have to be on site?<\/a>\n\t\t\t\t\t<\/div>\n\n\t\t\t\t\t<div id=\"elementor-tab-content-3395\" class=\"elementor-tab-content elementor-clearfix\" data-tab=\"5\" role=\"region\" aria-labelledby=\"elementor-tab-title-3395\"><p>No, it is merely important that data protection officers have all the necessary information they need to fulfil their duties and that they are directly accessible to the company management, employees, customers, and authorities.<\/p><\/div>\n\t\t\t\t<\/div>\n\t\t\t\t\t\t\t\t<\/div>\n\t\t\t\t\t\t<\/div>\n\t\t\t\t<\/div>\n\t\t\t\t\t<\/div>\n\t\t<\/div>\n\t\t\t\t\t<\/div>\n\t\t<\/section>\n\t\t\t\t<section class=\"elementor-section elementor-top-section elementor-element elementor-element-40726134 elementor-section-boxed elementor-section-height-default elementor-section-height-default\" data-id=\"40726134\" data-element_type=\"section\">\n\t\t\t\t\t\t<div class=\"elementor-container elementor-column-gap-default\">\n\t\t\t\t\t<div class=\"elementor-column elementor-col-100 elementor-top-column elementor-element elementor-element-2352feee\" data-id=\"2352feee\" data-element_type=\"column\">\n\t\t\t<div class=\"elementor-widget-wrap elementor-element-populated\">\n\t\t\t\t\t\t<div class=\"elementor-element elementor-element-3cb1c9d8 elementor-align-center elementor-widget elementor-widget-button\" data-id=\"3cb1c9d8\" data-element_type=\"widget\" data-widget_type=\"button.default\">\n\t\t\t\t<div class=\"elementor-widget-container\">\n\t\t\t\t\t\t\t\t\t<div class=\"elementor-button-wrapper\">\n\t\t\t\t\t<a class=\"elementor-button elementor-button-link elementor-size-xl elementor-animation-grow\" href=\"https:\/\/datenschutz-eprivacy.de\/en\/da\/da\/da\/kontakt\/\">\n\t\t\t\t\t\t<span class=\"elementor-button-content-wrapper\">\n\t\t\t\t\t\t\t\t\t<span class=\"elementor-button-text\">Appoint your DPO today!<\/span>\n\t\t\t\t\t<\/span>\n\t\t\t\t\t<\/a>\n\t\t\t\t<\/div>\n\t\t\t\t\t\t\t\t<\/div>\n\t\t\t\t<\/div>\n\t\t\t\t\t<\/div>\n\t\t<\/div>\n\t\t\t\t\t<\/div>\n\t\t<\/section>\n\t\t\t\t<\/div>","protected":false},"excerpt":{"rendered":"<p>DER externe Datenschutzbeauftragte f\u00fcr Fulda Barock trifft Fortschritt hier als dynamisches Zentrum Osthessens Fulda ist mehr als barocke Kulisse. Als zentraler Verkehrsknotenpunkt in der Mitte Deutschlands hat sich die Stadt zu einem starken Wirtschaftsstandort entwickelt. Die Stadt ist gepr\u00e4gt von mittelst\u00e4ndischer Industrie, Logistikunternehmen und wachsendem Technologiesektor. Die N\u00e4he zu Ballungsr\u00e4umen und ein stabiles Bildungsangebot, unter&nbsp;&hellip;<\/p>","protected":false},"author":5,"featured_media":0,"parent":4878,"menu_order":0,"comment_status":"closed","ping_status":"closed","template":"","meta":{"iawp_total_views":0,"footnotes":""},"class_list":["post-4816","page","type-page","status-publish","hentry"],"yoast_head":"<!-- This site is optimized with the Yoast SEO plugin v27.0 - https:\/\/yoast.com\/product\/yoast-seo-wordpress\/ -->\n<title>Externer Datenschutzbeauftragter - Fulda - DER Datenschutzbeauftragte f\u00fcr Deutschland<\/title>\n<meta name=\"robots\" content=\"index, follow, max-snippet:-1, max-image-preview:large, max-video-preview:-1\" \/>\n<link rel=\"canonical\" href=\"https:\/\/datenschutz-eprivacy.de\/en\/dienstleistungen\/datenschutzbeauftragter-bestellen\/externer-datenschutzbeauftragter-in-hessen\/externer-datenschutzbeauftragter-fulda\/\" \/>\n<meta property=\"og:locale\" content=\"en_GB\" \/>\n<meta property=\"og:type\" content=\"article\" \/>\n<meta property=\"og:title\" content=\"Externer Datenschutzbeauftragter - Fulda - DER Datenschutzbeauftragte f\u00fcr Deutschland\" \/>\n<meta property=\"og:description\" content=\"DER externe Datenschutzbeauftragte f\u00fcr Fulda Barock trifft Fortschritt hier als dynamisches Zentrum Osthessens Fulda ist mehr als barocke Kulisse. Als zentraler Verkehrsknotenpunkt in der Mitte Deutschlands hat sich die Stadt zu einem starken Wirtschaftsstandort entwickelt. Die Stadt ist gepr\u00e4gt von mittelst\u00e4ndischer Industrie, Logistikunternehmen und wachsendem Technologiesektor. Die N\u00e4he zu Ballungsr\u00e4umen und ein stabiles Bildungsangebot, unter&nbsp;&hellip;\" \/>\n<meta property=\"og:url\" content=\"https:\/\/datenschutz-eprivacy.de\/en\/dienstleistungen\/datenschutzbeauftragter-bestellen\/externer-datenschutzbeauftragter-in-hessen\/externer-datenschutzbeauftragter-fulda\/\" \/>\n<meta property=\"og:site_name\" content=\"DER Datenschutzbeauftragte f\u00fcr Deutschland\" \/>\n<meta property=\"article:modified_time\" content=\"2025-05-15T07:17:14+00:00\" \/>\n<meta property=\"og:image\" content=\"https:\/\/datenschutz-eprivacy.de\/da\/da\/wp-content\/uploads\/externer_datenschutzbeauftragter_bestellen_dsgvo_eprivacy_christian_allner-210x300.jpg\" \/>\n<meta name=\"twitter:card\" content=\"summary_large_image\" \/>\n<meta name=\"twitter:label1\" content=\"Estimated reading time\" \/>\n\t<meta name=\"twitter:data1\" content=\"8 minutes\" \/>\n<script type=\"application\/ld+json\" class=\"yoast-schema-graph\">{\"@context\":\"https:\/\/schema.org\",\"@graph\":[{\"@type\":\"WebPage\",\"@id\":\"https:\/\/datenschutz-eprivacy.de\/dienstleistungen\/datenschutzbeauftragter-bestellen\/externer-datenschutzbeauftragter-in-hessen\/externer-datenschutzbeauftragter-fulda\/\",\"url\":\"https:\/\/datenschutz-eprivacy.de\/dienstleistungen\/datenschutzbeauftragter-bestellen\/externer-datenschutzbeauftragter-in-hessen\/externer-datenschutzbeauftragter-fulda\/\",\"name\":\"Externer Datenschutzbeauftragter - Fulda - DER Datenschutzbeauftragte f\u00fcr Deutschland\",\"isPartOf\":{\"@id\":\"https:\/\/datenschutz-eprivacy.de\/#website\"},\"primaryImageOfPage\":{\"@id\":\"https:\/\/datenschutz-eprivacy.de\/dienstleistungen\/datenschutzbeauftragter-bestellen\/externer-datenschutzbeauftragter-in-hessen\/externer-datenschutzbeauftragter-fulda\/#primaryimage\"},\"image\":{\"@id\":\"https:\/\/datenschutz-eprivacy.de\/dienstleistungen\/datenschutzbeauftragter-bestellen\/externer-datenschutzbeauftragter-in-hessen\/externer-datenschutzbeauftragter-fulda\/#primaryimage\"},\"thumbnailUrl\":\"https:\/\/datenschutz-eprivacy.de\/da\/da\/wp-content\/uploads\/externer_datenschutzbeauftragter_bestellen_dsgvo_eprivacy_christian_allner-210x300.jpg\",\"datePublished\":\"2025-05-14T06:38:21+00:00\",\"dateModified\":\"2025-05-15T07:17:14+00:00\",\"breadcrumb\":{\"@id\":\"https:\/\/datenschutz-eprivacy.de\/dienstleistungen\/datenschutzbeauftragter-bestellen\/externer-datenschutzbeauftragter-in-hessen\/externer-datenschutzbeauftragter-fulda\/#breadcrumb\"},\"inLanguage\":\"en-GB\",\"potentialAction\":[{\"@type\":\"ReadAction\",\"target\":[\"https:\/\/datenschutz-eprivacy.de\/dienstleistungen\/datenschutzbeauftragter-bestellen\/externer-datenschutzbeauftragter-in-hessen\/externer-datenschutzbeauftragter-fulda\/\"]}]},{\"@type\":\"ImageObject\",\"inLanguage\":\"en-GB\",\"@id\":\"https:\/\/datenschutz-eprivacy.de\/dienstleistungen\/datenschutzbeauftragter-bestellen\/externer-datenschutzbeauftragter-in-hessen\/externer-datenschutzbeauftragter-fulda\/#primaryimage\",\"url\":\"https:\/\/datenschutz-eprivacy.de\/da\/da\/wp-content\/uploads\/externer_datenschutzbeauftragter_bestellen_dsgvo_eprivacy_christian_allner-210x300.jpg\",\"contentUrl\":\"https:\/\/datenschutz-eprivacy.de\/da\/da\/wp-content\/uploads\/externer_datenschutzbeauftragter_bestellen_dsgvo_eprivacy_christian_allner-210x300.jpg\"},{\"@type\":\"BreadcrumbList\",\"@id\":\"https:\/\/datenschutz-eprivacy.de\/dienstleistungen\/datenschutzbeauftragter-bestellen\/externer-datenschutzbeauftragter-in-hessen\/externer-datenschutzbeauftragter-fulda\/#breadcrumb\",\"itemListElement\":[{\"@type\":\"ListItem\",\"position\":1,\"name\":\"Startseite\",\"item\":\"https:\/\/datenschutz-eprivacy.de\/\"},{\"@type\":\"ListItem\",\"position\":2,\"name\":\"Dienstleistungen\",\"item\":\"https:\/\/datenschutz-eprivacy.de\/en\/dienstleistungen\/\"},{\"@type\":\"ListItem\",\"position\":3,\"name\":\"Bestellung eines externen Datenschutzbeauftragten\",\"item\":\"https:\/\/datenschutz-eprivacy.de\/en\/dienstleistungen\/datenschutzbeauftragter-bestellen\/\"},{\"@type\":\"ListItem\",\"position\":4,\"name\":\"Externer Datenschutzbeauftragter in Hessen\",\"item\":\"https:\/\/datenschutz-eprivacy.de\/dienstleistungen\/datenschutzbeauftragter-bestellen\/externer-datenschutzbeauftragter-in-hessen\/\"},{\"@type\":\"ListItem\",\"position\":5,\"name\":\"Externer Datenschutzbeauftragter &#8211; Fulda\"}]},{\"@type\":\"WebSite\",\"@id\":\"https:\/\/datenschutz-eprivacy.de\/#website\",\"url\":\"https:\/\/datenschutz-eprivacy.de\/\",\"name\":\"DER Datenschutzbeauftragte f\u00fcr Deutschland\",\"description\":\"Datenschutz &amp; ePrivacy in Halle (Saale), Magdeburg, Mitteldeutschland und dar\u00fcber hinaus\",\"publisher\":{\"@id\":\"https:\/\/datenschutz-eprivacy.de\/#organization\"},\"potentialAction\":[{\"@type\":\"SearchAction\",\"target\":{\"@type\":\"EntryPoint\",\"urlTemplate\":\"https:\/\/datenschutz-eprivacy.de\/?s={search_term_string}\"},\"query-input\":{\"@type\":\"PropertyValueSpecification\",\"valueRequired\":true,\"valueName\":\"search_term_string\"}}],\"inLanguage\":\"en-GB\"},{\"@type\":\"Organization\",\"@id\":\"https:\/\/datenschutz-eprivacy.de\/#organization\",\"name\":\"DER Datenschutzbeauftragte f\u00fcr Deutschland\",\"url\":\"https:\/\/datenschutz-eprivacy.de\/\",\"logo\":{\"@type\":\"ImageObject\",\"inLanguage\":\"en-GB\",\"@id\":\"https:\/\/datenschutz-eprivacy.de\/#\/schema\/logo\/image\/\",\"url\":\"https:\/\/datenschutz-eprivacy.de\/da\/wp-content\/uploads\/DER_DATENTSCHUTZ_Logo_1000_trans.png\",\"contentUrl\":\"https:\/\/datenschutz-eprivacy.de\/da\/wp-content\/uploads\/DER_DATENTSCHUTZ_Logo_1000_trans.png\",\"width\":1000,\"height\":373,\"caption\":\"DER Datenschutzbeauftragte f\u00fcr Deutschland\"},\"image\":{\"@id\":\"https:\/\/datenschutz-eprivacy.de\/#\/schema\/logo\/image\/\"}}]}<\/script>\n<!-- \/ Yoast SEO plugin. -->","yoast_head_json":{"title":"Externer Datenschutzbeauftragter - Fulda - DER Datenschutzbeauftragte f\u00fcr Deutschland","robots":{"index":"index","follow":"follow","max-snippet":"max-snippet:-1","max-image-preview":"max-image-preview:large","max-video-preview":"max-video-preview:-1"},"canonical":"https:\/\/datenschutz-eprivacy.de\/en\/dienstleistungen\/datenschutzbeauftragter-bestellen\/externer-datenschutzbeauftragter-in-hessen\/externer-datenschutzbeauftragter-fulda\/","og_locale":"en_GB","og_type":"article","og_title":"Externer Datenschutzbeauftragter - Fulda - DER Datenschutzbeauftragte f\u00fcr Deutschland","og_description":"DER externe Datenschutzbeauftragte f\u00fcr Fulda Barock trifft Fortschritt hier als dynamisches Zentrum Osthessens Fulda ist mehr als barocke Kulisse. Als zentraler Verkehrsknotenpunkt in der Mitte Deutschlands hat sich die Stadt zu einem starken Wirtschaftsstandort entwickelt. Die Stadt ist gepr\u00e4gt von mittelst\u00e4ndischer Industrie, Logistikunternehmen und wachsendem Technologiesektor. Die N\u00e4he zu Ballungsr\u00e4umen und ein stabiles Bildungsangebot, unter&nbsp;&hellip;","og_url":"https:\/\/datenschutz-eprivacy.de\/en\/dienstleistungen\/datenschutzbeauftragter-bestellen\/externer-datenschutzbeauftragter-in-hessen\/externer-datenschutzbeauftragter-fulda\/","og_site_name":"DER Datenschutzbeauftragte f\u00fcr Deutschland","article_modified_time":"2025-05-15T07:17:14+00:00","og_image":[{"url":"https:\/\/datenschutz-eprivacy.de\/da\/da\/wp-content\/uploads\/externer_datenschutzbeauftragter_bestellen_dsgvo_eprivacy_christian_allner-210x300.jpg","type":"","width":"","height":""}],"twitter_card":"summary_large_image","twitter_misc":{"Estimated reading time":"8 minutes"},"schema":{"@context":"https:\/\/schema.org","@graph":[{"@type":"WebPage","@id":"https:\/\/datenschutz-eprivacy.de\/dienstleistungen\/datenschutzbeauftragter-bestellen\/externer-datenschutzbeauftragter-in-hessen\/externer-datenschutzbeauftragter-fulda\/","url":"https:\/\/datenschutz-eprivacy.de\/dienstleistungen\/datenschutzbeauftragter-bestellen\/externer-datenschutzbeauftragter-in-hessen\/externer-datenschutzbeauftragter-fulda\/","name":"Externer Datenschutzbeauftragter - Fulda - DER Datenschutzbeauftragte f\u00fcr Deutschland","isPartOf":{"@id":"https:\/\/datenschutz-eprivacy.de\/#website"},"primaryImageOfPage":{"@id":"https:\/\/datenschutz-eprivacy.de\/dienstleistungen\/datenschutzbeauftragter-bestellen\/externer-datenschutzbeauftragter-in-hessen\/externer-datenschutzbeauftragter-fulda\/#primaryimage"},"image":{"@id":"https:\/\/datenschutz-eprivacy.de\/dienstleistungen\/datenschutzbeauftragter-bestellen\/externer-datenschutzbeauftragter-in-hessen\/externer-datenschutzbeauftragter-fulda\/#primaryimage"},"thumbnailUrl":"https:\/\/datenschutz-eprivacy.de\/da\/da\/wp-content\/uploads\/externer_datenschutzbeauftragter_bestellen_dsgvo_eprivacy_christian_allner-210x300.jpg","datePublished":"2025-05-14T06:38:21+00:00","dateModified":"2025-05-15T07:17:14+00:00","breadcrumb":{"@id":"https:\/\/datenschutz-eprivacy.de\/dienstleistungen\/datenschutzbeauftragter-bestellen\/externer-datenschutzbeauftragter-in-hessen\/externer-datenschutzbeauftragter-fulda\/#breadcrumb"},"inLanguage":"en-GB","potentialAction":[{"@type":"ReadAction","target":["https:\/\/datenschutz-eprivacy.de\/dienstleistungen\/datenschutzbeauftragter-bestellen\/externer-datenschutzbeauftragter-in-hessen\/externer-datenschutzbeauftragter-fulda\/"]}]},{"@type":"ImageObject","inLanguage":"en-GB","@id":"https:\/\/datenschutz-eprivacy.de\/dienstleistungen\/datenschutzbeauftragter-bestellen\/externer-datenschutzbeauftragter-in-hessen\/externer-datenschutzbeauftragter-fulda\/#primaryimage","url":"https:\/\/datenschutz-eprivacy.de\/da\/da\/wp-content\/uploads\/externer_datenschutzbeauftragter_bestellen_dsgvo_eprivacy_christian_allner-210x300.jpg","contentUrl":"https:\/\/datenschutz-eprivacy.de\/da\/da\/wp-content\/uploads\/externer_datenschutzbeauftragter_bestellen_dsgvo_eprivacy_christian_allner-210x300.jpg"},{"@type":"BreadcrumbList","@id":"https:\/\/datenschutz-eprivacy.de\/dienstleistungen\/datenschutzbeauftragter-bestellen\/externer-datenschutzbeauftragter-in-hessen\/externer-datenschutzbeauftragter-fulda\/#breadcrumb","itemListElement":[{"@type":"ListItem","position":1,"name":"Startseite","item":"https:\/\/datenschutz-eprivacy.de\/"},{"@type":"ListItem","position":2,"name":"Dienstleistungen","item":"https:\/\/datenschutz-eprivacy.de\/en\/dienstleistungen\/"},{"@type":"ListItem","position":3,"name":"Bestellung eines externen Datenschutzbeauftragten","item":"https:\/\/datenschutz-eprivacy.de\/en\/dienstleistungen\/datenschutzbeauftragter-bestellen\/"},{"@type":"ListItem","position":4,"name":"Externer Datenschutzbeauftragter in Hessen","item":"https:\/\/datenschutz-eprivacy.de\/dienstleistungen\/datenschutzbeauftragter-bestellen\/externer-datenschutzbeauftragter-in-hessen\/"},{"@type":"ListItem","position":5,"name":"Externer Datenschutzbeauftragter &#8211; Fulda"}]},{"@type":"WebSite","@id":"https:\/\/datenschutz-eprivacy.de\/#website","url":"https:\/\/datenschutz-eprivacy.de\/","name":"DER Datenschutzbeauftragte f\u00fcr Deutschland","description":"Datenschutz &amp; ePrivacy in Halle (Saale), Magdeburg, Mitteldeutschland und dar\u00fcber hinaus","publisher":{"@id":"https:\/\/datenschutz-eprivacy.de\/#organization"},"potentialAction":[{"@type":"SearchAction","target":{"@type":"EntryPoint","urlTemplate":"https:\/\/datenschutz-eprivacy.de\/?s={search_term_string}"},"query-input":{"@type":"PropertyValueSpecification","valueRequired":true,"valueName":"search_term_string"}}],"inLanguage":"en-GB"},{"@type":"Organization","@id":"https:\/\/datenschutz-eprivacy.de\/#organization","name":"DER Datenschutzbeauftragte f\u00fcr Deutschland","url":"https:\/\/datenschutz-eprivacy.de\/","logo":{"@type":"ImageObject","inLanguage":"en-GB","@id":"https:\/\/datenschutz-eprivacy.de\/#\/schema\/logo\/image\/","url":"https:\/\/datenschutz-eprivacy.de\/da\/wp-content\/uploads\/DER_DATENTSCHUTZ_Logo_1000_trans.png","contentUrl":"https:\/\/datenschutz-eprivacy.de\/da\/wp-content\/uploads\/DER_DATENTSCHUTZ_Logo_1000_trans.png","width":1000,"height":373,"caption":"DER Datenschutzbeauftragte f\u00fcr Deutschland"},"image":{"@id":"https:\/\/datenschutz-eprivacy.de\/#\/schema\/logo\/image\/"}}]}},"_links":{"self":[{"href":"https:\/\/datenschutz-eprivacy.de\/en\/wp-json\/wp\/v2\/pages\/4816","targetHints":{"allow":["GET"]}}],"collection":[{"href":"https:\/\/datenschutz-eprivacy.de\/en\/wp-json\/wp\/v2\/pages"}],"about":[{"href":"https:\/\/datenschutz-eprivacy.de\/en\/wp-json\/wp\/v2\/types\/page"}],"author":[{"embeddable":true,"href":"https:\/\/datenschutz-eprivacy.de\/en\/wp-json\/wp\/v2\/users\/5"}],"replies":[{"embeddable":true,"href":"https:\/\/datenschutz-eprivacy.de\/en\/wp-json\/wp\/v2\/comments?post=4816"}],"version-history":[{"count":0,"href":"https:\/\/datenschutz-eprivacy.de\/en\/wp-json\/wp\/v2\/pages\/4816\/revisions"}],"up":[{"embeddable":true,"href":"https:\/\/datenschutz-eprivacy.de\/en\/wp-json\/wp\/v2\/pages\/4878"}],"wp:attachment":[{"href":"https:\/\/datenschutz-eprivacy.de\/en\/wp-json\/wp\/v2\/media?parent=4816"}],"curies":[{"name":"wp","href":"https:\/\/api.w.org\/{rel}","templated":true}]}}