{"id":3894,"date":"2025-03-19T09:58:39","date_gmt":"2025-03-19T08:58:39","guid":{"rendered":"https:\/\/datenschutz-eprivacy.de\/da\/?page_id=3894"},"modified":"2025-04-22T12:26:53","modified_gmt":"2025-04-22T10:26:53","slug":"externer-datenschutzbeauftragter-gera","status":"publish","type":"page","link":"https:\/\/datenschutz-eprivacy.de\/en\/dienstleistungen\/datenschutzbeauftragter-bestellen\/bestellung-eines-externen-datenschutzbeauftragten-in-thueringen\/externer-datenschutzbeauftragter-gera\/","title":{"rendered":"Externer Datenschutzbeauftragter in Gera"},"content":{"rendered":"<div data-elementor-type=\"wp-post\" data-elementor-id=\"3894\" class=\"elementor elementor-3894\">\n\t\t\t\t\t\t<section class=\"elementor-section elementor-top-section elementor-element elementor-element-55da50a5 elementor-section-boxed elementor-section-height-default elementor-section-height-default\" data-id=\"55da50a5\" data-element_type=\"section\">\n\t\t\t\t\t\t<div class=\"elementor-container elementor-column-gap-default\">\n\t\t\t\t\t<div class=\"elementor-column elementor-col-100 elementor-top-column elementor-element elementor-element-63012c3\" data-id=\"63012c3\" data-element_type=\"column\">\n\t\t\t<div class=\"elementor-widget-wrap elementor-element-populated\">\n\t\t\t\t\t\t<div class=\"elementor-element elementor-element-7631ae6a elementor-widget elementor-widget-heading\" data-id=\"7631ae6a\" data-element_type=\"widget\" data-widget_type=\"heading.default\">\n\t\t\t\t<div class=\"elementor-widget-container\">\n\t\t\t\t\t<h2 class=\"elementor-heading-title elementor-size-default\">DER externe Datenschutzbeauftragte f\u00fcr Gera<\/h2>\t\t\t\t<\/div>\n\t\t\t\t<\/div>\n\t\t\t\t\t<\/div>\n\t\t<\/div>\n\t\t\t\t\t<\/div>\n\t\t<\/section>\n\t\t\t\t<section class=\"elementor-section elementor-top-section elementor-element elementor-element-60ccad7c elementor-section-boxed elementor-section-height-default elementor-section-height-default\" data-id=\"60ccad7c\" data-element_type=\"section\">\n\t\t\t\t\t\t<div class=\"elementor-container elementor-column-gap-default\">\n\t\t\t\t\t<div class=\"elementor-column elementor-col-100 elementor-top-column elementor-element elementor-element-790b0615\" data-id=\"790b0615\" data-element_type=\"column\">\n\t\t\t<div class=\"elementor-widget-wrap elementor-element-populated\">\n\t\t\t\t\t\t<div class=\"elementor-element elementor-element-36e9bbdc elementor-widget elementor-widget-heading\" data-id=\"36e9bbdc\" data-element_type=\"widget\" data-widget_type=\"heading.default\">\n\t\t\t\t<div class=\"elementor-widget-container\">\n\t\t\t\t\t<div class=\"elementor-heading-title elementor-size-default\">Kunst, Geschichte und Datenschutz in einzigartiger Harmonie<\/div>\t\t\t\t<\/div>\n\t\t\t\t<\/div>\n\t\t\t\t\t<\/div>\n\t\t<\/div>\n\t\t\t\t\t<\/div>\n\t\t<\/section>\n\t\t\t\t<section class=\"elementor-section elementor-top-section elementor-element elementor-element-1011a0f3 elementor-section-boxed elementor-section-height-default elementor-section-height-default\" data-id=\"1011a0f3\" data-element_type=\"section\">\n\t\t\t\t\t\t<div class=\"elementor-container elementor-column-gap-default\">\n\t\t\t\t\t<div class=\"elementor-column elementor-col-100 elementor-top-column elementor-element elementor-element-1882baed\" data-id=\"1882baed\" data-element_type=\"column\">\n\t\t\t<div class=\"elementor-widget-wrap elementor-element-populated\">\n\t\t\t\t\t\t<div class=\"elementor-element elementor-element-1930ba9a elementor-widget elementor-widget-text-editor\" data-id=\"1930ba9a\" data-element_type=\"widget\" data-widget_type=\"text-editor.default\">\n\t\t\t\t<div class=\"elementor-widget-container\">\n\t\t\t\t\t\t\t\t\t<p>Gera, die charmante \u201eOtto-Dix-Stadt\u201c an der Wei\u00dfen Elster, ist ein Ort, der kulturelles Erbe und wirtschaftliche St\u00e4rke vereint. Bekannt als Geburtsort des expressionistischen Malers Otto Dix und f\u00fcr ihre beeindruckenden H\u00f6hler, unterirdische G\u00e4nge aus dem Mittelalter, ist Gera eine Stadt voller verborgener Sch\u00e4tze. In einer Umgebung, in der Kunst und Industrie harmonisch koexistieren, ist auch der verantwortungsvolle Umgang mit personenbezogenen Daten unerl\u00e4sslich. Unternehmen, kulturelle Einrichtungen und Bildungseinrichtungen verfolgen hier ein gemeinsames Ziel: den Datenschutz so kreativ und tiefgr\u00fcndig zu gestalten wie die Kunstwerke und Geschichte Geras.<\/p>\t\t\t\t\t\t\t\t<\/div>\n\t\t\t\t<\/div>\n\t\t\t\t\t<\/div>\n\t\t<\/div>\n\t\t\t\t\t<\/div>\n\t\t<\/section>\n\t\t\t\t<section class=\"elementor-section elementor-top-section elementor-element elementor-element-3010e56 elementor-section-boxed elementor-section-height-default elementor-section-height-default\" data-id=\"3010e56\" data-element_type=\"section\">\n\t\t\t\t\t\t<div class=\"elementor-container elementor-column-gap-default\">\n\t\t\t\t\t<div class=\"elementor-column elementor-col-100 elementor-top-column elementor-element elementor-element-234338f5\" data-id=\"234338f5\" data-element_type=\"column\">\n\t\t\t<div class=\"elementor-widget-wrap elementor-element-populated\">\n\t\t\t\t\t\t<div class=\"elementor-element elementor-element-137b5967 elementor-widget elementor-widget-heading\" data-id=\"137b5967\" data-element_type=\"widget\" data-widget_type=\"heading.default\">\n\t\t\t\t<div class=\"elementor-widget-container\">\n\t\t\t\t\t<h3 class=\"elementor-heading-title elementor-size-default\">Datenschutzl\u00f6sungen f\u00fcr Unternehmen in Gera und Umgebung<\/h3>\t\t\t\t<\/div>\n\t\t\t\t<\/div>\n\t\t\t\t\t<\/div>\n\t\t<\/div>\n\t\t\t\t\t<\/div>\n\t\t<\/section>\n\t\t\t\t<section class=\"elementor-section elementor-top-section elementor-element elementor-element-24048186 elementor-section-boxed elementor-section-height-default elementor-section-height-default\" data-id=\"24048186\" data-element_type=\"section\">\n\t\t\t\t\t\t<div class=\"elementor-container elementor-column-gap-default\">\n\t\t\t\t\t<div class=\"elementor-column elementor-col-100 elementor-top-column elementor-element elementor-element-7c058bd0\" data-id=\"7c058bd0\" data-element_type=\"column\">\n\t\t\t<div class=\"elementor-widget-wrap elementor-element-populated\">\n\t\t\t\t\t\t<div class=\"elementor-element elementor-element-d38cb elementor-widget elementor-widget-text-editor\" data-id=\"d38cb\" data-element_type=\"widget\" data-widget_type=\"text-editor.default\">\n\t\t\t\t<div class=\"elementor-widget-container\">\n\t\t\t\t\t\t\t\t\t<p>In einer zunehmend digitalisierten Welt ist Datenschutz nicht nur eine gesetzliche Pflicht, sondern auch ein entscheidender Erfolgsfaktor, um das Vertrauen von Kunden und Gesch\u00e4ftspartnern zu gewinnen. Die&nbsp;<a href=\"https:\/\/datenschutz-eprivacy.de\/en\/da\/da\/kontakt\/datenschutzerklaerung\/dsgvo\/\" target=\"_blank\" rel=\"noopener\">General Data Protection Regulation (GDPR)<\/a>, das&nbsp;<a href=\"https:\/\/datenschutz-eprivacy.de\/en\/da\/da\/kontakt\/datenschutzerklaerung\/bdsg\/\" target=\"_blank\" rel=\"noopener\">Federal Data Privacy Law (German BDSG)<\/a>&nbsp;und andere rechtliche Vorschriften wie dem&nbsp;<a href=\"https:\/\/datenschutz-eprivacy.de\/en\/da\/da\/kontakt\/datenschutzerklaerung\/kivo\/\" target=\"_blank\" rel=\"noopener\">europ\u00e4ischen AI Act (KI-Verordnung KIVO)<\/a>&nbsp;stellen Unternehmen vor zahlreiche Herausforderungen im Umgang mit personenbezogenen Daten. Insbesondere f\u00fcr Unternehmen in Gera und der Region bietet <b>Christian Allner, M.A.<\/b>, als externer Datenschutzbeauftragter individuelle und professionelle Unterst\u00fctzung.<\/p>\n<p>Mit seiner Expertise in Datenschutz, IT-Sicherheit und rechtlichen Vorgaben hilft Herr Allner Ihnen, gesetzliche Anforderungen zu erf\u00fcllen, Risiken zu minimieren und eine sichere Datenverarbeitung zu gew\u00e4hrleisten. Vertrauen Sie auf seine Erfahrung und Kompetenz, um Ihr Unternehmen datenschutzkonform und zukunftssicher aufzustellen.<\/p>\t\t\t\t\t\t\t\t<\/div>\n\t\t\t\t<\/div>\n\t\t\t\t\t<\/div>\n\t\t<\/div>\n\t\t\t\t\t<\/div>\n\t\t<\/section>\n\t\t\t\t<section class=\"elementor-section elementor-top-section elementor-element elementor-element-108b9a71 elementor-section-boxed elementor-section-height-default elementor-section-height-default\" data-id=\"108b9a71\" data-element_type=\"section\">\n\t\t\t\t\t\t<div class=\"elementor-container elementor-column-gap-default\">\n\t\t\t\t\t<div class=\"elementor-column elementor-col-100 elementor-top-column elementor-element elementor-element-b9fe6e\" data-id=\"b9fe6e\" data-element_type=\"column\">\n\t\t\t<div class=\"elementor-widget-wrap elementor-element-populated\">\n\t\t\t\t\t\t<div class=\"elementor-element elementor-element-7a50860a elementor-widget elementor-widget-text-editor\" data-id=\"7a50860a\" data-element_type=\"widget\" data-widget_type=\"text-editor.default\">\n\t\t\t\t<div class=\"elementor-widget-container\">\n\t\t\t\t\t\t\t\t\t<h5>One service, two benefits: comprehensive legal security at a low cost<\/h5>\t\t\t\t\t\t\t\t<\/div>\n\t\t\t\t<\/div>\n\t\t\t\t<div class=\"elementor-element elementor-element-5fc39745 elementor-widget elementor-widget-spacer\" data-id=\"5fc39745\" data-element_type=\"widget\" data-widget_type=\"spacer.default\">\n\t\t\t\t<div class=\"elementor-widget-container\">\n\t\t\t\t\t\t\t<div class=\"elementor-spacer\">\n\t\t\t<div class=\"elementor-spacer-inner\"><\/div>\n\t\t<\/div>\n\t\t\t\t\t\t<\/div>\n\t\t\t\t<\/div>\n\t\t\t\t\t<\/div>\n\t\t<\/div>\n\t\t\t\t\t<\/div>\n\t\t<\/section>\n\t\t\t\t<section class=\"elementor-section elementor-top-section elementor-element elementor-element-76ef3e95 elementor-section-boxed elementor-section-height-default elementor-section-height-default\" data-id=\"76ef3e95\" data-element_type=\"section\">\n\t\t\t\t\t\t<div class=\"elementor-container elementor-column-gap-default\">\n\t\t\t\t\t<div class=\"elementor-column elementor-col-100 elementor-top-column elementor-element elementor-element-66413a8e\" data-id=\"66413a8e\" data-element_type=\"column\">\n\t\t\t<div class=\"elementor-widget-wrap elementor-element-populated\">\n\t\t\t\t\t\t<div class=\"elementor-element elementor-element-7ba58556 elementor-widget elementor-widget-heading\" data-id=\"7ba58556\" data-element_type=\"widget\" data-widget_type=\"heading.default\">\n\t\t\t\t<div class=\"elementor-widget-container\">\n\t\t\t\t\t<h3 class=\"elementor-heading-title elementor-size-default\">Warum ist die DSGVO so wichtig?<\/h3>\t\t\t\t<\/div>\n\t\t\t\t<\/div>\n\t\t\t\t<div class=\"elementor-element elementor-element-5737c975 elementor-widget elementor-widget-text-editor\" data-id=\"5737c975\" data-element_type=\"widget\" data-widget_type=\"text-editor.default\">\n\t\t\t\t<div class=\"elementor-widget-container\">\n\t\t\t\t\t\t\t\t\t<p>Die Datenschutz-Grundverordnung (DSGVO) ist seit 2018 in Kraft und regelt den Umgang mit personenbezogenen Daten in der Europ\u00e4ischen Union. Zu den zentralen Prinzipien der DSGVO geh\u00f6ren:<\/p><ul><li><b>Transparenz<\/b>: Unternehmen m\u00fcssen offenlegen, welche Daten sie erheben und warum.<\/li><li><b>Rechenschaftspflicht<\/b>: Firmen m\u00fcssen nachweisen, dass sie die Datenschutzgesetze einhalten.<\/li><li><b>Datensicherheit<\/b>: Unternehmen sind verpflichtet, geeignete technische und organisatorische Ma\u00dfnahmen zum Schutz von Daten zu ergreifen.<\/li><\/ul><p>Die DSGVO betrifft nicht nur gro\u00dfe Unternehmen, sondern auch kleine und mittelst\u00e4ndische Betriebe in Gera und Umgebung. Ein <a href=\"https:\/\/datenschutz-eprivacy.de\/en\/da\/da\/tag\/strafzahlung\/\">Versto\u00df gegen die DSGVO kann teuer werden<\/a> \u2013 nicht nur finanziell, sondern auch in Form von Reputationssch\u00e4den.<\/p>\t\t\t\t\t\t\t\t<\/div>\n\t\t\t\t<\/div>\n\t\t\t\t\t<\/div>\n\t\t<\/div>\n\t\t\t\t\t<\/div>\n\t\t<\/section>\n\t\t\t\t<section class=\"elementor-section elementor-top-section elementor-element elementor-element-2330c64 elementor-section-boxed elementor-section-height-default elementor-section-height-default\" data-id=\"2330c64\" data-element_type=\"section\">\n\t\t\t\t\t\t<div class=\"elementor-container elementor-column-gap-default\">\n\t\t\t\t\t<div class=\"elementor-column elementor-col-100 elementor-top-column elementor-element elementor-element-7261b75f\" data-id=\"7261b75f\" data-element_type=\"column\">\n\t\t\t<div class=\"elementor-widget-wrap elementor-element-populated\">\n\t\t\t\t\t\t<div class=\"elementor-element elementor-element-6ce6a6a2 elementor-widget elementor-widget-heading\" data-id=\"6ce6a6a2\" data-element_type=\"widget\" data-widget_type=\"heading.default\">\n\t\t\t\t<div class=\"elementor-widget-container\">\n\t\t\t\t\t<h3 class=\"elementor-heading-title elementor-size-default\">Was ist ein externer Datenschutzbeauftragter?<\/h3>\t\t\t\t<\/div>\n\t\t\t\t<\/div>\n\t\t\t\t\t<\/div>\n\t\t<\/div>\n\t\t\t\t\t<\/div>\n\t\t<\/section>\n\t\t\t\t<section class=\"elementor-section elementor-top-section elementor-element elementor-element-6bab1baf elementor-section-boxed elementor-section-height-default elementor-section-height-default\" data-id=\"6bab1baf\" data-element_type=\"section\">\n\t\t\t\t\t\t<div class=\"elementor-container elementor-column-gap-default\">\n\t\t\t\t\t<div class=\"elementor-column elementor-col-100 elementor-top-column elementor-element elementor-element-50a14be4\" data-id=\"50a14be4\" data-element_type=\"column\">\n\t\t\t<div class=\"elementor-widget-wrap elementor-element-populated\">\n\t\t\t\t\t\t<div class=\"elementor-element elementor-element-543faa19 elementor-widget elementor-widget-text-editor\" data-id=\"543faa19\" data-element_type=\"widget\" data-widget_type=\"text-editor.default\">\n\t\t\t\t<div class=\"elementor-widget-container\">\n\t\t\t\t\t\t\t\t\t<p>Ein externer Datenschutzbeauftragter ist ein unabh\u00e4ngiger Experte, der Unternehmen dabei unterst\u00fctzt, die Anforderungen der DSGVO und anderer Datenschutzgesetze zu erf\u00fcllen. Anders als ein interner Datenschutzbeauftragter, der in Ihrem Unternehmen angestellt ist, arbeitet ein externer Beauftragter auf Basis eines Dienstleistungsvertrags. Dies bringt zahlreiche Vorteile mit sich:<\/p><ul><li><b>Kosteneffizienz<\/b>: Sie sparen langfristig Kosten, da keine internen Schulungen, Weiterbildungen oder Gehaltsstrukturen erforderlich sind.<\/li><li><b>Unabh\u00e4ngigkeit<\/b>: Ein externer Datenschutzbeauftragter ist frei von internen Interessenskonflikten und kann objektiv agieren.<\/li><li><b>Flexibilit\u00e4t<\/b>: Externe Experten sind auf dem neuesten Stand der Gesetzgebung und passen ihre Dienstleistungen individuell an Ihre Anforderungen an.<\/li><\/ul><p><strong>Christian Allner, M.A.<\/strong>, bietet genau diesen Service \u2013 unabh\u00e4ngig, kompetent und zielgerichtet f\u00fcr Unternehmen in Gera und der Region.<\/p>\t\t\t\t\t\t\t\t<\/div>\n\t\t\t\t<\/div>\n\t\t\t\t\t<\/div>\n\t\t<\/div>\n\t\t\t\t\t<\/div>\n\t\t<\/section>\n\t\t\t\t<section class=\"elementor-section elementor-top-section elementor-element elementor-element-243b41fa elementor-section-boxed elementor-section-height-default elementor-section-height-default\" data-id=\"243b41fa\" data-element_type=\"section\">\n\t\t\t\t\t\t<div class=\"elementor-container elementor-column-gap-default\">\n\t\t\t\t\t<div class=\"elementor-column elementor-col-100 elementor-top-column elementor-element elementor-element-10798e5a\" data-id=\"10798e5a\" data-element_type=\"column\">\n\t\t\t<div class=\"elementor-widget-wrap elementor-element-populated\">\n\t\t\t\t\t\t<div class=\"elementor-element elementor-element-6f0cb5ad elementor-widget elementor-widget-heading\" data-id=\"6f0cb5ad\" data-element_type=\"widget\" data-widget_type=\"heading.default\">\n\t\t\t\t<div class=\"elementor-widget-container\">\n\t\t\t\t\t<h3 class=\"elementor-heading-title elementor-size-default\">Warum ist ein Datenschutzbeauftragter wichtig?<\/h3>\t\t\t\t<\/div>\n\t\t\t\t<\/div>\n\t\t\t\t\t<\/div>\n\t\t<\/div>\n\t\t\t\t\t<\/div>\n\t\t<\/section>\n\t\t\t\t<section class=\"elementor-section elementor-top-section elementor-element elementor-element-23918190 elementor-section-boxed elementor-section-height-default elementor-section-height-default\" data-id=\"23918190\" data-element_type=\"section\">\n\t\t\t\t\t\t<div class=\"elementor-container elementor-column-gap-default\">\n\t\t\t\t\t<div class=\"elementor-column elementor-col-100 elementor-top-column elementor-element elementor-element-56da1ff1\" data-id=\"56da1ff1\" data-element_type=\"column\">\n\t\t\t<div class=\"elementor-widget-wrap elementor-element-populated\">\n\t\t\t\t\t\t<div class=\"elementor-element elementor-element-295b27aa elementor-widget elementor-widget-text-editor\" data-id=\"295b27aa\" data-element_type=\"widget\" data-widget_type=\"text-editor.default\">\n\t\t\t\t<div class=\"elementor-widget-container\">\n\t\t\t\t\t\t\t\t\t<p>Die DSGVO und das BDSG schreiben vor, dass Unternehmen, die regelm\u00e4\u00dfig personenbezogene Daten verarbeiten, unter bestimmten Voraussetzungen einen Datenschutzbeauftragten benennen m\u00fcssen. Dies betrifft unter anderem Firmen, die:<\/p><ul><li><b>mindestens 20 Mitarbeiter<\/b> haben, die regelm\u00e4\u00dfig personenbezogene Daten verarbeiten,<\/li><li><b>sensible Daten<\/b> wie Gesundheitsinformationen oder biometrische Daten verarbeiten,<\/li><li>oder <b>umfangreiche \u00dcberwachungssysteme<\/b> einsetzen.<\/li><\/ul><p>Ein Versto\u00df gegen diese Anforderungen kann empfindliche Bu\u00dfgelder nach sich ziehen. Die DSGVO sieht Strafen von bis zu 20 Millionen Euro oder 4 % des weltweiten Jahresumsatzes Ihres Unternehmens vor \u2013 je nachdem, welcher Betrag h\u00f6her ist. Neben den finanziellen Risiken kann ein Versto\u00df auch das Vertrauen Ihrer Kunden und Partner beeintr\u00e4chtigen.<\/p><p>Mit einem professionellen Datenschutzbeauftragten wie <b>Christian Allner<\/b> minimieren Sie diese Risiken und stellen sicher, dass Ihr Unternehmen rechtlich abgesichert ist.<\/p>\t\t\t\t\t\t\t\t<\/div>\n\t\t\t\t<\/div>\n\t\t\t\t\t<\/div>\n\t\t<\/div>\n\t\t\t\t\t<\/div>\n\t\t<\/section>\n\t\t\t\t<section class=\"elementor-section elementor-top-section elementor-element elementor-element-458e995 elementor-section-boxed elementor-section-height-default elementor-section-height-default\" data-id=\"458e995\" data-element_type=\"section\">\n\t\t\t\t\t\t<div class=\"elementor-container elementor-column-gap-default\">\n\t\t\t\t\t<div class=\"elementor-column elementor-col-100 elementor-top-column elementor-element elementor-element-abd1078\" data-id=\"abd1078\" data-element_type=\"column\">\n\t\t\t<div class=\"elementor-widget-wrap elementor-element-populated\">\n\t\t\t\t\t\t<div class=\"elementor-element elementor-element-147ed9ba elementor-widget elementor-widget-heading\" data-id=\"147ed9ba\" data-element_type=\"widget\" data-widget_type=\"heading.default\">\n\t\t\t\t<div class=\"elementor-widget-container\">\n\t\t\t\t\t<h3 class=\"elementor-heading-title elementor-size-default\">Leistungen im \u00dcberblick<\/h3>\t\t\t\t<\/div>\n\t\t\t\t<\/div>\n\t\t\t\t\t<\/div>\n\t\t<\/div>\n\t\t\t\t\t<\/div>\n\t\t<\/section>\n\t\t\t\t<section class=\"elementor-section elementor-top-section elementor-element elementor-element-687ed73e elementor-section-boxed elementor-section-height-default elementor-section-height-default\" data-id=\"687ed73e\" data-element_type=\"section\">\n\t\t\t\t\t\t<div class=\"elementor-container elementor-column-gap-default\">\n\t\t\t\t\t<div class=\"elementor-column elementor-col-100 elementor-top-column elementor-element elementor-element-31d811f0\" data-id=\"31d811f0\" data-element_type=\"column\">\n\t\t\t<div class=\"elementor-widget-wrap elementor-element-populated\">\n\t\t\t\t\t\t<div class=\"elementor-element elementor-element-59add6fa elementor-widget elementor-widget-text-editor\" data-id=\"59add6fa\" data-element_type=\"widget\" data-widget_type=\"text-editor.default\">\n\t\t\t\t<div class=\"elementor-widget-container\">\n\t\t\t\t\t\t\t\t\t<p>Christian Allner bietet umfassende Dienstleistungen, die speziell auf die Bed\u00fcrfnisse von Unternehmen in Gera zugeschnitten sind. Sein Ziel ist es, Ihnen den Datenschutz so einfach und effizient wie m\u00f6glich zu gestalten. Die Leistungspalette umfasst:<\/p><h5>1. Beratung und Analyse<\/h5><p>\u00dcberpr\u00fcfen Ihrer bestehenden Datenschutzma\u00dfnahmen und entwickeln einer individuellen Strategie, um Ihre DSGVO-Compliance sicherzustellen. Dabei wird eine detaillierte Bestandsaufnahme durchgef\u00fchrt, Risiken und Schwachstellen identifiziert und konkrete L\u00f6sungswege aufgezeigt.<\/p><h5>2. Erstellung und Pr\u00fcfung von Datenschutzdokumenten<\/h5><p>Dokumentation ist ein zentraler Bestandteil der DSGVO. Herr Allner erstellt und pr\u00fcft f\u00fcr Sie:<\/p><ul><li>Verzeichnisse von Verarbeitungst\u00e4tigkeiten,<\/li><li><a href=\"https:\/\/datenschutz-eprivacy.de\/en\/da\/da\/dsgvo-was-ist-ein-av-vertrag-avv\/\" target=\"_blank\" rel=\"noopener\">Auftragsverarbeitungsvertr\u00e4ge (AVV)<\/a>,<\/li><li><a href=\"https:\/\/datenschutz-eprivacy.de\/en\/da\/da\/dsgvo-was-sind-eigentlich-technische-organisatorische-massnahmen-toms\/\" target=\"_blank\" rel=\"noopener\">Technische und organisatorische Ma\u00dfnahmen (TOMs)<\/a>,<\/li><li><a href=\"https:\/\/datenschutz-eprivacy.de\/en\/da\/da\/website-datenschutz\/\" target=\"_blank\" rel=\"noopener\">Datenschutzerkl\u00e4rungen f\u00fcr Ihre Website<\/a>,<\/li><li>interne Richtlinien und Verfahrensanweisungen.<\/li><\/ul><h5>3. Externer Datenschutzbeauftragter \u2013 Funktion<\/h5><p>Als Ihr externer Datenschutzbeauftragter \u00fcbernimmt Herr Allner alle gesetzlichen Aufgaben, einschlie\u00dflich:<\/p><ul><li>\u00dcberwachung der Einhaltung von Datenschutzgesetzen,<\/li><li>Durchf\u00fchrung von Datenschutz-Folgenabsch\u00e4tzungen (DSFA),<\/li><li>Schulung und Sensibilisierung Ihrer Mitarbeiter,<\/li><li>Kommunikation mit Aufsichtsbeh\u00f6rden.<\/li><\/ul><h5>4. Datenschutz-Schulungen<\/h5><p>Eine der h\u00e4ufigsten Ursachen f\u00fcr Datenschutzverletzungen sind menschliche Fehler. Schulen Sie Ihre Mitarbeiter praxisnah und anschaulich zu Themen wie:<\/p><ul><li>Sicherer Datenverarbeitung,<\/li><li>Umgang mit personenbezogenen Daten,<\/li><li>Pr\u00e4vention von Datenlecks und Cyberangriffen.<\/li><\/ul><h5>5. IT-Sicherheitsberatung<\/h5><p>Datenschutz und IT-Sicherheit gehen Hand in Hand. Bekommen Sie Unterst\u00fctzung dabei, Ihre IT-Infrastruktur zu sichern, um Datenverluste und Cyberangriffe zu verhindern.<\/p>\t\t\t\t\t\t\t\t<\/div>\n\t\t\t\t<\/div>\n\t\t\t\t\t<\/div>\n\t\t<\/div>\n\t\t\t\t\t<\/div>\n\t\t<\/section>\n\t\t\t\t<section class=\"elementor-section elementor-top-section elementor-element elementor-element-7e32ced9 elementor-section-boxed elementor-section-height-default elementor-section-height-default\" data-id=\"7e32ced9\" data-element_type=\"section\">\n\t\t\t\t\t\t<div class=\"elementor-container elementor-column-gap-default\">\n\t\t\t\t\t<div class=\"elementor-column elementor-col-100 elementor-top-column elementor-element elementor-element-248b939\" data-id=\"248b939\" data-element_type=\"column\">\n\t\t\t<div class=\"elementor-widget-wrap elementor-element-populated\">\n\t\t\t\t\t\t<div class=\"elementor-element elementor-element-6ed74db9 elementor-widget elementor-widget-heading\" data-id=\"6ed74db9\" data-element_type=\"widget\" data-widget_type=\"heading.default\">\n\t\t\t\t<div class=\"elementor-widget-container\">\n\t\t\t\t\t<h3 class=\"elementor-heading-title elementor-size-default\">Datenschutz in Gera \u2013 Ihre Vorteile mit Christian Allner<\/h3>\t\t\t\t<\/div>\n\t\t\t\t<\/div>\n\t\t\t\t\t<\/div>\n\t\t<\/div>\n\t\t\t\t\t<\/div>\n\t\t<\/section>\n\t\t\t\t<section class=\"elementor-section elementor-top-section elementor-element elementor-element-d448f3d elementor-section-boxed elementor-section-height-default elementor-section-height-default\" data-id=\"d448f3d\" data-element_type=\"section\">\n\t\t\t\t\t\t<div class=\"elementor-container elementor-column-gap-default\">\n\t\t\t\t\t<div class=\"elementor-column elementor-col-50 elementor-top-column elementor-element elementor-element-ca263eb\" data-id=\"ca263eb\" data-element_type=\"column\">\n\t\t\t<div class=\"elementor-widget-wrap elementor-element-populated\">\n\t\t\t\t\t\t<div class=\"elementor-element elementor-element-077c0da elementor-widget elementor-widget-text-editor\" data-id=\"077c0da\" data-element_type=\"widget\" data-widget_type=\"text-editor.default\">\n\t\t\t\t<div class=\"elementor-widget-container\">\n\t\t\t\t\t\t\t\t\t<p>Mit Christian Allner, M.A., an Ihrer Seite profitieren Sie von zahlreichen Vorteilen:<\/p><ul><li><strong>Rechtskonformit\u00e4t<\/strong>: Sicherstellen, dass Ihr Unternehmen alle gesetzlichen Anforderungen erf\u00fcllt.<\/li><li><strong>Erfahrung<\/strong>: Mit jahrelanger Expertise im Datenschutz und IT-Sicherheitsmanagement kennt Herr Allner die Herausforderungen, vor denen Unternehmen stehen.<\/li><li><strong>Individuelle L\u00f6sungen<\/strong>: Jede Firma ist einzigartig. Machen Sie Gebrauch von ma\u00dfgeschneiderten L\u00f6sungen, die genau auf Ihre Bed\u00fcrfnisse zugeschnitten sind.<\/li><li><strong>Individuelle Flexibilit\u00e4t<\/strong>: Als flexibler Datenschutzbeauftragter ist Herr Allner gerne vor Ort, wenn Sie Unterst\u00fctzung ben\u00f6tigen.<\/li><\/ul>\t\t\t\t\t\t\t\t<\/div>\n\t\t\t\t<\/div>\n\t\t\t\t\t<\/div>\n\t\t<\/div>\n\t\t\t\t<div class=\"elementor-column elementor-col-50 elementor-top-column elementor-element elementor-element-de40826\" data-id=\"de40826\" data-element_type=\"column\">\n\t\t\t<div class=\"elementor-widget-wrap elementor-element-populated\">\n\t\t\t\t\t\t<div class=\"elementor-element elementor-element-5085bcc elementor-widget elementor-widget-image\" data-id=\"5085bcc\" data-element_type=\"widget\" data-widget_type=\"image.default\">\n\t\t\t\t<div class=\"elementor-widget-container\">\n\t\t\t\t\t\t\t\t\t\t\t\t\t\t\t<img fetchpriority=\"high\" decoding=\"async\" width=\"389\" height=\"556\" src=\"https:\/\/datenschutz-eprivacy.de\/da\/wp-content\/uploads\/externer_datenschutzbeauftragter_bestellen_dsgvo_eprivacy_christian_allner.jpg\" class=\"attachment-large size-large wp-image-2165\" alt=\"Christian Allner, Ihr externer Datenschutzbeauftragter.\" srcset=\"https:\/\/datenschutz-eprivacy.de\/da\/wp-content\/uploads\/externer_datenschutzbeauftragter_bestellen_dsgvo_eprivacy_christian_allner.jpg 389w, https:\/\/datenschutz-eprivacy.de\/da\/wp-content\/uploads\/externer_datenschutzbeauftragter_bestellen_dsgvo_eprivacy_christian_allner-210x300.jpg 210w, https:\/\/datenschutz-eprivacy.de\/da\/wp-content\/uploads\/externer_datenschutzbeauftragter_bestellen_dsgvo_eprivacy_christian_allner-8x12.jpg 8w\" sizes=\"(max-width: 389px) 100vw, 389px\" \/>\t\t\t\t\t\t\t\t\t\t\t\t\t\t\t<\/div>\n\t\t\t\t<\/div>\n\t\t\t\t\t<\/div>\n\t\t<\/div>\n\t\t\t\t\t<\/div>\n\t\t<\/section>\n\t\t\t\t<section class=\"elementor-section elementor-top-section elementor-element elementor-element-166678c9 elementor-section-boxed elementor-section-height-default elementor-section-height-default\" data-id=\"166678c9\" data-element_type=\"section\">\n\t\t\t\t\t\t<div class=\"elementor-container elementor-column-gap-default\">\n\t\t\t\t\t<div class=\"elementor-column elementor-col-100 elementor-top-column elementor-element elementor-element-112e3d08\" data-id=\"112e3d08\" data-element_type=\"column\">\n\t\t\t<div class=\"elementor-widget-wrap elementor-element-populated\">\n\t\t\t\t\t\t<div class=\"elementor-element elementor-element-6ea838ed elementor-widget elementor-widget-heading\" data-id=\"6ea838ed\" data-element_type=\"widget\" data-widget_type=\"heading.default\">\n\t\t\t\t<div class=\"elementor-widget-container\">\n\t\t\t\t\t<h2 class=\"elementor-heading-title elementor-size-default\">Our offer includes<\/h2>\t\t\t\t<\/div>\n\t\t\t\t<\/div>\n\t\t\t\t\t<\/div>\n\t\t<\/div>\n\t\t\t\t\t<\/div>\n\t\t<\/section>\n\t\t\t\t<section class=\"elementor-section elementor-top-section elementor-element elementor-element-27523c0 elementor-section-boxed elementor-section-height-default elementor-section-height-default\" data-id=\"27523c0\" data-element_type=\"section\">\n\t\t\t\t\t\t<div class=\"elementor-container elementor-column-gap-default\">\n\t\t\t\t\t<div class=\"elementor-column elementor-col-50 elementor-top-column elementor-element elementor-element-6f5c223d\" data-id=\"6f5c223d\" data-element_type=\"column\">\n\t\t\t<div class=\"elementor-widget-wrap elementor-element-populated\">\n\t\t\t\t\t\t<div class=\"elementor-element elementor-element-7f000c82 elementor-icon-list--layout-traditional elementor-list-item-link-full_width elementor-widget elementor-widget-icon-list\" data-id=\"7f000c82\" data-element_type=\"widget\" data-widget_type=\"icon-list.default\">\n\t\t\t\t<div class=\"elementor-widget-container\">\n\t\t\t\t\t\t\t<ul class=\"elementor-icon-list-items\">\n\t\t\t\t\t\t\t<li class=\"elementor-icon-list-item\">\n\t\t\t\t\t\t\t\t\t\t\t<span class=\"elementor-icon-list-icon\">\n\t\t\t\t\t\t\t\t\t\t\t\t\t\t\t\t<i class=\"fa fa-check\" aria-hidden=\"true\"><\/i>\n\t\t\t\t\t\t\t\t\t\t\t\t\t<\/span>\n\t\t\t\t\t\t\t\t\t\t<span class=\"elementor-icon-list-text\">Analysis of your current data protection status via telephone or e-mail<\/span>\n\t\t\t\t\t\t\t\t\t<\/li>\n\t\t\t\t\t\t\t\t<li class=\"elementor-icon-list-item\">\n\t\t\t\t\t\t\t\t\t\t\t<span class=\"elementor-icon-list-icon\">\n\t\t\t\t\t\t\t\t\t\t\t\t\t\t\t\t<i class=\"fa fa-check\" aria-hidden=\"true\"><\/i>\n\t\t\t\t\t\t\t\t\t\t\t\t\t<\/span>\n\t\t\t\t\t\t\t\t\t\t<span class=\"elementor-icon-list-text\">Staff training and education: a 30-minute live webinar with recording<\/span>\n\t\t\t\t\t\t\t\t\t<\/li>\n\t\t\t\t\t\t\t\t<li class=\"elementor-icon-list-item\">\n\t\t\t\t\t\t\t\t\t\t\t<span class=\"elementor-icon-list-icon\">\n\t\t\t\t\t\t\t\t\t\t\t\t\t\t\t\t<i class=\"fa fa-check\" aria-hidden=\"true\"><\/i>\n\t\t\t\t\t\t\t\t\t\t\t\t\t<\/span>\n\t\t\t\t\t\t\t\t\t\t<span class=\"elementor-icon-list-text\">Directory of processing activities: management of 5 processes per year<\/span>\n\t\t\t\t\t\t\t\t\t<\/li>\n\t\t\t\t\t\t\t\t<li class=\"elementor-icon-list-item\">\n\t\t\t\t\t\t\t\t\t\t\t<span class=\"elementor-icon-list-icon\">\n\t\t\t\t\t\t\t\t\t\t\t\t\t\t\t\t<i class=\"fa fa-check\" aria-hidden=\"true\"><\/i>\n\t\t\t\t\t\t\t\t\t\t\t\t\t<\/span>\n\t\t\t\t\t\t\t\t\t\t<span class=\"elementor-icon-list-text\">Technical and organizational support: 2 hours support for conceptual design<\/span>\n\t\t\t\t\t\t\t\t\t<\/li>\n\t\t\t\t\t\t\t\t<li class=\"elementor-icon-list-item\">\n\t\t\t\t\t\t\t\t\t\t\t<span class=\"elementor-icon-list-icon\">\n\t\t\t\t\t\t\t\t\t\t\t\t\t\t\t\t<i class=\"fa fa-check\" aria-hidden=\"true\"><\/i>\n\t\t\t\t\t\t\t\t\t\t\t\t\t<\/span>\n\t\t\t\t\t\t\t\t\t\t<span class=\"elementor-icon-list-text\">Other DPO services: 6 hours per year<\/span>\n\t\t\t\t\t\t\t\t\t<\/li>\n\t\t\t\t\t\t\t\t<li class=\"elementor-icon-list-item\">\n\t\t\t\t\t\t\t\t\t\t\t<span class=\"elementor-icon-list-icon\">\n\t\t\t\t\t\t\t\t\t\t\t\t\t\t\t\t<i class=\"fa fa-check\" aria-hidden=\"true\"><\/i>\n\t\t\t\t\t\t\t\t\t\t\t\t\t<\/span>\n\t\t\t\t\t\t\t\t\t\t<span class=\"elementor-icon-list-text\">Annual status update via telephone (telco) or video conference<\/span>\n\t\t\t\t\t\t\t\t\t<\/li>\n\t\t\t\t\t\t<\/ul>\n\t\t\t\t\t\t<\/div>\n\t\t\t\t<\/div>\n\t\t\t\t\t<\/div>\n\t\t<\/div>\n\t\t\t\t<div class=\"elementor-column elementor-col-50 elementor-top-column elementor-element elementor-element-3b52b4d5\" data-id=\"3b52b4d5\" data-element_type=\"column\">\n\t\t\t<div class=\"elementor-widget-wrap elementor-element-populated\">\n\t\t\t\t\t\t<div class=\"elementor-element elementor-element-5fbf3853 elementor-widget elementor-widget-html\" data-id=\"5fbf3853\" data-element_type=\"widget\" data-widget_type=\"html.default\">\n\t\t\t\t<div class=\"elementor-widget-container\">\n\t\t\t\t\t<img decoding=\"async\" data-src=\"https:\/\/datenschutz-eprivacy.de\/da\/da\/da\/wp-content\/uploads\/christian-allner-datenschutzbeauftragter2.png\" alt=\"Externer Datenschutzbeauftragter nach DSGVO bestellen in Gera\" title=\"Externer Datenschutzbeauftragter nach DSGVO bestellen in Gera\" src=\"data:image\/gif;base64,R0lGODlhAQABAAAAACH5BAEKAAEALAAAAAABAAEAAAICTAEAOw==\" class=\"lazyload\" \/>\t\t\t\t<\/div>\n\t\t\t\t<\/div>\n\t\t\t\t\t<\/div>\n\t\t<\/div>\n\t\t\t\t\t<\/div>\n\t\t<\/section>\n\t\t\t\t<section class=\"elementor-section elementor-top-section elementor-element elementor-element-7437f9f2 elementor-section-boxed elementor-section-height-default elementor-section-height-default\" data-id=\"7437f9f2\" data-element_type=\"section\">\n\t\t\t\t\t\t<div class=\"elementor-container elementor-column-gap-default\">\n\t\t\t\t\t<div class=\"elementor-column elementor-col-100 elementor-top-column elementor-element elementor-element-441612ec\" data-id=\"441612ec\" data-element_type=\"column\">\n\t\t\t<div class=\"elementor-widget-wrap elementor-element-populated\">\n\t\t\t\t\t\t<div class=\"elementor-element elementor-element-7540e2a9 elementor-widget elementor-widget-spacer\" data-id=\"7540e2a9\" data-element_type=\"widget\" data-widget_type=\"spacer.default\">\n\t\t\t\t<div class=\"elementor-widget-container\">\n\t\t\t\t\t\t\t<div class=\"elementor-spacer\">\n\t\t\t<div class=\"elementor-spacer-inner\"><\/div>\n\t\t<\/div>\n\t\t\t\t\t\t<\/div>\n\t\t\t\t<\/div>\n\t\t\t\t\t<\/div>\n\t\t<\/div>\n\t\t\t\t\t<\/div>\n\t\t<\/section>\n\t\t\t\t<section class=\"elementor-section elementor-top-section elementor-element elementor-element-771ef58 elementor-section-boxed elementor-section-height-default elementor-section-height-default\" data-id=\"771ef58\" data-element_type=\"section\">\n\t\t\t\t\t\t<div class=\"elementor-container elementor-column-gap-default\">\n\t\t\t\t\t<div class=\"elementor-column elementor-col-100 elementor-top-column elementor-element elementor-element-57e54f1\" data-id=\"57e54f1\" data-element_type=\"column\">\n\t\t\t<div class=\"elementor-widget-wrap elementor-element-populated\">\n\t\t\t\t\t\t<div class=\"elementor-element elementor-element-33b57b2b elementor-widget elementor-widget-heading\" data-id=\"33b57b2b\" data-element_type=\"widget\" data-widget_type=\"heading.default\">\n\t\t\t\t<div class=\"elementor-widget-container\">\n\t\t\t\t\t<h2 class=\"elementor-heading-title elementor-size-default\">Your external Data Protection Officer (DPO) - It's that easy:<\/h2>\t\t\t\t<\/div>\n\t\t\t\t<\/div>\n\t\t\t\t\t<\/div>\n\t\t<\/div>\n\t\t\t\t\t<\/div>\n\t\t<\/section>\n\t\t\t\t<section class=\"elementor-section elementor-top-section elementor-element elementor-element-6174498a elementor-section-boxed elementor-section-height-default elementor-section-height-default\" data-id=\"6174498a\" data-element_type=\"section\">\n\t\t\t\t\t\t<div class=\"elementor-container elementor-column-gap-default\">\n\t\t\t\t\t<div class=\"elementor-column elementor-col-25 elementor-top-column elementor-element elementor-element-372235f\" data-id=\"372235f\" data-element_type=\"column\">\n\t\t\t<div class=\"elementor-widget-wrap elementor-element-populated\">\n\t\t\t\t\t\t<div class=\"elementor-element elementor-element-74a7d799 elementor-widget elementor-widget-text-editor\" data-id=\"74a7d799\" data-element_type=\"widget\" data-widget_type=\"text-editor.default\">\n\t\t\t\t<div class=\"elementor-widget-container\">\n\t\t\t\t\t\t\t\t\t<p><strong>STEP 1: APPOINTMENT<br \/><\/strong><\/p><p>To appoint your own external DPO, simply book our offer at the low rate and and determine your own length of contract<\/p>\t\t\t\t\t\t\t\t<\/div>\n\t\t\t\t<\/div>\n\t\t\t\t\t<\/div>\n\t\t<\/div>\n\t\t\t\t<div class=\"elementor-column elementor-col-25 elementor-top-column elementor-element elementor-element-4e0e724c\" data-id=\"4e0e724c\" data-element_type=\"column\">\n\t\t\t<div class=\"elementor-widget-wrap elementor-element-populated\">\n\t\t\t\t\t\t<div class=\"elementor-element elementor-element-782efb7b elementor-widget elementor-widget-text-editor\" data-id=\"782efb7b\" data-element_type=\"widget\" data-widget_type=\"text-editor.default\">\n\t\t\t\t<div class=\"elementor-widget-container\">\n\t\t\t\t\t\t\t\t\t<p><strong>STEP 2: ANALYSIS<br \/><\/strong><\/p><p>The external DPO analyzes all data protection-relevant areas of your company<\/p>\t\t\t\t\t\t\t\t<\/div>\n\t\t\t\t<\/div>\n\t\t\t\t\t<\/div>\n\t\t<\/div>\n\t\t\t\t<div class=\"elementor-column elementor-col-25 elementor-top-column elementor-element elementor-element-65e99e3a\" data-id=\"65e99e3a\" data-element_type=\"column\">\n\t\t\t<div class=\"elementor-widget-wrap elementor-element-populated\">\n\t\t\t\t\t\t<div class=\"elementor-element elementor-element-112df7f5 elementor-widget elementor-widget-text-editor\" data-id=\"112df7f5\" data-element_type=\"widget\" data-widget_type=\"text-editor.default\">\n\t\t\t\t<div class=\"elementor-widget-container\">\n\t\t\t\t\t\t\t\t\t<p><strong>STEP 3: DEVELOPMENT<br \/><\/strong><\/p><p>The DPO supports you in setting up a legally compliant data protection concept<\/p>\t\t\t\t\t\t\t\t<\/div>\n\t\t\t\t<\/div>\n\t\t\t\t\t<\/div>\n\t\t<\/div>\n\t\t\t\t<div class=\"elementor-column elementor-col-25 elementor-top-column elementor-element elementor-element-213d7f89\" data-id=\"213d7f89\" data-element_type=\"column\">\n\t\t\t<div class=\"elementor-widget-wrap elementor-element-populated\">\n\t\t\t\t\t\t<div class=\"elementor-element elementor-element-628fddf9 elementor-widget elementor-widget-text-editor\" data-id=\"628fddf9\" data-element_type=\"widget\" data-widget_type=\"text-editor.default\">\n\t\t\t\t<div class=\"elementor-widget-container\">\n\t\t\t\t\t\t\t\t\t<p><strong>STEP 4: CONSULTING<br \/><\/strong><\/p><p>The DPO is at your disposal for ongoing support in all matters relating to data protection\u00a0<\/p>\t\t\t\t\t\t\t\t<\/div>\n\t\t\t\t<\/div>\n\t\t\t\t\t<\/div>\n\t\t<\/div>\n\t\t\t\t\t<\/div>\n\t\t<\/section>\n\t\t\t\t<section class=\"elementor-section elementor-top-section elementor-element elementor-element-42777fd0 elementor-section-boxed elementor-section-height-default elementor-section-height-default\" data-id=\"42777fd0\" data-element_type=\"section\">\n\t\t\t\t\t\t<div class=\"elementor-container elementor-column-gap-default\">\n\t\t\t\t\t<div class=\"elementor-column elementor-col-100 elementor-top-column elementor-element elementor-element-4704a869\" data-id=\"4704a869\" data-element_type=\"column\">\n\t\t\t<div class=\"elementor-widget-wrap elementor-element-populated\">\n\t\t\t\t\t\t<div class=\"elementor-element elementor-element-ad60111 elementor-widget elementor-widget-spacer\" data-id=\"ad60111\" data-element_type=\"widget\" data-widget_type=\"spacer.default\">\n\t\t\t\t<div class=\"elementor-widget-container\">\n\t\t\t\t\t\t\t<div class=\"elementor-spacer\">\n\t\t\t<div class=\"elementor-spacer-inner\"><\/div>\n\t\t<\/div>\n\t\t\t\t\t\t<\/div>\n\t\t\t\t<\/div>\n\t\t\t\t\t<\/div>\n\t\t<\/div>\n\t\t\t\t\t<\/div>\n\t\t<\/section>\n\t\t\t\t<section class=\"elementor-section elementor-top-section elementor-element elementor-element-16abec00 elementor-section-boxed elementor-section-height-default elementor-section-height-default\" data-id=\"16abec00\" data-element_type=\"section\">\n\t\t\t\t\t\t<div class=\"elementor-container elementor-column-gap-default\">\n\t\t\t\t\t<div class=\"elementor-column elementor-col-100 elementor-top-column elementor-element elementor-element-1c4a1ea3\" data-id=\"1c4a1ea3\" data-element_type=\"column\">\n\t\t\t<div class=\"elementor-widget-wrap elementor-element-populated\">\n\t\t\t\t\t\t<div class=\"elementor-element elementor-element-24e1eb2d elementor-align-center elementor-widget elementor-widget-button\" data-id=\"24e1eb2d\" data-element_type=\"widget\" data-widget_type=\"button.default\">\n\t\t\t\t<div class=\"elementor-widget-container\">\n\t\t\t\t\t\t\t\t\t<div class=\"elementor-button-wrapper\">\n\t\t\t\t\t<a class=\"elementor-button elementor-button-link elementor-size-xl elementor-animation-grow\" href=\"https:\/\/datenschutz-eprivacy.de\/en\/da\/da\/da\/kontakt\/\">\n\t\t\t\t\t\t<span class=\"elementor-button-content-wrapper\">\n\t\t\t\t\t\t\t\t\t<span class=\"elementor-button-text\">Appoint your DPO today!<\/span>\n\t\t\t\t\t<\/span>\n\t\t\t\t\t<\/a>\n\t\t\t\t<\/div>\n\t\t\t\t\t\t\t\t<\/div>\n\t\t\t\t<\/div>\n\t\t\t\t\t<\/div>\n\t\t<\/div>\n\t\t\t\t\t<\/div>\n\t\t<\/section>\n\t\t\t\t<section class=\"elementor-section elementor-top-section elementor-element elementor-element-44f357a7 elementor-section-boxed elementor-section-height-default elementor-section-height-default\" data-id=\"44f357a7\" data-element_type=\"section\">\n\t\t\t\t\t\t<div class=\"elementor-container elementor-column-gap-default\">\n\t\t\t\t\t<div class=\"elementor-column elementor-col-100 elementor-top-column elementor-element elementor-element-4b29dca9\" data-id=\"4b29dca9\" data-element_type=\"column\">\n\t\t\t<div class=\"elementor-widget-wrap elementor-element-populated\">\n\t\t\t\t\t\t<div class=\"elementor-element elementor-element-6745cf6e elementor-widget elementor-widget-spacer\" data-id=\"6745cf6e\" data-element_type=\"widget\" data-widget_type=\"spacer.default\">\n\t\t\t\t<div class=\"elementor-widget-container\">\n\t\t\t\t\t\t\t<div class=\"elementor-spacer\">\n\t\t\t<div class=\"elementor-spacer-inner\"><\/div>\n\t\t<\/div>\n\t\t\t\t\t\t<\/div>\n\t\t\t\t<\/div>\n\t\t\t\t\t<\/div>\n\t\t<\/div>\n\t\t\t\t\t<\/div>\n\t\t<\/section>\n\t\t\t\t<section class=\"elementor-section elementor-top-section elementor-element elementor-element-26d50090 elementor-section-boxed elementor-section-height-default elementor-section-height-default\" data-id=\"26d50090\" data-element_type=\"section\">\n\t\t\t\t\t\t<div class=\"elementor-container elementor-column-gap-default\">\n\t\t\t\t\t<div class=\"elementor-column elementor-col-100 elementor-top-column elementor-element elementor-element-1c89b983\" data-id=\"1c89b983\" data-element_type=\"column\">\n\t\t\t<div class=\"elementor-widget-wrap elementor-element-populated\">\n\t\t\t\t\t\t<div class=\"elementor-element elementor-element-3e13617 elementor-widget-divider--view-line elementor-widget elementor-widget-divider\" data-id=\"3e13617\" data-element_type=\"widget\" data-widget_type=\"divider.default\">\n\t\t\t\t<div class=\"elementor-widget-container\">\n\t\t\t\t\t\t\t<div class=\"elementor-divider\">\n\t\t\t<span class=\"elementor-divider-separator\">\n\t\t\t\t\t\t<\/span>\n\t\t<\/div>\n\t\t\t\t\t\t<\/div>\n\t\t\t\t<\/div>\n\t\t\t\t\t<\/div>\n\t\t<\/div>\n\t\t\t\t\t<\/div>\n\t\t<\/section>\n\t\t\t\t<section class=\"elementor-section elementor-top-section elementor-element elementor-element-6f636c59 elementor-section-boxed elementor-section-height-default elementor-section-height-default\" data-id=\"6f636c59\" data-element_type=\"section\">\n\t\t\t\t\t\t<div class=\"elementor-container elementor-column-gap-default\">\n\t\t\t\t\t<div class=\"elementor-column elementor-col-100 elementor-top-column elementor-element elementor-element-3e1d49dc\" data-id=\"3e1d49dc\" data-element_type=\"column\">\n\t\t\t<div class=\"elementor-widget-wrap elementor-element-populated\">\n\t\t\t\t\t\t<div class=\"elementor-element elementor-element-74004480 elementor-widget elementor-widget-heading\" data-id=\"74004480\" data-element_type=\"widget\" data-widget_type=\"heading.default\">\n\t\t\t\t<div class=\"elementor-widget-container\">\n\t\t\t\t\t<h2 class=\"elementor-heading-title elementor-size-default\">Our FAQs<\/h2>\t\t\t\t<\/div>\n\t\t\t\t<\/div>\n\t\t\t\t\t<\/div>\n\t\t<\/div>\n\t\t\t\t\t<\/div>\n\t\t<\/section>\n\t\t\t\t<section class=\"elementor-section elementor-top-section elementor-element elementor-element-35e24c5c elementor-section-content-middle elementor-section-boxed elementor-section-height-default elementor-section-height-default\" data-id=\"35e24c5c\" data-element_type=\"section\">\n\t\t\t\t\t\t<div class=\"elementor-container elementor-column-gap-no\">\n\t\t\t\t\t<div class=\"elementor-column elementor-col-100 elementor-top-column elementor-element elementor-element-2977974d\" data-id=\"2977974d\" data-element_type=\"column\">\n\t\t\t<div class=\"elementor-widget-wrap elementor-element-populated\">\n\t\t\t\t\t\t<div class=\"elementor-element elementor-element-54679da elementor-widget elementor-widget-toggle\" data-id=\"54679da\" data-element_type=\"widget\" data-widget_type=\"toggle.default\">\n\t\t\t\t<div class=\"elementor-widget-container\">\n\t\t\t\t\t\t\t<div class=\"elementor-toggle\">\n\t\t\t\t\t\t\t<div class=\"elementor-toggle-item\">\n\t\t\t\t\t<div id=\"elementor-tab-title-8851\" class=\"elementor-tab-title\" data-tab=\"1\" role=\"button\" aria-controls=\"elementor-tab-content-8851\" aria-expanded=\"false\">\n\t\t\t\t\t\t\t\t\t\t\t\t<span class=\"elementor-toggle-icon elementor-toggle-icon-right\" aria-hidden=\"true\">\n\t\t\t\t\t\t\t\t\t\t\t\t\t\t\t<i class=\"elementor-toggle-icon-closed fa fa-plus\"><\/i>\n\t\t\t\t\t\t\t\t<i class=\"elementor-toggle-icon-opened fa fa-minus\"><\/i>\n\t\t\t\t\t\t\t\t\t\t\t\t\t<\/span>\n\t\t\t\t\t\t\t\t\t\t\t\t<a class=\"elementor-toggle-title\" tabindex=\"0\">What is the legal basis for data protection?<\/a>\n\t\t\t\t\t<\/div>\n\n\t\t\t\t\t<div id=\"elementor-tab-content-8851\" class=\"elementor-tab-content elementor-clearfix\" data-tab=\"1\" role=\"region\" aria-labelledby=\"elementor-tab-title-8851\"><p>The new General Data Protection Regulation of the European Union (GDPR) was published in the Official Journal of the EU (OJ L 119\/1) on May 4, 2016, came into force on May 25, 2016, and has been in effect since May 25, 2018. This means a lot of change for businesses. An external data protection officer will help you to clarify all questions.<\/p><\/div>\n\t\t\t\t<\/div>\n\t\t\t\t\t\t\t<div class=\"elementor-toggle-item\">\n\t\t\t\t\t<div id=\"elementor-tab-title-8852\" class=\"elementor-tab-title\" data-tab=\"2\" role=\"button\" aria-controls=\"elementor-tab-content-8852\" aria-expanded=\"false\">\n\t\t\t\t\t\t\t\t\t\t\t\t<span class=\"elementor-toggle-icon elementor-toggle-icon-right\" aria-hidden=\"true\">\n\t\t\t\t\t\t\t\t\t\t\t\t\t\t\t<i class=\"elementor-toggle-icon-closed fa fa-plus\"><\/i>\n\t\t\t\t\t\t\t\t<i class=\"elementor-toggle-icon-opened fa fa-minus\"><\/i>\n\t\t\t\t\t\t\t\t\t\t\t\t\t<\/span>\n\t\t\t\t\t\t\t\t\t\t\t\t<a class=\"elementor-toggle-title\" tabindex=\"0\">How does the number of staff relate to the appointment of a DPO?<\/a>\n\t\t\t\t\t<\/div>\n\n\t\t\t\t\t<div id=\"elementor-tab-content-8852\" class=\"elementor-tab-content elementor-clearfix\" data-tab=\"2\" role=\"region\" aria-labelledby=\"elementor-tab-title-8852\"><p>\u00a738 BDSG-neu: Soweit Sie in der Regel mindestens 20 Personen st\u00e4ndig mit der automatisierten Verarbeitung personenbezogener Daten besch\u00e4ftigen, ist die Benennung eines Datenschutzbeauftragten Pflicht. Dies gilt auch, wenn sie externe Dienstleister beauftragen, z.B. eine externe Buchhaltung.<br>Nehmen Sie Verarbeitungen vor, die einer Datenschutz-Folgenabsch\u00e4tzung unterliegen oder verarbeiten Sie personenbezogene Daten gesch\u00e4ftsm\u00e4\u00dfig zum Zweck der \u00dcbermittlung, der anonymisierten \u00dcbermittlung oder f\u00fcr Zwecke der Markt- oder Meinungsforschung, dann haben Sie&nbsp;unabh\u00e4ngig von der Anzahl der mit der Verarbeitung besch\u00e4ftigten Personen einen Datenschutzbeauftragten zu benennen.<\/p><\/div>\n\t\t\t\t<\/div>\n\t\t\t\t\t\t\t<div class=\"elementor-toggle-item\">\n\t\t\t\t\t<div id=\"elementor-tab-title-8853\" class=\"elementor-tab-title\" data-tab=\"3\" role=\"button\" aria-controls=\"elementor-tab-content-8853\" aria-expanded=\"false\">\n\t\t\t\t\t\t\t\t\t\t\t\t<span class=\"elementor-toggle-icon elementor-toggle-icon-right\" aria-hidden=\"true\">\n\t\t\t\t\t\t\t\t\t\t\t\t\t\t\t<i class=\"elementor-toggle-icon-closed fa fa-plus\"><\/i>\n\t\t\t\t\t\t\t\t<i class=\"elementor-toggle-icon-opened fa fa-minus\"><\/i>\n\t\t\t\t\t\t\t\t\t\t\t\t\t<\/span>\n\t\t\t\t\t\t\t\t\t\t\t\t<a class=\"elementor-toggle-title\" tabindex=\"0\">Does the new data protection regulation require more work from companies?<\/a>\n\t\t\t\t\t<\/div>\n\n\t\t\t\t\t<div id=\"elementor-tab-content-8853\" class=\"elementor-tab-content elementor-clearfix\" data-tab=\"3\" role=\"region\" aria-labelledby=\"elementor-tab-title-8853\"><p>The GDPR does in fact lead to a higher administrative burden and more work. However, if you appoint an external data protection officer, you can significantly reduce this burden for your company.<\/p><\/div>\n\t\t\t\t<\/div>\n\t\t\t\t\t\t\t<div class=\"elementor-toggle-item\">\n\t\t\t\t\t<div id=\"elementor-tab-title-8854\" class=\"elementor-tab-title\" data-tab=\"4\" role=\"button\" aria-controls=\"elementor-tab-content-8854\" aria-expanded=\"false\">\n\t\t\t\t\t\t\t\t\t\t\t\t<span class=\"elementor-toggle-icon elementor-toggle-icon-right\" aria-hidden=\"true\">\n\t\t\t\t\t\t\t\t\t\t\t\t\t\t\t<i class=\"elementor-toggle-icon-closed fa fa-plus\"><\/i>\n\t\t\t\t\t\t\t\t<i class=\"elementor-toggle-icon-opened fa fa-minus\"><\/i>\n\t\t\t\t\t\t\t\t\t\t\t\t\t<\/span>\n\t\t\t\t\t\t\t\t\t\t\t\t<a class=\"elementor-toggle-title\" tabindex=\"0\">What are the consequences of a violation of the GDPR?<\/a>\n\t\t\t\t\t<\/div>\n\n\t\t\t\t\t<div id=\"elementor-tab-content-8854\" class=\"elementor-tab-content elementor-clearfix\" data-tab=\"4\" role=\"region\" aria-labelledby=\"elementor-tab-title-8854\"><p>In the event of a violation or non-compliance, you will be liable to fines of up to 20 million \u20ac or up to 4 percent of your total annual sales generated in the previous fiscal year, whichever is higher. An external data protection officer can help you set up data management that complies with the law.<\/p><\/div>\n\t\t\t\t<\/div>\n\t\t\t\t\t\t\t<div class=\"elementor-toggle-item\">\n\t\t\t\t\t<div id=\"elementor-tab-title-8855\" class=\"elementor-tab-title\" data-tab=\"5\" role=\"button\" aria-controls=\"elementor-tab-content-8855\" aria-expanded=\"false\">\n\t\t\t\t\t\t\t\t\t\t\t\t<span class=\"elementor-toggle-icon elementor-toggle-icon-right\" aria-hidden=\"true\">\n\t\t\t\t\t\t\t\t\t\t\t\t\t\t\t<i class=\"elementor-toggle-icon-closed fa fa-plus\"><\/i>\n\t\t\t\t\t\t\t\t<i class=\"elementor-toggle-icon-opened fa fa-minus\"><\/i>\n\t\t\t\t\t\t\t\t\t\t\t\t\t<\/span>\n\t\t\t\t\t\t\t\t\t\t\t\t<a class=\"elementor-toggle-title\" tabindex=\"0\">Does the data protection officer always have to be on site?<\/a>\n\t\t\t\t\t<\/div>\n\n\t\t\t\t\t<div id=\"elementor-tab-content-8855\" class=\"elementor-tab-content elementor-clearfix\" data-tab=\"5\" role=\"region\" aria-labelledby=\"elementor-tab-title-8855\"><p>No, it is merely important that data protection officers have all the necessary information they need to fulfil their duties and that they are directly accessible to the company management, employees, customers, and authorities.<\/p><\/div>\n\t\t\t\t<\/div>\n\t\t\t\t\t\t\t\t<\/div>\n\t\t\t\t\t\t<\/div>\n\t\t\t\t<\/div>\n\t\t\t\t\t<\/div>\n\t\t<\/div>\n\t\t\t\t\t<\/div>\n\t\t<\/section>\n\t\t\t\t<section class=\"elementor-section elementor-top-section elementor-element elementor-element-41c979fb elementor-section-boxed elementor-section-height-default elementor-section-height-default\" data-id=\"41c979fb\" data-element_type=\"section\">\n\t\t\t\t\t\t<div class=\"elementor-container elementor-column-gap-default\">\n\t\t\t\t\t<div class=\"elementor-column elementor-col-100 elementor-top-column elementor-element elementor-element-789beafc\" data-id=\"789beafc\" data-element_type=\"column\">\n\t\t\t<div class=\"elementor-widget-wrap elementor-element-populated\">\n\t\t\t\t\t\t<div class=\"elementor-element elementor-element-6f142471 elementor-align-center elementor-widget elementor-widget-button\" data-id=\"6f142471\" data-element_type=\"widget\" data-widget_type=\"button.default\">\n\t\t\t\t<div class=\"elementor-widget-container\">\n\t\t\t\t\t\t\t\t\t<div class=\"elementor-button-wrapper\">\n\t\t\t\t\t<a class=\"elementor-button elementor-button-link elementor-size-xl elementor-animation-grow\" href=\"https:\/\/datenschutz-eprivacy.de\/en\/da\/da\/da\/kontakt\/\">\n\t\t\t\t\t\t<span class=\"elementor-button-content-wrapper\">\n\t\t\t\t\t\t\t\t\t<span class=\"elementor-button-text\">Appoint your DPO today!<\/span>\n\t\t\t\t\t<\/span>\n\t\t\t\t\t<\/a>\n\t\t\t\t<\/div>\n\t\t\t\t\t\t\t\t<\/div>\n\t\t\t\t<\/div>\n\t\t\t\t\t<\/div>\n\t\t<\/div>\n\t\t\t\t\t<\/div>\n\t\t<\/section>\n\t\t\t\t<\/div>","protected":false},"excerpt":{"rendered":"<p>DER externe Datenschutzbeauftragte f\u00fcr Gera Kunst, Geschichte und Datenschutz in einzigartiger Harmonie Gera, die charmante \u201eOtto-Dix-Stadt\u201c an der Wei\u00dfen Elster, ist ein Ort, der kulturelles Erbe und wirtschaftliche St\u00e4rke vereint. Bekannt als Geburtsort des expressionistischen Malers Otto Dix und f\u00fcr ihre beeindruckenden H\u00f6hler, unterirdische G\u00e4nge aus dem Mittelalter, ist Gera eine Stadt voller verborgener Sch\u00e4tze.&nbsp;&hellip;<\/p>","protected":false},"author":5,"featured_media":0,"parent":3988,"menu_order":0,"comment_status":"closed","ping_status":"closed","template":"","meta":{"iawp_total_views":1,"footnotes":""},"class_list":["post-3894","page","type-page","status-publish","hentry"],"yoast_head":"<!-- This site is optimized with the Yoast SEO plugin v27.0 - https:\/\/yoast.com\/product\/yoast-seo-wordpress\/ -->\n<title>Externer Datenschutzbeauftragter in Gera - DER Datenschutzbeauftragte f\u00fcr Deutschland<\/title>\n<meta name=\"robots\" content=\"index, follow, max-snippet:-1, max-image-preview:large, max-video-preview:-1\" \/>\n<link rel=\"canonical\" href=\"https:\/\/datenschutz-eprivacy.de\/en\/dienstleistungen\/datenschutzbeauftragter-bestellen\/bestellung-eines-externen-datenschutzbeauftragten-in-thueringen\/externer-datenschutzbeauftragter-gera\/\" \/>\n<meta property=\"og:locale\" content=\"en_GB\" \/>\n<meta property=\"og:type\" content=\"article\" \/>\n<meta property=\"og:title\" content=\"Externer Datenschutzbeauftragter in Gera - DER Datenschutzbeauftragte f\u00fcr Deutschland\" \/>\n<meta property=\"og:description\" content=\"DER externe Datenschutzbeauftragte f\u00fcr Gera Kunst, Geschichte und Datenschutz in einzigartiger Harmonie Gera, die charmante \u201eOtto-Dix-Stadt\u201c an der Wei\u00dfen Elster, ist ein Ort, der kulturelles Erbe und wirtschaftliche St\u00e4rke vereint. Bekannt als Geburtsort des expressionistischen Malers Otto Dix und f\u00fcr ihre beeindruckenden H\u00f6hler, unterirdische G\u00e4nge aus dem Mittelalter, ist Gera eine Stadt voller verborgener Sch\u00e4tze.&nbsp;&hellip;\" \/>\n<meta property=\"og:url\" content=\"https:\/\/datenschutz-eprivacy.de\/en\/dienstleistungen\/datenschutzbeauftragter-bestellen\/bestellung-eines-externen-datenschutzbeauftragten-in-thueringen\/externer-datenschutzbeauftragter-gera\/\" \/>\n<meta property=\"og:site_name\" content=\"DER Datenschutzbeauftragte f\u00fcr Deutschland\" \/>\n<meta property=\"article:modified_time\" content=\"2025-04-22T10:26:53+00:00\" \/>\n<meta property=\"og:image\" content=\"https:\/\/datenschutz-eprivacy.de\/da\/da\/wp-content\/uploads\/externer_datenschutzbeauftragter_bestellen_dsgvo_eprivacy_christian_allner.jpg\" \/>\n<meta name=\"twitter:card\" content=\"summary_large_image\" \/>\n<meta name=\"twitter:label1\" content=\"Estimated reading time\" \/>\n\t<meta name=\"twitter:data1\" content=\"8 minutes\" \/>\n<script type=\"application\/ld+json\" class=\"yoast-schema-graph\">{\"@context\":\"https:\/\/schema.org\",\"@graph\":[{\"@type\":\"WebPage\",\"@id\":\"https:\/\/datenschutz-eprivacy.de\/dienstleistungen\/datenschutzbeauftragter-bestellen\/bestellung-eines-externen-datenschutzbeauftragten-in-thueringen\/externer-datenschutzbeauftragter-gera\/\",\"url\":\"https:\/\/datenschutz-eprivacy.de\/dienstleistungen\/datenschutzbeauftragter-bestellen\/bestellung-eines-externen-datenschutzbeauftragten-in-thueringen\/externer-datenschutzbeauftragter-gera\/\",\"name\":\"Externer Datenschutzbeauftragter in Gera - DER Datenschutzbeauftragte f\u00fcr Deutschland\",\"isPartOf\":{\"@id\":\"https:\/\/datenschutz-eprivacy.de\/#website\"},\"primaryImageOfPage\":{\"@id\":\"https:\/\/datenschutz-eprivacy.de\/dienstleistungen\/datenschutzbeauftragter-bestellen\/bestellung-eines-externen-datenschutzbeauftragten-in-thueringen\/externer-datenschutzbeauftragter-gera\/#primaryimage\"},\"image\":{\"@id\":\"https:\/\/datenschutz-eprivacy.de\/dienstleistungen\/datenschutzbeauftragter-bestellen\/bestellung-eines-externen-datenschutzbeauftragten-in-thueringen\/externer-datenschutzbeauftragter-gera\/#primaryimage\"},\"thumbnailUrl\":\"https:\/\/datenschutz-eprivacy.de\/da\/da\/wp-content\/uploads\/externer_datenschutzbeauftragter_bestellen_dsgvo_eprivacy_christian_allner.jpg\",\"datePublished\":\"2025-03-19T08:58:39+00:00\",\"dateModified\":\"2025-04-22T10:26:53+00:00\",\"breadcrumb\":{\"@id\":\"https:\/\/datenschutz-eprivacy.de\/dienstleistungen\/datenschutzbeauftragter-bestellen\/bestellung-eines-externen-datenschutzbeauftragten-in-thueringen\/externer-datenschutzbeauftragter-gera\/#breadcrumb\"},\"inLanguage\":\"en-GB\",\"potentialAction\":[{\"@type\":\"ReadAction\",\"target\":[\"https:\/\/datenschutz-eprivacy.de\/dienstleistungen\/datenschutzbeauftragter-bestellen\/bestellung-eines-externen-datenschutzbeauftragten-in-thueringen\/externer-datenschutzbeauftragter-gera\/\"]}]},{\"@type\":\"ImageObject\",\"inLanguage\":\"en-GB\",\"@id\":\"https:\/\/datenschutz-eprivacy.de\/dienstleistungen\/datenschutzbeauftragter-bestellen\/bestellung-eines-externen-datenschutzbeauftragten-in-thueringen\/externer-datenschutzbeauftragter-gera\/#primaryimage\",\"url\":\"https:\/\/datenschutz-eprivacy.de\/da\/da\/wp-content\/uploads\/externer_datenschutzbeauftragter_bestellen_dsgvo_eprivacy_christian_allner.jpg\",\"contentUrl\":\"https:\/\/datenschutz-eprivacy.de\/da\/da\/wp-content\/uploads\/externer_datenschutzbeauftragter_bestellen_dsgvo_eprivacy_christian_allner.jpg\"},{\"@type\":\"BreadcrumbList\",\"@id\":\"https:\/\/datenschutz-eprivacy.de\/dienstleistungen\/datenschutzbeauftragter-bestellen\/bestellung-eines-externen-datenschutzbeauftragten-in-thueringen\/externer-datenschutzbeauftragter-gera\/#breadcrumb\",\"itemListElement\":[{\"@type\":\"ListItem\",\"position\":1,\"name\":\"Startseite\",\"item\":\"https:\/\/datenschutz-eprivacy.de\/\"},{\"@type\":\"ListItem\",\"position\":2,\"name\":\"Dienstleistungen\",\"item\":\"https:\/\/datenschutz-eprivacy.de\/en\/dienstleistungen\/\"},{\"@type\":\"ListItem\",\"position\":3,\"name\":\"Bestellung eines externen Datenschutzbeauftragten\",\"item\":\"https:\/\/datenschutz-eprivacy.de\/en\/dienstleistungen\/datenschutzbeauftragter-bestellen\/\"},{\"@type\":\"ListItem\",\"position\":4,\"name\":\"Externer Datenschutzbeauftragter in Th\u00fcringen\",\"item\":\"https:\/\/datenschutz-eprivacy.de\/dienstleistungen\/datenschutzbeauftragter-bestellen\/bestellung-eines-externen-datenschutzbeauftragten-in-thueringen\/\"},{\"@type\":\"ListItem\",\"position\":5,\"name\":\"Externer Datenschutzbeauftragter in Gera\"}]},{\"@type\":\"WebSite\",\"@id\":\"https:\/\/datenschutz-eprivacy.de\/#website\",\"url\":\"https:\/\/datenschutz-eprivacy.de\/\",\"name\":\"DER Datenschutzbeauftragte f\u00fcr Deutschland\",\"description\":\"Datenschutz &amp; ePrivacy in Halle (Saale), Magdeburg, Mitteldeutschland und dar\u00fcber hinaus\",\"publisher\":{\"@id\":\"https:\/\/datenschutz-eprivacy.de\/#organization\"},\"potentialAction\":[{\"@type\":\"SearchAction\",\"target\":{\"@type\":\"EntryPoint\",\"urlTemplate\":\"https:\/\/datenschutz-eprivacy.de\/?s={search_term_string}\"},\"query-input\":{\"@type\":\"PropertyValueSpecification\",\"valueRequired\":true,\"valueName\":\"search_term_string\"}}],\"inLanguage\":\"en-GB\"},{\"@type\":\"Organization\",\"@id\":\"https:\/\/datenschutz-eprivacy.de\/#organization\",\"name\":\"DER Datenschutzbeauftragte f\u00fcr Deutschland\",\"url\":\"https:\/\/datenschutz-eprivacy.de\/\",\"logo\":{\"@type\":\"ImageObject\",\"inLanguage\":\"en-GB\",\"@id\":\"https:\/\/datenschutz-eprivacy.de\/#\/schema\/logo\/image\/\",\"url\":\"https:\/\/datenschutz-eprivacy.de\/da\/wp-content\/uploads\/DER_DATENTSCHUTZ_Logo_1000_trans.png\",\"contentUrl\":\"https:\/\/datenschutz-eprivacy.de\/da\/wp-content\/uploads\/DER_DATENTSCHUTZ_Logo_1000_trans.png\",\"width\":1000,\"height\":373,\"caption\":\"DER Datenschutzbeauftragte f\u00fcr Deutschland\"},\"image\":{\"@id\":\"https:\/\/datenschutz-eprivacy.de\/#\/schema\/logo\/image\/\"}}]}<\/script>\n<!-- \/ Yoast SEO plugin. -->","yoast_head_json":{"title":"Externer Datenschutzbeauftragter in Gera - DER Datenschutzbeauftragte f\u00fcr Deutschland","robots":{"index":"index","follow":"follow","max-snippet":"max-snippet:-1","max-image-preview":"max-image-preview:large","max-video-preview":"max-video-preview:-1"},"canonical":"https:\/\/datenschutz-eprivacy.de\/en\/dienstleistungen\/datenschutzbeauftragter-bestellen\/bestellung-eines-externen-datenschutzbeauftragten-in-thueringen\/externer-datenschutzbeauftragter-gera\/","og_locale":"en_GB","og_type":"article","og_title":"Externer Datenschutzbeauftragter in Gera - DER Datenschutzbeauftragte f\u00fcr Deutschland","og_description":"DER externe Datenschutzbeauftragte f\u00fcr Gera Kunst, Geschichte und Datenschutz in einzigartiger Harmonie Gera, die charmante \u201eOtto-Dix-Stadt\u201c an der Wei\u00dfen Elster, ist ein Ort, der kulturelles Erbe und wirtschaftliche St\u00e4rke vereint. Bekannt als Geburtsort des expressionistischen Malers Otto Dix und f\u00fcr ihre beeindruckenden H\u00f6hler, unterirdische G\u00e4nge aus dem Mittelalter, ist Gera eine Stadt voller verborgener Sch\u00e4tze.&nbsp;&hellip;","og_url":"https:\/\/datenschutz-eprivacy.de\/en\/dienstleistungen\/datenschutzbeauftragter-bestellen\/bestellung-eines-externen-datenschutzbeauftragten-in-thueringen\/externer-datenschutzbeauftragter-gera\/","og_site_name":"DER Datenschutzbeauftragte f\u00fcr Deutschland","article_modified_time":"2025-04-22T10:26:53+00:00","og_image":[{"url":"https:\/\/datenschutz-eprivacy.de\/da\/da\/wp-content\/uploads\/externer_datenschutzbeauftragter_bestellen_dsgvo_eprivacy_christian_allner.jpg","type":"","width":"","height":""}],"twitter_card":"summary_large_image","twitter_misc":{"Estimated reading time":"8 minutes"},"schema":{"@context":"https:\/\/schema.org","@graph":[{"@type":"WebPage","@id":"https:\/\/datenschutz-eprivacy.de\/dienstleistungen\/datenschutzbeauftragter-bestellen\/bestellung-eines-externen-datenschutzbeauftragten-in-thueringen\/externer-datenschutzbeauftragter-gera\/","url":"https:\/\/datenschutz-eprivacy.de\/dienstleistungen\/datenschutzbeauftragter-bestellen\/bestellung-eines-externen-datenschutzbeauftragten-in-thueringen\/externer-datenschutzbeauftragter-gera\/","name":"Externer Datenschutzbeauftragter in Gera - DER Datenschutzbeauftragte f\u00fcr Deutschland","isPartOf":{"@id":"https:\/\/datenschutz-eprivacy.de\/#website"},"primaryImageOfPage":{"@id":"https:\/\/datenschutz-eprivacy.de\/dienstleistungen\/datenschutzbeauftragter-bestellen\/bestellung-eines-externen-datenschutzbeauftragten-in-thueringen\/externer-datenschutzbeauftragter-gera\/#primaryimage"},"image":{"@id":"https:\/\/datenschutz-eprivacy.de\/dienstleistungen\/datenschutzbeauftragter-bestellen\/bestellung-eines-externen-datenschutzbeauftragten-in-thueringen\/externer-datenschutzbeauftragter-gera\/#primaryimage"},"thumbnailUrl":"https:\/\/datenschutz-eprivacy.de\/da\/da\/wp-content\/uploads\/externer_datenschutzbeauftragter_bestellen_dsgvo_eprivacy_christian_allner.jpg","datePublished":"2025-03-19T08:58:39+00:00","dateModified":"2025-04-22T10:26:53+00:00","breadcrumb":{"@id":"https:\/\/datenschutz-eprivacy.de\/dienstleistungen\/datenschutzbeauftragter-bestellen\/bestellung-eines-externen-datenschutzbeauftragten-in-thueringen\/externer-datenschutzbeauftragter-gera\/#breadcrumb"},"inLanguage":"en-GB","potentialAction":[{"@type":"ReadAction","target":["https:\/\/datenschutz-eprivacy.de\/dienstleistungen\/datenschutzbeauftragter-bestellen\/bestellung-eines-externen-datenschutzbeauftragten-in-thueringen\/externer-datenschutzbeauftragter-gera\/"]}]},{"@type":"ImageObject","inLanguage":"en-GB","@id":"https:\/\/datenschutz-eprivacy.de\/dienstleistungen\/datenschutzbeauftragter-bestellen\/bestellung-eines-externen-datenschutzbeauftragten-in-thueringen\/externer-datenschutzbeauftragter-gera\/#primaryimage","url":"https:\/\/datenschutz-eprivacy.de\/da\/da\/wp-content\/uploads\/externer_datenschutzbeauftragter_bestellen_dsgvo_eprivacy_christian_allner.jpg","contentUrl":"https:\/\/datenschutz-eprivacy.de\/da\/da\/wp-content\/uploads\/externer_datenschutzbeauftragter_bestellen_dsgvo_eprivacy_christian_allner.jpg"},{"@type":"BreadcrumbList","@id":"https:\/\/datenschutz-eprivacy.de\/dienstleistungen\/datenschutzbeauftragter-bestellen\/bestellung-eines-externen-datenschutzbeauftragten-in-thueringen\/externer-datenschutzbeauftragter-gera\/#breadcrumb","itemListElement":[{"@type":"ListItem","position":1,"name":"Startseite","item":"https:\/\/datenschutz-eprivacy.de\/"},{"@type":"ListItem","position":2,"name":"Dienstleistungen","item":"https:\/\/datenschutz-eprivacy.de\/en\/dienstleistungen\/"},{"@type":"ListItem","position":3,"name":"Bestellung eines externen Datenschutzbeauftragten","item":"https:\/\/datenschutz-eprivacy.de\/en\/dienstleistungen\/datenschutzbeauftragter-bestellen\/"},{"@type":"ListItem","position":4,"name":"Externer Datenschutzbeauftragter in Th\u00fcringen","item":"https:\/\/datenschutz-eprivacy.de\/dienstleistungen\/datenschutzbeauftragter-bestellen\/bestellung-eines-externen-datenschutzbeauftragten-in-thueringen\/"},{"@type":"ListItem","position":5,"name":"Externer Datenschutzbeauftragter in Gera"}]},{"@type":"WebSite","@id":"https:\/\/datenschutz-eprivacy.de\/#website","url":"https:\/\/datenschutz-eprivacy.de\/","name":"DER Datenschutzbeauftragte f\u00fcr Deutschland","description":"Datenschutz &amp; ePrivacy in Halle (Saale), Magdeburg, Mitteldeutschland und dar\u00fcber hinaus","publisher":{"@id":"https:\/\/datenschutz-eprivacy.de\/#organization"},"potentialAction":[{"@type":"SearchAction","target":{"@type":"EntryPoint","urlTemplate":"https:\/\/datenschutz-eprivacy.de\/?s={search_term_string}"},"query-input":{"@type":"PropertyValueSpecification","valueRequired":true,"valueName":"search_term_string"}}],"inLanguage":"en-GB"},{"@type":"Organization","@id":"https:\/\/datenschutz-eprivacy.de\/#organization","name":"DER Datenschutzbeauftragte f\u00fcr Deutschland","url":"https:\/\/datenschutz-eprivacy.de\/","logo":{"@type":"ImageObject","inLanguage":"en-GB","@id":"https:\/\/datenschutz-eprivacy.de\/#\/schema\/logo\/image\/","url":"https:\/\/datenschutz-eprivacy.de\/da\/wp-content\/uploads\/DER_DATENTSCHUTZ_Logo_1000_trans.png","contentUrl":"https:\/\/datenschutz-eprivacy.de\/da\/wp-content\/uploads\/DER_DATENTSCHUTZ_Logo_1000_trans.png","width":1000,"height":373,"caption":"DER Datenschutzbeauftragte f\u00fcr Deutschland"},"image":{"@id":"https:\/\/datenschutz-eprivacy.de\/#\/schema\/logo\/image\/"}}]}},"_links":{"self":[{"href":"https:\/\/datenschutz-eprivacy.de\/en\/wp-json\/wp\/v2\/pages\/3894","targetHints":{"allow":["GET"]}}],"collection":[{"href":"https:\/\/datenschutz-eprivacy.de\/en\/wp-json\/wp\/v2\/pages"}],"about":[{"href":"https:\/\/datenschutz-eprivacy.de\/en\/wp-json\/wp\/v2\/types\/page"}],"author":[{"embeddable":true,"href":"https:\/\/datenschutz-eprivacy.de\/en\/wp-json\/wp\/v2\/users\/5"}],"replies":[{"embeddable":true,"href":"https:\/\/datenschutz-eprivacy.de\/en\/wp-json\/wp\/v2\/comments?post=3894"}],"version-history":[{"count":0,"href":"https:\/\/datenschutz-eprivacy.de\/en\/wp-json\/wp\/v2\/pages\/3894\/revisions"}],"up":[{"embeddable":true,"href":"https:\/\/datenschutz-eprivacy.de\/en\/wp-json\/wp\/v2\/pages\/3988"}],"wp:attachment":[{"href":"https:\/\/datenschutz-eprivacy.de\/en\/wp-json\/wp\/v2\/media?parent=3894"}],"curies":[{"name":"wp","href":"https:\/\/api.w.org\/{rel}","templated":true}]}}