{"id":1128,"date":"2019-03-08T10:06:02","date_gmt":"2019-03-08T09:06:02","guid":{"rendered":"http:\/\/datenschutz-eprivacy.de\/da\/?page_id=1128"},"modified":"2025-03-25T14:22:10","modified_gmt":"2025-03-25T13:22:10","slug":"guide-eu-dsgvo","status":"publish","type":"page","link":"https:\/\/datenschutz-eprivacy.de\/en\/hilfe\/guide-eu-dsgvo\/","title":{"rendered":"Guide: the most important facts about the GDPR"},"content":{"rendered":"\t\t<div data-elementor-type=\"wp-post\" data-elementor-id=\"1128\" class=\"elementor elementor-1128\">\n\t\t\t\t\t\t<section class=\"elementor-section elementor-top-section elementor-element elementor-element-4bb51e4 elementor-section-boxed elementor-section-height-default elementor-section-height-default\" data-id=\"4bb51e4\" data-element_type=\"section\">\n\t\t\t\t\t\t<div class=\"elementor-container elementor-column-gap-default\">\n\t\t\t\t\t<div class=\"elementor-column elementor-col-100 elementor-top-column elementor-element elementor-element-edc9115\" data-id=\"edc9115\" data-element_type=\"column\">\n\t\t\t<div class=\"elementor-widget-wrap elementor-element-populated\">\n\t\t\t\t\t\t<div class=\"elementor-element elementor-element-33d1c92 elementor-widget elementor-widget-heading\" data-id=\"33d1c92\" data-element_type=\"widget\" data-widget_type=\"heading.default\">\n\t\t\t\t<div class=\"elementor-widget-container\">\n\t\t\t\t\t<h2 class=\"elementor-heading-title elementor-size-default\">Alles zur EU-Datenschutzgrundverordnung (EU-DSGVO) - Kompakt und einfach erkl\u00e4rt<\/h2>\t\t\t\t<\/div>\n\t\t\t\t<\/div>\n\t\t\t\t\t<\/div>\n\t\t<\/div>\n\t\t\t\t\t<\/div>\n\t\t<\/section>\n\t\t\t\t<section class=\"elementor-section elementor-top-section elementor-element elementor-element-c9cd2a7 elementor-section-boxed elementor-section-height-default elementor-section-height-default\" data-id=\"c9cd2a7\" data-element_type=\"section\">\n\t\t\t\t\t\t<div class=\"elementor-container elementor-column-gap-default\">\n\t\t\t\t\t<div class=\"elementor-column elementor-col-100 elementor-top-column elementor-element elementor-element-f024c9b\" data-id=\"f024c9b\" data-element_type=\"column\">\n\t\t\t<div class=\"elementor-widget-wrap elementor-element-populated\">\n\t\t\t\t\t\t<div class=\"elementor-element elementor-element-c5b8eff elementor-widget elementor-widget-spacer\" data-id=\"c5b8eff\" data-element_type=\"widget\" data-widget_type=\"spacer.default\">\n\t\t\t\t<div class=\"elementor-widget-container\">\n\t\t\t\t\t\t\t<div class=\"elementor-spacer\">\n\t\t\t<div class=\"elementor-spacer-inner\"><\/div>\n\t\t<\/div>\n\t\t\t\t\t\t<\/div>\n\t\t\t\t<\/div>\n\t\t\t\t\t<\/div>\n\t\t<\/div>\n\t\t\t\t\t<\/div>\n\t\t<\/section>\n\t\t\t\t<section class=\"elementor-section elementor-top-section elementor-element elementor-element-84c7d0c elementor-section-boxed elementor-section-height-default elementor-section-height-default\" data-id=\"84c7d0c\" data-element_type=\"section\">\n\t\t\t\t\t\t<div class=\"elementor-container elementor-column-gap-default\">\n\t\t\t\t\t<div class=\"elementor-column elementor-col-33 elementor-top-column elementor-element elementor-element-08147bd\" data-id=\"08147bd\" data-element_type=\"column\">\n\t\t\t<div class=\"elementor-widget-wrap elementor-element-populated\">\n\t\t\t\t\t\t<div class=\"elementor-element elementor-element-ffe1f32 elementor-widget elementor-widget-text-editor\" data-id=\"ffe1f32\" data-element_type=\"widget\" data-widget_type=\"text-editor.default\">\n\t\t\t\t<div class=\"elementor-widget-container\">\n\t\t\t\t\t\t\t\t\t<h5><strong>\u00dcbersicht:<\/strong><\/h5><ul><li style=\"text-align: left;\">EU-DSGVO: Grundlagen<\/li><li>Datenschutz: Rechte und Pflichten<\/li><li style=\"text-align: left;\">Datenschutzbeauftragter (DSB)<\/li><li style=\"text-align: left;\">Sanktionen<\/li><li style=\"text-align: left;\">Datenschutz-Folgenabsch\u00e4tzung (DSFA)<\/li><li style=\"text-align: left;\">EU-DSGVO im Betrieb<\/li><li style=\"text-align: left;\">Internationale Datentransfers<\/li><li>Einwilligung in die Datenverarbeitung<\/li><li>EU-DSGVO und Kinder<\/li><\/ul>\t\t\t\t\t\t\t\t<\/div>\n\t\t\t\t<\/div>\n\t\t\t\t\t<\/div>\n\t\t<\/div>\n\t\t\t\t<div class=\"elementor-column elementor-col-66 elementor-top-column elementor-element elementor-element-e91129b\" data-id=\"e91129b\" data-element_type=\"column\">\n\t\t\t<div class=\"elementor-widget-wrap elementor-element-populated\">\n\t\t\t\t\t\t<div class=\"elementor-element elementor-element-4cef7e6 elementor-widget elementor-widget-image\" data-id=\"4cef7e6\" data-element_type=\"widget\" data-widget_type=\"image.default\">\n\t\t\t\t<div class=\"elementor-widget-container\">\n\t\t\t\t\t\t\t\t\t\t\t\t\t\t\t<img fetchpriority=\"high\" decoding=\"async\" width=\"960\" height=\"678\" src=\"https:\/\/datenschutz-eprivacy.de\/da\/wp-content\/uploads\/2019\/02\/dsgvo-3446010_960_720.png\" class=\"attachment-large size-large wp-image-338\" alt=\"\" srcset=\"https:\/\/datenschutz-eprivacy.de\/da\/wp-content\/uploads\/2019\/02\/dsgvo-3446010_960_720.png 960w, https:\/\/datenschutz-eprivacy.de\/da\/wp-content\/uploads\/2019\/02\/dsgvo-3446010_960_720-300x212.png 300w, https:\/\/datenschutz-eprivacy.de\/da\/wp-content\/uploads\/2019\/02\/dsgvo-3446010_960_720-768x542.png 768w\" sizes=\"(max-width: 960px) 100vw, 960px\" \/>\t\t\t\t\t\t\t\t\t\t\t\t\t\t\t<\/div>\n\t\t\t\t<\/div>\n\t\t\t\t\t<\/div>\n\t\t<\/div>\n\t\t\t\t\t<\/div>\n\t\t<\/section>\n\t\t\t\t<section class=\"elementor-section elementor-top-section elementor-element elementor-element-246ca180 elementor-section-content-middle elementor-section-boxed elementor-section-height-default elementor-section-height-default\" data-id=\"246ca180\" data-element_type=\"section\">\n\t\t\t\t\t\t<div class=\"elementor-container elementor-column-gap-no\">\n\t\t\t\t\t<div class=\"elementor-column elementor-col-100 elementor-top-column elementor-element elementor-element-2580cf8a\" data-id=\"2580cf8a\" data-element_type=\"column\">\n\t\t\t<div class=\"elementor-widget-wrap elementor-element-populated\">\n\t\t\t\t\t\t<div class=\"elementor-element elementor-element-1a88e403 elementor-widget elementor-widget-heading\" data-id=\"1a88e403\" data-element_type=\"widget\" data-widget_type=\"heading.default\">\n\t\t\t\t<div class=\"elementor-widget-container\">\n\t\t\t\t\t<h2 class=\"elementor-heading-title elementor-size-default\">EU-DSGVO: Grundlagen<\/h2>\t\t\t\t<\/div>\n\t\t\t\t<\/div>\n\t\t\t\t<section class=\"elementor-section elementor-inner-section elementor-element elementor-element-ca193c4 elementor-section-content-middle elementor-section-boxed elementor-section-height-default elementor-section-height-default\" data-id=\"ca193c4\" data-element_type=\"section\">\n\t\t\t\t\t\t<div class=\"elementor-container elementor-column-gap-default\">\n\t\t\t\t\t<div class=\"elementor-column elementor-col-50 elementor-inner-column elementor-element elementor-element-22c7bb9e\" data-id=\"22c7bb9e\" data-element_type=\"column\">\n\t\t\t<div class=\"elementor-widget-wrap elementor-element-populated\">\n\t\t\t\t\t\t<div class=\"elementor-element elementor-element-1bed0cf1 elementor-widget elementor-widget-accordion\" data-id=\"1bed0cf1\" data-element_type=\"widget\" data-widget_type=\"accordion.default\">\n\t\t\t\t<div class=\"elementor-widget-container\">\n\t\t\t\t\t\t\t<div class=\"elementor-accordion\">\n\t\t\t\t\t\t\t<div class=\"elementor-accordion-item\">\n\t\t\t\t\t<div id=\"elementor-tab-title-4681\" class=\"elementor-tab-title\" data-tab=\"1\" role=\"button\" aria-controls=\"elementor-tab-content-4681\" aria-expanded=\"false\">\n\t\t\t\t\t\t\t\t\t\t\t\t\t<span class=\"elementor-accordion-icon elementor-accordion-icon-right\" aria-hidden=\"true\">\n\t\t\t\t\t\t\t\t\t\t\t\t\t\t\t<i class=\"elementor-accordion-icon-closed fa fa-arrow-circle-o-right\"><\/i>\n\t\t\t\t\t\t\t\t<i class=\"elementor-accordion-icon-opened fa fa-arrow-circle-o-right\"><\/i>\n\t\t\t\t\t\t\t\t\t\t\t\t\t\t<\/span>\n\t\t\t\t\t\t\t\t\t\t\t\t<a class=\"elementor-accordion-title\" tabindex=\"0\">Was ist die EU-DSGVO?<\/a>\n\t\t\t\t\t<\/div>\n\t\t\t\t\t<div id=\"elementor-tab-content-4681\" class=\"elementor-tab-content elementor-clearfix\" data-tab=\"1\" role=\"region\" aria-labelledby=\"elementor-tab-title-4681\"><p>Die Datenschutz-Grundverordnung (EU-DSGVO oder auch nur DSGVO) ist eine Verordnung der Europ\u00e4ischen Union, mit der die Regeln zur Verarbeitung personenbezogener Daten durch private Unternehmen und \u00f6ffentliche Stellen EU-weit vereinheitlicht werden.<\/p><\/div>\n\t\t\t\t<\/div>\n\t\t\t\t\t\t\t\t<\/div>\n\t\t\t\t\t\t<\/div>\n\t\t\t\t<\/div>\n\t\t\t\t\t<\/div>\n\t\t<\/div>\n\t\t\t\t<div class=\"elementor-column elementor-col-50 elementor-inner-column elementor-element elementor-element-5b3a93a8\" data-id=\"5b3a93a8\" data-element_type=\"column\">\n\t\t\t<div class=\"elementor-widget-wrap elementor-element-populated\">\n\t\t\t\t\t\t<div class=\"elementor-element elementor-element-5d7986b9 elementor-widget elementor-widget-accordion\" data-id=\"5d7986b9\" data-element_type=\"widget\" data-widget_type=\"accordion.default\">\n\t\t\t\t<div class=\"elementor-widget-container\">\n\t\t\t\t\t\t\t<div class=\"elementor-accordion\">\n\t\t\t\t\t\t\t<div class=\"elementor-accordion-item\">\n\t\t\t\t\t<div id=\"elementor-tab-title-1561\" class=\"elementor-tab-title\" data-tab=\"1\" role=\"button\" aria-controls=\"elementor-tab-content-1561\" aria-expanded=\"false\">\n\t\t\t\t\t\t\t\t\t\t\t\t\t<span class=\"elementor-accordion-icon elementor-accordion-icon-right\" aria-hidden=\"true\">\n\t\t\t\t\t\t\t\t\t\t\t\t\t\t\t<i class=\"elementor-accordion-icon-closed fa fa-arrow-circle-o-right\"><\/i>\n\t\t\t\t\t\t\t\t<i class=\"elementor-accordion-icon-opened fa fa-arrow-circle-o-right\"><\/i>\n\t\t\t\t\t\t\t\t\t\t\t\t\t\t<\/span>\n\t\t\t\t\t\t\t\t\t\t\t\t<a class=\"elementor-accordion-title\" tabindex=\"0\">Sinn und Zweck<\/a>\n\t\t\t\t\t<\/div>\n\t\t\t\t\t<div id=\"elementor-tab-content-1561\" class=\"elementor-tab-content elementor-clearfix\" data-tab=\"1\" role=\"region\" aria-labelledby=\"elementor-tab-title-1561\"><p>Mit der EU-DSGVO wird das Datenschutzrecht innerhalb der EU f\u00fcr den privaten und \u00f6ffentlichen Bereich vereinheitlicht. Zwischen den Mitgliedsstaaten wird damit ein einheitlicher Rechtsrahmen geschaffen. Folglich gilt ein hoher Datenschutzstandard f\u00fcr alle 500 Millionen B\u00fcrger und gleiches Recht f\u00fcr alle.<\/p>\n<p>Elementarer Grundsatz ist die Transparenz. Betroffene sollen in die Lage versetzt werden, die Datenerhebung, -verarbeitung bzw. -nutzung zu pr\u00fcfen oder, wie es das Bundesverfassungsgericht ausgedr\u00fcckt hat, es soll ihnen m\u00f6glich sein, zu wissen und zu kontrollieren, \u201ewer was wann und bei welcher Gelegenheit \u00fcber sie wei\u00df.\u201c Zusammenfassend l\u00e4sst sich sagen, dass die EU-DSGVO die Rechte der Betroffenen grunds\u00e4tzlich zu st\u00e4rken versucht und diese in manchen Bereichen sogar ausweitet. Dabei bieten vor allem die neuen Transparenz- und Informationspflichten f\u00fcr Unternehmen einen deutlich st\u00e4rkeren Schutz des Betroffenen als die alten Regelungen des Bundesdatenschutzgesetzes (BDSG).<\/p><\/div>\n\t\t\t\t<\/div>\n\t\t\t\t\t\t\t\t<\/div>\n\t\t\t\t\t\t<\/div>\n\t\t\t\t<\/div>\n\t\t\t\t\t<\/div>\n\t\t<\/div>\n\t\t\t\t\t<\/div>\n\t\t<\/section>\n\t\t\t\t<section class=\"elementor-section elementor-inner-section elementor-element elementor-element-6ed16937 elementor-section-content-middle elementor-section-boxed elementor-section-height-default elementor-section-height-default\" data-id=\"6ed16937\" data-element_type=\"section\">\n\t\t\t\t\t\t<div class=\"elementor-container elementor-column-gap-default\">\n\t\t\t\t\t<div class=\"elementor-column elementor-col-50 elementor-inner-column elementor-element elementor-element-7b29c7c6\" data-id=\"7b29c7c6\" data-element_type=\"column\">\n\t\t\t<div class=\"elementor-widget-wrap elementor-element-populated\">\n\t\t\t\t\t\t<div class=\"elementor-element elementor-element-5cec3552 elementor-widget elementor-widget-accordion\" data-id=\"5cec3552\" data-element_type=\"widget\" data-widget_type=\"accordion.default\">\n\t\t\t\t<div class=\"elementor-widget-container\">\n\t\t\t\t\t\t\t<div class=\"elementor-accordion\">\n\t\t\t\t\t\t\t<div class=\"elementor-accordion-item\">\n\t\t\t\t\t<div id=\"elementor-tab-title-1551\" class=\"elementor-tab-title\" data-tab=\"1\" role=\"button\" aria-controls=\"elementor-tab-content-1551\" aria-expanded=\"false\">\n\t\t\t\t\t\t\t\t\t\t\t\t\t<span class=\"elementor-accordion-icon elementor-accordion-icon-right\" aria-hidden=\"true\">\n\t\t\t\t\t\t\t\t\t\t\t\t\t\t\t<i class=\"elementor-accordion-icon-closed fa fa-arrow-circle-o-right\"><\/i>\n\t\t\t\t\t\t\t\t<i class=\"elementor-accordion-icon-opened fa fa-arrow-circle-o-right\"><\/i>\n\t\t\t\t\t\t\t\t\t\t\t\t\t\t<\/span>\n\t\t\t\t\t\t\t\t\t\t\t\t<a class=\"elementor-accordion-title\" tabindex=\"0\">Seit wann gilt die EU-DSGVO?<\/a>\n\t\t\t\t\t<\/div>\n\t\t\t\t\t<div id=\"elementor-tab-content-1551\" class=\"elementor-tab-content elementor-clearfix\" data-tab=\"1\" role=\"region\" aria-labelledby=\"elementor-tab-title-1551\"><p>Seit dem 24. Mai 2016 und strafbehwert seit dem 25. Mai 2018. Seit letzterem Datum d\u00fcrfen also Sanktionen wie Strafzahlungen angeordnet werden.<\/p><\/div>\n\t\t\t\t<\/div>\n\t\t\t\t\t\t\t\t<\/div>\n\t\t\t\t\t\t<\/div>\n\t\t\t\t<\/div>\n\t\t\t\t\t<\/div>\n\t\t<\/div>\n\t\t\t\t<div class=\"elementor-column elementor-col-50 elementor-inner-column elementor-element elementor-element-32ccf2a9\" data-id=\"32ccf2a9\" data-element_type=\"column\">\n\t\t\t<div class=\"elementor-widget-wrap elementor-element-populated\">\n\t\t\t\t\t\t<div class=\"elementor-element elementor-element-1e3eb5f elementor-widget elementor-widget-accordion\" data-id=\"1e3eb5f\" data-element_type=\"widget\" data-widget_type=\"accordion.default\">\n\t\t\t\t<div class=\"elementor-widget-container\">\n\t\t\t\t\t\t\t<div class=\"elementor-accordion\">\n\t\t\t\t\t\t\t<div class=\"elementor-accordion-item\">\n\t\t\t\t\t<div id=\"elementor-tab-title-3171\" class=\"elementor-tab-title\" data-tab=\"1\" role=\"button\" aria-controls=\"elementor-tab-content-3171\" aria-expanded=\"false\">\n\t\t\t\t\t\t\t\t\t\t\t\t\t<span class=\"elementor-accordion-icon elementor-accordion-icon-right\" aria-hidden=\"true\">\n\t\t\t\t\t\t\t\t\t\t\t\t\t\t\t<i class=\"elementor-accordion-icon-closed fa fa-arrow-circle-o-right\"><\/i>\n\t\t\t\t\t\t\t\t<i class=\"elementor-accordion-icon-opened fa fa-arrow-circle-o-right\"><\/i>\n\t\t\t\t\t\t\t\t\t\t\t\t\t\t<\/span>\n\t\t\t\t\t\t\t\t\t\t\t\t<a class=\"elementor-accordion-title\" tabindex=\"0\">In welchen Bereichen gilt die EU-DSGVO?<\/a>\n\t\t\t\t\t<\/div>\n\t\t\t\t\t<div id=\"elementor-tab-content-3171\" class=\"elementor-tab-content elementor-clearfix\" data-tab=\"1\" role=\"region\" aria-labelledby=\"elementor-tab-title-3171\"><p>Es ist zu unterscheiden zwischen dem sachlichen und dem r\u00e4umlichen Anwendungsbereich.<\/p>\n<p><strong>Sachlicher Anwendungsbereich nach Art. 2 DSGVO:<\/strong><\/p>\n<p>\u201eDiese Verordnung gilt f\u00fcr die ganz oder teilweise automatisierte Verarbeitung personenbezogener Daten sowie f\u00fcr die nichtautomatisierte Verarbeitung personenbezogener Daten, die in einem Dateisystem gespeichert sind oder gespeichert werden sollen\u201c.<\/p>\n<p>Zur Verarbeitung z\u00e4hlen nach Art. 4 Nr. 2 DSGVO \u201edas Erheben, das Erfassen, die Organisation, das Ordnen, die Speicherung, die Anpassung oder Ver\u00e4nderung, das Auslesen, das Abfragen, die Verwendung, die Offenlegung durch \u00dcbermittlung, Verbreitung oder eine andere Form der Bereitstellung, den Abgleich oder die Verkn\u00fcpfung, die Einschr\u00e4nkung, das L\u00f6schen oder die Vernichtung\u201c von Daten.<\/p>\n<p><strong>R\u00e4umlicher Anwendungsbereich nach Art. 3 DSGVO:<\/strong><\/p>\n<p>Der r\u00e4umliche Anwendungsbereich der DSGVO ergibt sich nach Art. 3 DSGVO grunds\u00e4tzlich bei der Verarbeitung personenbezogenen Daten, soweit diese im Rahmen der T\u00e4tigkeiten einer Niederlassung eines Verantwortlichen oder eines Auftragsverarbeiters in der EU erfolgt, unabh\u00e4ngig davon, ob die Verarbeitung in der EU stattfindet (Art. 3 Abs. 1 DSGVO).<\/p>\n<p>Die DSGVO gilt nicht nur f\u00fcr in der EU niedergelassene Unternehmen. Voraussetzung f\u00fcr die Anwendbarkeit ist nach Art. 3 Abs. 2 EU-DSGVO lediglich, dass sich ein Angebot an einen bestimmten nationalen Markt in der EU richtet oder dass die Datenverarbeitung der Beobachtung des Verhaltens von Personen in der EU dient.<\/p>\n<p>Gem\u00e4\u00df Art. 27 Abs. 1 EU-DSGVO m\u00fcssen Unternehmen, die keine Niederlassung in der EU unterhalten, aber Personen in der Union Waren oder Dienstleistungen anbieten oder ihr Verhalten \u2013 z.B. durch \u201eTracking\u201c oder \u201eProfiling\u201c \u2013 beobachten, grunds\u00e4tzlich einen EU-Vertreter bestellen.<\/p>\n<p>Der r\u00e4umliche Anwendungsbereich kann vertraglich nicht ge\u00e4ndert werden. Hat ein Mitgliedstaat jedoch im Rahmen einer \u00d6ffnungsklausel eine nationale Datenschutzregelung getroffen, ist grunds\u00e4tzlich das Datenschutzrecht des jeweiligen Mitgliedstaats ma\u00dfgeblich.<\/p><\/div>\n\t\t\t\t<\/div>\n\t\t\t\t\t\t\t\t<\/div>\n\t\t\t\t\t\t<\/div>\n\t\t\t\t<\/div>\n\t\t\t\t\t<\/div>\n\t\t<\/div>\n\t\t\t\t\t<\/div>\n\t\t<\/section>\n\t\t\t\t<section class=\"elementor-section elementor-inner-section elementor-element elementor-element-d2960b6 elementor-section-content-middle elementor-section-boxed elementor-section-height-default elementor-section-height-default\" data-id=\"d2960b6\" data-element_type=\"section\">\n\t\t\t\t\t\t<div class=\"elementor-container elementor-column-gap-default\">\n\t\t\t\t\t<div class=\"elementor-column elementor-col-50 elementor-inner-column elementor-element elementor-element-23373bba\" data-id=\"23373bba\" data-element_type=\"column\">\n\t\t\t<div class=\"elementor-widget-wrap elementor-element-populated\">\n\t\t\t\t\t\t<div class=\"elementor-element elementor-element-1d1f6c2 elementor-widget elementor-widget-accordion\" data-id=\"1d1f6c2\" data-element_type=\"widget\" data-widget_type=\"accordion.default\">\n\t\t\t\t<div class=\"elementor-widget-container\">\n\t\t\t\t\t\t\t<div class=\"elementor-accordion\">\n\t\t\t\t\t\t\t<div class=\"elementor-accordion-item\">\n\t\t\t\t\t<div id=\"elementor-tab-title-3051\" class=\"elementor-tab-title\" data-tab=\"1\" role=\"button\" aria-controls=\"elementor-tab-content-3051\" aria-expanded=\"false\">\n\t\t\t\t\t\t\t\t\t\t\t\t\t<span class=\"elementor-accordion-icon elementor-accordion-icon-right\" aria-hidden=\"true\">\n\t\t\t\t\t\t\t\t\t\t\t\t\t\t\t<i class=\"elementor-accordion-icon-closed fa fa-arrow-circle-o-right\"><\/i>\n\t\t\t\t\t\t\t\t<i class=\"elementor-accordion-icon-opened fa fa-arrow-circle-o-right\"><\/i>\n\t\t\t\t\t\t\t\t\t\t\t\t\t\t<\/span>\n\t\t\t\t\t\t\t\t\t\t\t\t<a class=\"elementor-accordion-title\" tabindex=\"0\">Was sind personenbezogene Daten?<\/a>\n\t\t\t\t\t<\/div>\n\t\t\t\t\t<div id=\"elementor-tab-content-3051\" class=\"elementor-tab-content elementor-clearfix\" data-tab=\"1\" role=\"region\" aria-labelledby=\"elementor-tab-title-3051\"><p>Die DSGVO gilt nur, wenn personenbezogene Daten betroffen sind. Dieser Begriff ist allerdings sehr weit gefasst (Art. 4 Nr. 1 DSGVO) und umfasst beispielsweise Informationen zu<\/p>\n<ul>\n<li>Name<\/li>\n<li>Adresse<\/li>\n<li>Telefonnummer<\/li>\n<li>Autokennzeichen<\/li>\n<li>IP-Adresse einer Person<\/li>\n<li>Rasse oder Ethnie<\/li>\n<li>politischen Meinungen<\/li>\n<li>religi\u00f6sen oder weltanschaulichen \u00dcberzeugungen<\/li>\n<li>Gewerkschaftszugeh\u00f6rigkeit<\/li>\n<li>genetischen Daten<\/li>\n<li>biometrischen Daten zu eindeutigen Identifizierung einer Person<\/li>\n<li>Gesundheitsdaten<\/li>\n<li>Daten zum Sexualleben oder der sexuellen Orientierung einer nat\u00fcrlichen Person<\/li>\n<li>Daten \u00fcber strafrechtliche Verurteilungen und Straftaten<\/li>\n<\/ul>\n<p>Dabei ist letztlich entscheiden, ob die jeweilige Information einer Person irgendwie zugeordnet und damit ein Personenbezug hergestellt werden kann.<\/p><\/div>\n\t\t\t\t<\/div>\n\t\t\t\t\t\t\t\t<\/div>\n\t\t\t\t\t\t<\/div>\n\t\t\t\t<\/div>\n\t\t\t\t\t<\/div>\n\t\t<\/div>\n\t\t\t\t<div class=\"elementor-column elementor-col-50 elementor-inner-column elementor-element elementor-element-1ecc77c6\" data-id=\"1ecc77c6\" data-element_type=\"column\">\n\t\t\t<div class=\"elementor-widget-wrap elementor-element-populated\">\n\t\t\t\t\t\t<div class=\"elementor-element elementor-element-284a77a4 elementor-widget elementor-widget-accordion\" data-id=\"284a77a4\" data-element_type=\"widget\" data-widget_type=\"accordion.default\">\n\t\t\t\t<div class=\"elementor-widget-container\">\n\t\t\t\t\t\t\t<div class=\"elementor-accordion\">\n\t\t\t\t\t\t\t<div class=\"elementor-accordion-item\">\n\t\t\t\t\t<div id=\"elementor-tab-title-6751\" class=\"elementor-tab-title\" data-tab=\"1\" role=\"button\" aria-controls=\"elementor-tab-content-6751\" aria-expanded=\"false\">\n\t\t\t\t\t\t\t\t\t\t\t\t\t<span class=\"elementor-accordion-icon elementor-accordion-icon-right\" aria-hidden=\"true\">\n\t\t\t\t\t\t\t\t\t\t\t\t\t\t\t<i class=\"elementor-accordion-icon-closed fa fa-arrow-circle-o-right\"><\/i>\n\t\t\t\t\t\t\t\t<i class=\"elementor-accordion-icon-opened fa fa-arrow-circle-o-right\"><\/i>\n\t\t\t\t\t\t\t\t\t\t\t\t\t\t<\/span>\n\t\t\t\t\t\t\t\t\t\t\t\t<a class=\"elementor-accordion-title\" tabindex=\"0\">Gibt es Ausnahmen?<\/a>\n\t\t\t\t\t<\/div>\n\t\t\t\t\t<div id=\"elementor-tab-content-6751\" class=\"elementor-tab-content elementor-clearfix\" data-tab=\"1\" role=\"region\" aria-labelledby=\"elementor-tab-title-6751\"><p>Ja. Hierzu z\u00e4hlt beispielsweise der private und famili\u00e4re Lebensbereich, also privater Schriftverkehr, ein privates Anschriftenverzeichnis oder die private Nutzung sozialer Netze und private Online-T\u00e4tigkeiten.<\/p><\/div>\n\t\t\t\t<\/div>\n\t\t\t\t\t\t\t\t<\/div>\n\t\t\t\t\t\t<\/div>\n\t\t\t\t<\/div>\n\t\t\t\t\t<\/div>\n\t\t<\/div>\n\t\t\t\t\t<\/div>\n\t\t<\/section>\n\t\t\t\t\t<\/div>\n\t\t<\/div>\n\t\t\t\t\t<\/div>\n\t\t<\/section>\n\t\t\t\t<section class=\"elementor-section elementor-top-section elementor-element elementor-element-479ab5c2 elementor-section-content-middle elementor-section-boxed elementor-section-height-default elementor-section-height-default\" data-id=\"479ab5c2\" data-element_type=\"section\">\n\t\t\t\t\t\t<div class=\"elementor-container elementor-column-gap-no\">\n\t\t\t\t\t<div class=\"elementor-column elementor-col-100 elementor-top-column elementor-element elementor-element-50081761\" data-id=\"50081761\" data-element_type=\"column\">\n\t\t\t<div class=\"elementor-widget-wrap elementor-element-populated\">\n\t\t\t\t\t\t<div class=\"elementor-element elementor-element-1f45856d elementor-widget elementor-widget-heading\" data-id=\"1f45856d\" data-element_type=\"widget\" data-widget_type=\"heading.default\">\n\t\t\t\t<div class=\"elementor-widget-container\">\n\t\t\t\t\t<h2 class=\"elementor-heading-title elementor-size-default\">Datenschutz: Rechte und Pflichten<\/h2>\t\t\t\t<\/div>\n\t\t\t\t<\/div>\n\t\t\t\t<section class=\"elementor-section elementor-inner-section elementor-element elementor-element-221e206d elementor-section-content-middle elementor-section-boxed elementor-section-height-default elementor-section-height-default\" data-id=\"221e206d\" data-element_type=\"section\">\n\t\t\t\t\t\t<div class=\"elementor-container elementor-column-gap-default\">\n\t\t\t\t\t<div class=\"elementor-column elementor-col-50 elementor-inner-column elementor-element elementor-element-784b69fe\" data-id=\"784b69fe\" data-element_type=\"column\">\n\t\t\t<div class=\"elementor-widget-wrap elementor-element-populated\">\n\t\t\t\t\t\t<div class=\"elementor-element elementor-element-9f525f9 elementor-widget elementor-widget-accordion\" data-id=\"9f525f9\" data-element_type=\"widget\" data-widget_type=\"accordion.default\">\n\t\t\t\t<div class=\"elementor-widget-container\">\n\t\t\t\t\t\t\t<div class=\"elementor-accordion\">\n\t\t\t\t\t\t\t<div class=\"elementor-accordion-item\">\n\t\t\t\t\t<div id=\"elementor-tab-title-1671\" class=\"elementor-tab-title\" data-tab=\"1\" role=\"button\" aria-controls=\"elementor-tab-content-1671\" aria-expanded=\"false\">\n\t\t\t\t\t\t\t\t\t\t\t\t\t<span class=\"elementor-accordion-icon elementor-accordion-icon-right\" aria-hidden=\"true\">\n\t\t\t\t\t\t\t\t\t\t\t\t\t\t\t<i class=\"elementor-accordion-icon-closed fa fa-arrow-circle-o-right\"><\/i>\n\t\t\t\t\t\t\t\t<i class=\"elementor-accordion-icon-opened fa fa-arrow-circle-o-right\"><\/i>\n\t\t\t\t\t\t\t\t\t\t\t\t\t\t<\/span>\n\t\t\t\t\t\t\t\t\t\t\t\t<a class=\"elementor-accordion-title\" tabindex=\"0\">Was sind Schutzziele der EU-DSGVO?<\/a>\n\t\t\t\t\t<\/div>\n\t\t\t\t\t<div id=\"elementor-tab-content-1671\" class=\"elementor-tab-content elementor-clearfix\" data-tab=\"1\" role=\"region\" aria-labelledby=\"elementor-tab-title-1671\"><p>In Art. 32 Abs. 1 b) DSGVO sind Schutzziele aufgelistet, die bei der Verarbeitung personenbezogener Daten sicherzustellen sind.\u00a0<\/p><ul><li>Vertraulichkeit, d.h. Daten sind f\u00fcr unberechtigte Dritte nicht zug\u00e4nglich.<\/li><li>Integrit\u00e4t, d.h. Daten k\u00f6nnen nicht verf\u00e4lscht werden.<\/li><li>Verf\u00fcgbarkeit, d.h. Daten stehen zur Verf\u00fcgung, wenn sie gebraucht werden.<\/li><\/ul><\/div>\n\t\t\t\t<\/div>\n\t\t\t\t\t\t\t\t<\/div>\n\t\t\t\t\t\t<\/div>\n\t\t\t\t<\/div>\n\t\t\t\t\t<\/div>\n\t\t<\/div>\n\t\t\t\t<div class=\"elementor-column elementor-col-50 elementor-inner-column elementor-element elementor-element-70f8a535\" data-id=\"70f8a535\" data-element_type=\"column\">\n\t\t\t<div class=\"elementor-widget-wrap elementor-element-populated\">\n\t\t\t\t\t\t<div class=\"elementor-element elementor-element-4c903486 elementor-widget elementor-widget-accordion\" data-id=\"4c903486\" data-element_type=\"widget\" data-widget_type=\"accordion.default\">\n\t\t\t\t<div class=\"elementor-widget-container\">\n\t\t\t\t\t\t\t<div class=\"elementor-accordion\">\n\t\t\t\t\t\t\t<div class=\"elementor-accordion-item\">\n\t\t\t\t\t<div id=\"elementor-tab-title-1281\" class=\"elementor-tab-title\" data-tab=\"1\" role=\"button\" aria-controls=\"elementor-tab-content-1281\" aria-expanded=\"false\">\n\t\t\t\t\t\t\t\t\t\t\t\t\t<span class=\"elementor-accordion-icon elementor-accordion-icon-right\" aria-hidden=\"true\">\n\t\t\t\t\t\t\t\t\t\t\t\t\t\t\t<i class=\"elementor-accordion-icon-closed fa fa-arrow-circle-o-right\"><\/i>\n\t\t\t\t\t\t\t\t<i class=\"elementor-accordion-icon-opened fa fa-arrow-circle-o-right\"><\/i>\n\t\t\t\t\t\t\t\t\t\t\t\t\t\t<\/span>\n\t\t\t\t\t\t\t\t\t\t\t\t<a class=\"elementor-accordion-title\" tabindex=\"0\">Welche Rechte haben Betroffene der Datenverarbeitung?<\/a>\n\t\t\t\t\t<\/div>\n\t\t\t\t\t<div id=\"elementor-tab-content-1281\" class=\"elementor-tab-content elementor-clearfix\" data-tab=\"1\" role=\"region\" aria-labelledby=\"elementor-tab-title-1281\"><ul>\n<li>Informationsrecht<\/li>\n<li>Auskunfts- und Widerspruchsrecht<\/li>\n<li>Recht auf Berichtigung, L\u00f6schung und Einschr\u00e4nkung<\/li>\n<li>Recht auf Daten\u00fcbertragbarkeit<\/li>\n<\/ul>\n<p>Nach Art. 23 DSGVO sind nationale Abweichungen der einzelnen Mitgliedstaaten auf bestimmten Gebieten m\u00f6glich, wie zum Beispiel bei Fragen der nationalen und \u00f6ffentlichen Sicherheit oder wichtigen Zielen des allgemeinen \u00f6ffentlichen Interesses.<\/p><\/div>\n\t\t\t\t<\/div>\n\t\t\t\t\t\t\t\t<\/div>\n\t\t\t\t\t\t<\/div>\n\t\t\t\t<\/div>\n\t\t\t\t\t<\/div>\n\t\t<\/div>\n\t\t\t\t\t<\/div>\n\t\t<\/section>\n\t\t\t\t<section class=\"elementor-section elementor-inner-section elementor-element elementor-element-1e9687c9 elementor-section-content-middle elementor-section-boxed elementor-section-height-default elementor-section-height-default\" data-id=\"1e9687c9\" data-element_type=\"section\">\n\t\t\t\t\t\t<div class=\"elementor-container elementor-column-gap-default\">\n\t\t\t\t\t<div class=\"elementor-column elementor-col-50 elementor-inner-column elementor-element elementor-element-6e38161b\" data-id=\"6e38161b\" data-element_type=\"column\">\n\t\t\t<div class=\"elementor-widget-wrap elementor-element-populated\">\n\t\t\t\t\t\t<div class=\"elementor-element elementor-element-3cf42274 elementor-widget elementor-widget-accordion\" data-id=\"3cf42274\" data-element_type=\"widget\" data-widget_type=\"accordion.default\">\n\t\t\t\t<div class=\"elementor-widget-container\">\n\t\t\t\t\t\t\t<div class=\"elementor-accordion\">\n\t\t\t\t\t\t\t<div class=\"elementor-accordion-item\">\n\t\t\t\t\t<div id=\"elementor-tab-title-1021\" class=\"elementor-tab-title\" data-tab=\"1\" role=\"button\" aria-controls=\"elementor-tab-content-1021\" aria-expanded=\"false\">\n\t\t\t\t\t\t\t\t\t\t\t\t\t<span class=\"elementor-accordion-icon elementor-accordion-icon-right\" aria-hidden=\"true\">\n\t\t\t\t\t\t\t\t\t\t\t\t\t\t\t<i class=\"elementor-accordion-icon-closed fa fa-arrow-circle-o-right\"><\/i>\n\t\t\t\t\t\t\t\t<i class=\"elementor-accordion-icon-opened fa fa-arrow-circle-o-right\"><\/i>\n\t\t\t\t\t\t\t\t\t\t\t\t\t\t<\/span>\n\t\t\t\t\t\t\t\t\t\t\t\t<a class=\"elementor-accordion-title\" tabindex=\"0\">Welche Informationspflichten bestehen nach Art. 13 DSGVO?<\/a>\n\t\t\t\t\t<\/div>\n\t\t\t\t\t<div id=\"elementor-tab-content-1021\" class=\"elementor-tab-content elementor-clearfix\" data-tab=\"1\" role=\"region\" aria-labelledby=\"elementor-tab-title-1021\"><p>Werden personenbezogene Daten beim Betroffenen erhoben, muss der Verantwortliche nach Art. 13 Abs. 1 DSGVO folgende Informationen mitteilen:<\/p>\n<ol>\n<li>Identit\u00e4t des Verantwortlichen<\/li>\n<li>Kontaktdaten des Datenschutzbeauftragten<\/li>\n<li>Verarbeitungszwecke der Daten und Rechtsgrundlage<\/li>\n<li>Berechtigtes Interesse an der Datenverarbeitung<\/li>\n<li>Konkrete Empf\u00e4nger der Daten<\/li>\n<li>\u00dcbermittlung in Drittstaaten<\/li>\n<li>Dauer der Speicherung<\/li>\n<li>Rechte der Betroffenen<\/li>\n<li>Widerrufbarkeit von Einwilligungen<\/li>\n<li>Beschwerderecht bei der Aufsichtsbeh\u00f6rde<\/li>\n<li>Verpflichtung zur Bereitstellung personenbezogener Daten<\/li>\n<li>Automatisierte Entscheidungsfindung und Profiling, sofern zutreffend<\/li>\n<\/ol><\/div>\n\t\t\t\t<\/div>\n\t\t\t\t\t\t\t\t<\/div>\n\t\t\t\t\t\t<\/div>\n\t\t\t\t<\/div>\n\t\t\t\t\t<\/div>\n\t\t<\/div>\n\t\t\t\t<div class=\"elementor-column elementor-col-50 elementor-inner-column elementor-element elementor-element-69d99548\" data-id=\"69d99548\" data-element_type=\"column\">\n\t\t\t<div class=\"elementor-widget-wrap elementor-element-populated\">\n\t\t\t\t\t\t<div class=\"elementor-element elementor-element-616b74e3 elementor-widget elementor-widget-accordion\" data-id=\"616b74e3\" data-element_type=\"widget\" data-widget_type=\"accordion.default\">\n\t\t\t\t<div class=\"elementor-widget-container\">\n\t\t\t\t\t\t\t<div class=\"elementor-accordion\">\n\t\t\t\t\t\t\t<div class=\"elementor-accordion-item\">\n\t\t\t\t\t<div id=\"elementor-tab-title-1631\" class=\"elementor-tab-title\" data-tab=\"1\" role=\"button\" aria-controls=\"elementor-tab-content-1631\" aria-expanded=\"false\">\n\t\t\t\t\t\t\t\t\t\t\t\t\t<span class=\"elementor-accordion-icon elementor-accordion-icon-right\" aria-hidden=\"true\">\n\t\t\t\t\t\t\t\t\t\t\t\t\t\t\t<i class=\"elementor-accordion-icon-closed fa fa-arrow-circle-o-right\"><\/i>\n\t\t\t\t\t\t\t\t<i class=\"elementor-accordion-icon-opened fa fa-arrow-circle-o-right\"><\/i>\n\t\t\t\t\t\t\t\t\t\t\t\t\t\t<\/span>\n\t\t\t\t\t\t\t\t\t\t\t\t<a class=\"elementor-accordion-title\" tabindex=\"0\">Wann und wie m\u00fcssen Betroffene informiert werden?<\/a>\n\t\t\t\t\t<\/div>\n\t\t\t\t\t<div id=\"elementor-tab-content-1631\" class=\"elementor-tab-content elementor-clearfix\" data-tab=\"1\" role=\"region\" aria-labelledby=\"elementor-tab-title-1631\"><p><strong>Wann m\u00fcssen Betroffene informiert werden?<\/strong><\/p><p>Bei der Direkterhebung muss der Betroffene nach Art. 13 Abs. 1 DSGVO zum Zeitpunkt der Erhebung informiert werden.<\/p><p>Werden die Daten nicht beim Betroffenen erhoben, muss der Verantwortliche die Informationen nach Art. 14 Abs. 3 DSGVO grunds\u00e4tzlich innerhalb einer angemessenen Frist, sp\u00e4testens jedoch nach einem Monat erteilen. Werden die Daten allerdings zur Kommunikation mit dem Betroffenen verwendet oder sollen an einen Empf\u00e4nger \u00fcbermittelt werden, ist die Information zwingend zum Zeitpunkt der Kontaktaufnahme oder ersten \u00dcbermittlung<\/p><p><strong>In welcher Form m\u00fcssen die Informationen bereitgestellt werden?<\/strong><\/p><p>Nach Art. 12 DSGVO sind die oben dargestellten Informationen in pr\u00e4ziser, transparenter, verst\u00e4ndlicher und leicht zug\u00e4nglicher Form zu erteilen. Dabei k\u00f6nnen sie schriftlich oder in elektronischer Form an den Betroffenen \u00fcbermittelt werden.<\/p><\/div>\n\t\t\t\t<\/div>\n\t\t\t\t\t\t\t\t<\/div>\n\t\t\t\t\t\t<\/div>\n\t\t\t\t<\/div>\n\t\t\t\t\t<\/div>\n\t\t<\/div>\n\t\t\t\t\t<\/div>\n\t\t<\/section>\n\t\t\t\t<section class=\"elementor-section elementor-inner-section elementor-element elementor-element-17d023ac elementor-section-content-middle elementor-section-boxed elementor-section-height-default elementor-section-height-default\" data-id=\"17d023ac\" data-element_type=\"section\">\n\t\t\t\t\t\t<div class=\"elementor-container elementor-column-gap-default\">\n\t\t\t\t\t<div class=\"elementor-column elementor-col-50 elementor-inner-column elementor-element elementor-element-2f79bacd\" data-id=\"2f79bacd\" data-element_type=\"column\">\n\t\t\t<div class=\"elementor-widget-wrap elementor-element-populated\">\n\t\t\t\t\t\t<div class=\"elementor-element elementor-element-4f3e6b98 elementor-widget elementor-widget-accordion\" data-id=\"4f3e6b98\" data-element_type=\"widget\" data-widget_type=\"accordion.default\">\n\t\t\t\t<div class=\"elementor-widget-container\">\n\t\t\t\t\t\t\t<div class=\"elementor-accordion\">\n\t\t\t\t\t\t\t<div class=\"elementor-accordion-item\">\n\t\t\t\t\t<div id=\"elementor-tab-title-1321\" class=\"elementor-tab-title\" data-tab=\"1\" role=\"button\" aria-controls=\"elementor-tab-content-1321\" aria-expanded=\"false\">\n\t\t\t\t\t\t\t\t\t\t\t\t\t<span class=\"elementor-accordion-icon elementor-accordion-icon-right\" aria-hidden=\"true\">\n\t\t\t\t\t\t\t\t\t\t\t\t\t\t\t<i class=\"elementor-accordion-icon-closed fa fa-arrow-circle-o-right\"><\/i>\n\t\t\t\t\t\t\t\t<i class=\"elementor-accordion-icon-opened fa fa-arrow-circle-o-right\"><\/i>\n\t\t\t\t\t\t\t\t\t\t\t\t\t\t<\/span>\n\t\t\t\t\t\t\t\t\t\t\t\t<a class=\"elementor-accordion-title\" tabindex=\"0\">Gibt es Ausnahmen von der Informationspflicht?<\/a>\n\t\t\t\t\t<\/div>\n\t\t\t\t\t<div id=\"elementor-tab-content-1321\" class=\"elementor-tab-content elementor-clearfix\" data-tab=\"1\" role=\"region\" aria-labelledby=\"elementor-tab-title-1321\"><p>Ja. Soweit die Daten nicht beim Betroffenen erhoben werden, sind die Informationspflichten gem\u00e4\u00df Art. 14 Abs. 5 DSGVO in drei F\u00e4llen entbehrlich:<\/p><ul><li>Die Information ist unm\u00f6glich oder unverh\u00e4ltnism\u00e4\u00dfig aufwendig.<\/li><li>Die Erhebung oder \u00dcbermittlung ist gesetzlich vorgeschrieben.<\/li><li>Es besteht ein Berufsgeheimnis oder eine sonstige satzungsm\u00e4\u00dfige Geheimhaltungspflicht.<\/li><\/ul><\/div>\n\t\t\t\t<\/div>\n\t\t\t\t\t\t\t\t<\/div>\n\t\t\t\t\t\t<\/div>\n\t\t\t\t<\/div>\n\t\t\t\t\t<\/div>\n\t\t<\/div>\n\t\t\t\t<div class=\"elementor-column elementor-col-50 elementor-inner-column elementor-element elementor-element-3d4ccaf5\" data-id=\"3d4ccaf5\" data-element_type=\"column\">\n\t\t\t<div class=\"elementor-widget-wrap\">\n\t\t\t\t\t\t\t<\/div>\n\t\t<\/div>\n\t\t\t\t\t<\/div>\n\t\t<\/section>\n\t\t\t\t\t<\/div>\n\t\t<\/div>\n\t\t\t\t\t<\/div>\n\t\t<\/section>\n\t\t\t\t<section class=\"elementor-section elementor-top-section elementor-element elementor-element-5ca7797 elementor-section-content-middle elementor-section-boxed elementor-section-height-default elementor-section-height-default\" data-id=\"5ca7797\" data-element_type=\"section\">\n\t\t\t\t\t\t<div class=\"elementor-container elementor-column-gap-no\">\n\t\t\t\t\t<div class=\"elementor-column elementor-col-100 elementor-top-column elementor-element elementor-element-2cdef82d\" data-id=\"2cdef82d\" data-element_type=\"column\">\n\t\t\t<div class=\"elementor-widget-wrap elementor-element-populated\">\n\t\t\t\t\t\t<div class=\"elementor-element elementor-element-acd3e54 elementor-widget elementor-widget-heading\" data-id=\"acd3e54\" data-element_type=\"widget\" data-widget_type=\"heading.default\">\n\t\t\t\t<div class=\"elementor-widget-container\">\n\t\t\t\t\t<h2 class=\"elementor-heading-title elementor-size-default\">Datenschutzbeauftragter (DSB)<\/h2>\t\t\t\t<\/div>\n\t\t\t\t<\/div>\n\t\t\t\t<section class=\"elementor-section elementor-inner-section elementor-element elementor-element-59405854 elementor-section-content-middle elementor-section-boxed elementor-section-height-default elementor-section-height-default\" data-id=\"59405854\" data-element_type=\"section\">\n\t\t\t\t\t\t<div class=\"elementor-container elementor-column-gap-default\">\n\t\t\t\t\t<div class=\"elementor-column elementor-col-50 elementor-inner-column elementor-element elementor-element-49ddd1b9\" data-id=\"49ddd1b9\" data-element_type=\"column\">\n\t\t\t<div class=\"elementor-widget-wrap elementor-element-populated\">\n\t\t\t\t\t\t<div class=\"elementor-element elementor-element-7091fca elementor-widget elementor-widget-accordion\" data-id=\"7091fca\" data-element_type=\"widget\" data-widget_type=\"accordion.default\">\n\t\t\t\t<div class=\"elementor-widget-container\">\n\t\t\t\t\t\t\t<div class=\"elementor-accordion\">\n\t\t\t\t\t\t\t<div class=\"elementor-accordion-item\">\n\t\t\t\t\t<div id=\"elementor-tab-title-1181\" class=\"elementor-tab-title\" data-tab=\"1\" role=\"button\" aria-controls=\"elementor-tab-content-1181\" aria-expanded=\"false\">\n\t\t\t\t\t\t\t\t\t\t\t\t\t<span class=\"elementor-accordion-icon elementor-accordion-icon-right\" aria-hidden=\"true\">\n\t\t\t\t\t\t\t\t\t\t\t\t\t\t\t<i class=\"elementor-accordion-icon-closed fa fa-arrow-circle-o-right\"><\/i>\n\t\t\t\t\t\t\t\t<i class=\"elementor-accordion-icon-opened fa fa-arrow-circle-o-right\"><\/i>\n\t\t\t\t\t\t\t\t\t\t\t\t\t\t<\/span>\n\t\t\t\t\t\t\t\t\t\t\t\t<a class=\"elementor-accordion-title\" tabindex=\"0\">Was ist ein Datenschutzbeauftragter (DSB)?<\/a>\n\t\t\t\t\t<\/div>\n\t\t\t\t\t<div id=\"elementor-tab-content-1181\" class=\"elementor-tab-content elementor-clearfix\" data-tab=\"1\" role=\"region\" aria-labelledby=\"elementor-tab-title-1181\"><p>Ein Datenschutzbeauftragter (DSB) wirkt in einer Organisation auf die Einhaltung des Datenschutzes hin.<\/p><\/div>\n\t\t\t\t<\/div>\n\t\t\t\t\t\t\t\t<\/div>\n\t\t\t\t\t\t<\/div>\n\t\t\t\t<\/div>\n\t\t\t\t\t<\/div>\n\t\t<\/div>\n\t\t\t\t<div class=\"elementor-column elementor-col-50 elementor-inner-column elementor-element elementor-element-2081704b\" data-id=\"2081704b\" data-element_type=\"column\">\n\t\t\t<div class=\"elementor-widget-wrap elementor-element-populated\">\n\t\t\t\t\t\t<div class=\"elementor-element elementor-element-2337b705 elementor-widget elementor-widget-accordion\" data-id=\"2337b705\" data-element_type=\"widget\" data-widget_type=\"accordion.default\">\n\t\t\t\t<div class=\"elementor-widget-container\">\n\t\t\t\t\t\t\t<div class=\"elementor-accordion\">\n\t\t\t\t\t\t\t<div class=\"elementor-accordion-item\">\n\t\t\t\t\t<div id=\"elementor-tab-title-5901\" class=\"elementor-tab-title\" data-tab=\"1\" role=\"button\" aria-controls=\"elementor-tab-content-5901\" aria-expanded=\"false\">\n\t\t\t\t\t\t\t\t\t\t\t\t\t<span class=\"elementor-accordion-icon elementor-accordion-icon-right\" aria-hidden=\"true\">\n\t\t\t\t\t\t\t\t\t\t\t\t\t\t\t<i class=\"elementor-accordion-icon-closed fa fa-arrow-circle-o-right\"><\/i>\n\t\t\t\t\t\t\t\t<i class=\"elementor-accordion-icon-opened fa fa-arrow-circle-o-right\"><\/i>\n\t\t\t\t\t\t\t\t\t\t\t\t\t\t<\/span>\n\t\t\t\t\t\t\t\t\t\t\t\t<a class=\"elementor-accordion-title\" tabindex=\"0\">Aufgaben und Pflichten<\/a>\n\t\t\t\t\t<\/div>\n\t\t\t\t\t<div id=\"elementor-tab-content-5901\" class=\"elementor-tab-content elementor-clearfix\" data-tab=\"1\" role=\"region\" aria-labelledby=\"elementor-tab-title-5901\"><p>Die Aufgaben und Pflichten eines betrieblichen Datenschutzbeauftragten sind laut Art. 39 DSGVO:<\/p>\n<ul>\n<li>Unterrichtung und Beratung der Verantwortlichen, der Auftragsverarbeiter und der Besch\u00e4ftigten<\/li>\n<li>\u00dcberwachung der Einhaltung der DSGVO und nationaler Sonderregelungen<\/li>\n<li>Beratung und \u00dcberwachung im Zusammenhang mit der Datenschutz-Folgenabsch\u00e4tzung<\/li>\n<li>Sensibilisierung und Schulung der Mitarbeitenden<\/li>\n<li>Auf Anfrage: Beratung und Erstellung von Datenschutz-Folgenabsch\u00e4tzungen und Ansprechpartner f\u00fcr Aufsichtsbeh\u00f6rden<\/li>\n<\/ul>\n<p>Der DSB unterliegt dem besonderen K\u00fcndigungsschutz und der Verschwiegenheitspflicht und hat ein Zeugnisverweigerungsrecht.<\/p><\/div>\n\t\t\t\t<\/div>\n\t\t\t\t\t\t\t\t<\/div>\n\t\t\t\t\t\t<\/div>\n\t\t\t\t<\/div>\n\t\t\t\t\t<\/div>\n\t\t<\/div>\n\t\t\t\t\t<\/div>\n\t\t<\/section>\n\t\t\t\t<section class=\"elementor-section elementor-inner-section elementor-element elementor-element-654ebc29 elementor-section-content-middle elementor-section-boxed elementor-section-height-default elementor-section-height-default\" data-id=\"654ebc29\" data-element_type=\"section\">\n\t\t\t\t\t\t<div class=\"elementor-container elementor-column-gap-default\">\n\t\t\t\t\t<div class=\"elementor-column elementor-col-50 elementor-inner-column elementor-element elementor-element-53257dc7\" data-id=\"53257dc7\" data-element_type=\"column\">\n\t\t\t<div class=\"elementor-widget-wrap elementor-element-populated\">\n\t\t\t\t\t\t<div class=\"elementor-element elementor-element-5ad92965 elementor-widget elementor-widget-accordion\" data-id=\"5ad92965\" data-element_type=\"widget\" data-widget_type=\"accordion.default\">\n\t\t\t\t<div class=\"elementor-widget-container\">\n\t\t\t\t\t\t\t<div class=\"elementor-accordion\">\n\t\t\t\t\t\t\t<div class=\"elementor-accordion-item\">\n\t\t\t\t\t<div id=\"elementor-tab-title-1521\" class=\"elementor-tab-title\" data-tab=\"1\" role=\"button\" aria-controls=\"elementor-tab-content-1521\" aria-expanded=\"false\">\n\t\t\t\t\t\t\t\t\t\t\t\t\t<span class=\"elementor-accordion-icon elementor-accordion-icon-right\" aria-hidden=\"true\">\n\t\t\t\t\t\t\t\t\t\t\t\t\t\t\t<i class=\"elementor-accordion-icon-closed fa fa-arrow-circle-o-right\"><\/i>\n\t\t\t\t\t\t\t\t<i class=\"elementor-accordion-icon-opened fa fa-arrow-circle-o-right\"><\/i>\n\t\t\t\t\t\t\t\t\t\t\t\t\t\t<\/span>\n\t\t\t\t\t\t\t\t\t\t\t\t<a class=\"elementor-accordion-title\" tabindex=\"0\">Wann muss ein DSB benannt werden?<\/a>\n\t\t\t\t\t<\/div>\n\t\t\t\t\t<div id=\"elementor-tab-content-1521\" class=\"elementor-tab-content elementor-clearfix\" data-tab=\"1\" role=\"region\" aria-labelledby=\"elementor-tab-title-1521\"><p>Artikel 37 ff. der EU-DSGVO sieht europaweit grunds\u00e4tzlich eine Verpflichtung zur Bestellung eines betrieblichen Datenschutzbeauftragten vor, wenn das Gesch\u00e4ftsmodell des betreffenden Unternehmens im Kern auf der systematischen \u00dcberwachung oder Verarbeitung personenbezogener Daten beruht.<\/p><p>Die Pflicht zur Benennung eines DSB besteht nach \u00a7 38 BDSG-neu grunds\u00e4tzlich, wenn mindestens 20 Personen in einem Unternehmen st\u00e4ndig mit der automatisierten Datenverarbeitung besch\u00e4ftigt sind. Die EU-DSGVO enth\u00e4lt jedoch einen Katalog neuer Bestellungspflichten; aus diesem Grund sollten auch Unternehmen mit weniger als 10 Mitarbeitern pr\u00fcfen, ob sie verpflichtet sind, einen Datenschutzbeauftragten zu bestellen.<\/p><\/div>\n\t\t\t\t<\/div>\n\t\t\t\t\t\t\t\t<\/div>\n\t\t\t\t\t\t<\/div>\n\t\t\t\t<\/div>\n\t\t\t\t\t<\/div>\n\t\t<\/div>\n\t\t\t\t<div class=\"elementor-column elementor-col-50 elementor-inner-column elementor-element elementor-element-33d5b792\" data-id=\"33d5b792\" data-element_type=\"column\">\n\t\t\t<div class=\"elementor-widget-wrap elementor-element-populated\">\n\t\t\t\t\t\t<div class=\"elementor-element elementor-element-1d3f0fa4 elementor-widget elementor-widget-accordion\" data-id=\"1d3f0fa4\" data-element_type=\"widget\" data-widget_type=\"accordion.default\">\n\t\t\t\t<div class=\"elementor-widget-container\">\n\t\t\t\t\t\t\t<div class=\"elementor-accordion\">\n\t\t\t\t\t\t\t<div class=\"elementor-accordion-item\">\n\t\t\t\t\t<div id=\"elementor-tab-title-4901\" class=\"elementor-tab-title\" data-tab=\"1\" role=\"button\" aria-controls=\"elementor-tab-content-4901\" aria-expanded=\"false\">\n\t\t\t\t\t\t\t\t\t\t\t\t\t<span class=\"elementor-accordion-icon elementor-accordion-icon-right\" aria-hidden=\"true\">\n\t\t\t\t\t\t\t\t\t\t\t\t\t\t\t<i class=\"elementor-accordion-icon-closed fa fa-arrow-circle-o-right\"><\/i>\n\t\t\t\t\t\t\t\t<i class=\"elementor-accordion-icon-opened fa fa-arrow-circle-o-right\"><\/i>\n\t\t\t\t\t\t\t\t\t\t\t\t\t\t<\/span>\n\t\t\t\t\t\t\t\t\t\t\t\t<a class=\"elementor-accordion-title\" tabindex=\"0\">Wer kann DSB werden?<\/a>\n\t\t\t\t\t<\/div>\n\t\t\t\t\t<div id=\"elementor-tab-content-4901\" class=\"elementor-tab-content elementor-clearfix\" data-tab=\"1\" role=\"region\" aria-labelledby=\"elementor-tab-title-4901\"><p>\u00a0\u201eDer Datenschutzbeauftragte wird auf der Grundlage seiner beruflichen Qualifikation und insbesondere des Fachwissens benannt, das er auf dem Gebiet des Datenschutzrechts und der Datenschutzpraxis besitzt, [\u2026]\u201c (Art. 37, Abs. 5, DSGVO)<\/p>\n<p>Seit der DSGVO ist es also sehr einfach, DSB zu werden: Vereinfacht gesagt, kann jede Person, die entweder theoretisch oder praktisch Ahnung hat, DSB werden. Fazit: Werden Sie DSB \u2013 oder engagieren Sie Christian Allner!<\/p><\/div>\n\t\t\t\t<\/div>\n\t\t\t\t\t\t\t\t<\/div>\n\t\t\t\t\t\t<\/div>\n\t\t\t\t<\/div>\n\t\t\t\t\t<\/div>\n\t\t<\/div>\n\t\t\t\t\t<\/div>\n\t\t<\/section>\n\t\t\t\t<section class=\"elementor-section elementor-inner-section elementor-element elementor-element-7478b3e elementor-section-content-middle elementor-section-boxed elementor-section-height-default elementor-section-height-default\" data-id=\"7478b3e\" data-element_type=\"section\">\n\t\t\t\t\t\t<div class=\"elementor-container elementor-column-gap-default\">\n\t\t\t\t\t<div class=\"elementor-column elementor-col-50 elementor-inner-column elementor-element elementor-element-5f4207fb\" data-id=\"5f4207fb\" data-element_type=\"column\">\n\t\t\t<div class=\"elementor-widget-wrap elementor-element-populated\">\n\t\t\t\t\t\t<div class=\"elementor-element elementor-element-1987bc8d elementor-widget elementor-widget-accordion\" data-id=\"1987bc8d\" data-element_type=\"widget\" data-widget_type=\"accordion.default\">\n\t\t\t\t<div class=\"elementor-widget-container\">\n\t\t\t\t\t\t\t<div class=\"elementor-accordion\">\n\t\t\t\t\t\t\t<div class=\"elementor-accordion-item\">\n\t\t\t\t\t<div id=\"elementor-tab-title-4281\" class=\"elementor-tab-title\" data-tab=\"1\" role=\"button\" aria-controls=\"elementor-tab-content-4281\" aria-expanded=\"false\">\n\t\t\t\t\t\t\t\t\t\t\t\t\t<span class=\"elementor-accordion-icon elementor-accordion-icon-right\" aria-hidden=\"true\">\n\t\t\t\t\t\t\t\t\t\t\t\t\t\t\t<i class=\"elementor-accordion-icon-closed fa fa-arrow-circle-o-right\"><\/i>\n\t\t\t\t\t\t\t\t<i class=\"elementor-accordion-icon-opened fa fa-arrow-circle-o-right\"><\/i>\n\t\t\t\t\t\t\t\t\t\t\t\t\t\t<\/span>\n\t\t\t\t\t\t\t\t\t\t\t\t<a class=\"elementor-accordion-title\" tabindex=\"0\">Was ist besser: interner oder externer DSB?<\/a>\n\t\t\t\t\t<\/div>\n\t\t\t\t\t<div id=\"elementor-tab-content-4281\" class=\"elementor-tab-content elementor-clearfix\" data-tab=\"1\" role=\"region\" aria-labelledby=\"elementor-tab-title-4281\"><p>Grunds\u00e4tzlich kann ein Unternehmen w\u00e4hlen, ob die Position des betrieblichen DSB intern oder extern besetzt wird. Ein DSB muss der Gesch\u00e4ftsleitung Bericht erstatten, ggf. auch kritisch. Bei einem internen DSB kann es dabei zu Interessenkonflikten kommen. Die Benennung eines externen DSB bietet mehrere Vorteile: Unternehmen k\u00f6nnen sich auf ihr Kerngesch\u00e4ft konzentrieren und vom spezifischen Fachwissen eines externen DSB profitieren.<\/p><\/div>\n\t\t\t\t<\/div>\n\t\t\t\t\t\t\t\t<\/div>\n\t\t\t\t\t\t<\/div>\n\t\t\t\t<\/div>\n\t\t\t\t\t<\/div>\n\t\t<\/div>\n\t\t\t\t<div class=\"elementor-column elementor-col-50 elementor-inner-column elementor-element elementor-element-29ff75e5\" data-id=\"29ff75e5\" data-element_type=\"column\">\n\t\t\t<div class=\"elementor-widget-wrap elementor-element-populated\">\n\t\t\t\t\t\t<div class=\"elementor-element elementor-element-222449ea elementor-widget elementor-widget-accordion\" data-id=\"222449ea\" data-element_type=\"widget\" data-widget_type=\"accordion.default\">\n\t\t\t\t<div class=\"elementor-widget-container\">\n\t\t\t\t\t\t\t<div class=\"elementor-accordion\">\n\t\t\t\t\t\t\t<div class=\"elementor-accordion-item\">\n\t\t\t\t\t<div id=\"elementor-tab-title-5721\" class=\"elementor-tab-title\" data-tab=\"1\" role=\"button\" aria-controls=\"elementor-tab-content-5721\" aria-expanded=\"false\">\n\t\t\t\t\t\t\t\t\t\t\t\t\t<span class=\"elementor-accordion-icon elementor-accordion-icon-right\" aria-hidden=\"true\">\n\t\t\t\t\t\t\t\t\t\t\t\t\t\t\t<i class=\"elementor-accordion-icon-closed fa fa-arrow-circle-o-right\"><\/i>\n\t\t\t\t\t\t\t\t<i class=\"elementor-accordion-icon-opened fa fa-arrow-circle-o-right\"><\/i>\n\t\t\t\t\t\t\t\t\t\t\t\t\t\t<\/span>\n\t\t\t\t\t\t\t\t\t\t\t\t<a class=\"elementor-accordion-title\" tabindex=\"0\">Welche Sanktionen drohen, wenn kein DSb benannt wird?<\/a>\n\t\t\t\t\t<\/div>\n\t\t\t\t\t<div id=\"elementor-tab-content-5721\" class=\"elementor-tab-content elementor-clearfix\" data-tab=\"1\" role=\"region\" aria-labelledby=\"elementor-tab-title-5721\"><p>Die vors\u00e4tzliche oder fahrl\u00e4ssige Vers\u00e4umnis, einen betrieblichen DSB zu bestellen, diesen nicht in der vorgeschrieben Weise oder nicht rechtzeitig zu bestellen, wird gem\u00e4\u00df Art. 83 Abs. 4 DSGVO mit einem Bu\u00dfgeld von bis zu 10 Mio \u20ac oder 2 % des weltweiten Jahresumsatzes geahndet, je nachdem, welcher Betrag h\u00f6her ist.<\/p><\/div>\n\t\t\t\t<\/div>\n\t\t\t\t\t\t\t\t<\/div>\n\t\t\t\t\t\t<\/div>\n\t\t\t\t<\/div>\n\t\t\t\t\t<\/div>\n\t\t<\/div>\n\t\t\t\t\t<\/div>\n\t\t<\/section>\n\t\t\t\t\t<\/div>\n\t\t<\/div>\n\t\t\t\t\t<\/div>\n\t\t<\/section>\n\t\t\t\t<section class=\"elementor-section elementor-top-section elementor-element elementor-element-50bb892 elementor-section-content-middle elementor-section-boxed elementor-section-height-default elementor-section-height-default\" data-id=\"50bb892\" data-element_type=\"section\">\n\t\t\t\t\t\t<div class=\"elementor-container elementor-column-gap-no\">\n\t\t\t\t\t<div class=\"elementor-column elementor-col-100 elementor-top-column elementor-element elementor-element-7508d19b\" data-id=\"7508d19b\" data-element_type=\"column\">\n\t\t\t<div class=\"elementor-widget-wrap elementor-element-populated\">\n\t\t\t\t\t\t<div class=\"elementor-element elementor-element-adaf788 elementor-widget elementor-widget-heading\" data-id=\"adaf788\" data-element_type=\"widget\" data-widget_type=\"heading.default\">\n\t\t\t\t<div class=\"elementor-widget-container\">\n\t\t\t\t\t<h2 class=\"elementor-heading-title elementor-size-default\">Sanktionen<\/h2>\t\t\t\t<\/div>\n\t\t\t\t<\/div>\n\t\t\t\t<section class=\"elementor-section elementor-inner-section elementor-element elementor-element-1b410602 elementor-section-content-middle elementor-section-boxed elementor-section-height-default elementor-section-height-default\" data-id=\"1b410602\" data-element_type=\"section\">\n\t\t\t\t\t\t<div class=\"elementor-container elementor-column-gap-default\">\n\t\t\t\t\t<div class=\"elementor-column elementor-col-50 elementor-inner-column elementor-element elementor-element-697b3fe1\" data-id=\"697b3fe1\" data-element_type=\"column\">\n\t\t\t<div class=\"elementor-widget-wrap elementor-element-populated\">\n\t\t\t\t\t\t<div class=\"elementor-element elementor-element-64272fef elementor-widget elementor-widget-accordion\" data-id=\"64272fef\" data-element_type=\"widget\" data-widget_type=\"accordion.default\">\n\t\t\t\t<div class=\"elementor-widget-container\">\n\t\t\t\t\t\t\t<div class=\"elementor-accordion\">\n\t\t\t\t\t\t\t<div class=\"elementor-accordion-item\">\n\t\t\t\t\t<div id=\"elementor-tab-title-1681\" class=\"elementor-tab-title\" data-tab=\"1\" role=\"button\" aria-controls=\"elementor-tab-content-1681\" aria-expanded=\"false\">\n\t\t\t\t\t\t\t\t\t\t\t\t\t<span class=\"elementor-accordion-icon elementor-accordion-icon-right\" aria-hidden=\"true\">\n\t\t\t\t\t\t\t\t\t\t\t\t\t\t\t<i class=\"elementor-accordion-icon-closed fa fa-arrow-circle-o-right\"><\/i>\n\t\t\t\t\t\t\t\t<i class=\"elementor-accordion-icon-opened fa fa-arrow-circle-o-right\"><\/i>\n\t\t\t\t\t\t\t\t\t\t\t\t\t\t<\/span>\n\t\t\t\t\t\t\t\t\t\t\t\t<a class=\"elementor-accordion-title\" tabindex=\"0\">Welche Sanktionen gibt es?<\/a>\n\t\t\t\t\t<\/div>\n\t\t\t\t\t<div id=\"elementor-tab-content-1681\" class=\"elementor-tab-content elementor-clearfix\" data-tab=\"1\" role=\"region\" aria-labelledby=\"elementor-tab-title-1681\"><p>Die DSGVO er\u00f6ffnet die M\u00f6glichkeit, im Vergleich zum BDSG-alt deutlich h\u00f6here Bu\u00dfgelder zu verh\u00e4ngen. Die maximale Geldbu\u00dfe im Rahmen von Art. 83 DSGVO betr\u00e4gt dabei 20 Millionen Euro oder bis zu 4% des gesamten weltweit erzielten Jahresumsatzes im vorangegangenen Gesch\u00e4ftsjahr; je nachdem, welcher Wert der h\u00f6here ist.<\/p>\n<p>Zum Beispiel wird die vors\u00e4tzliche oder fahrl\u00e4ssige Vers\u00e4umnis, einen betrieblichen Datenschutzbeauftragten zu bestellen, diesen nicht in der vorgeschrieben Weise oder nicht rechtzeitig zu bestellen, gem\u00e4\u00df DSGVO mit einem Bu\u00dfgeld von bis zu 10 Mio \u20ac oder 2 % des weltweiten Jahresumsatzes geahndet (je nachdem, welcher Betrag h\u00f6her ist, vgl. Art. 83 Abs. 4 lit. A DSGVO).<\/p><\/div>\n\t\t\t\t<\/div>\n\t\t\t\t\t\t\t\t<\/div>\n\t\t\t\t\t\t<\/div>\n\t\t\t\t<\/div>\n\t\t\t\t\t<\/div>\n\t\t<\/div>\n\t\t\t\t<div class=\"elementor-column elementor-col-50 elementor-inner-column elementor-element elementor-element-48156824\" data-id=\"48156824\" data-element_type=\"column\">\n\t\t\t<div class=\"elementor-widget-wrap elementor-element-populated\">\n\t\t\t\t\t\t<div class=\"elementor-element elementor-element-39314e38 elementor-widget elementor-widget-accordion\" data-id=\"39314e38\" data-element_type=\"widget\" data-widget_type=\"accordion.default\">\n\t\t\t\t<div class=\"elementor-widget-container\">\n\t\t\t\t\t\t\t<div class=\"elementor-accordion\">\n\t\t\t\t\t\t\t<div class=\"elementor-accordion-item\">\n\t\t\t\t\t<div id=\"elementor-tab-title-9591\" class=\"elementor-tab-title\" data-tab=\"1\" role=\"button\" aria-controls=\"elementor-tab-content-9591\" aria-expanded=\"false\">\n\t\t\t\t\t\t\t\t\t\t\t\t\t<span class=\"elementor-accordion-icon elementor-accordion-icon-right\" aria-hidden=\"true\">\n\t\t\t\t\t\t\t\t\t\t\t\t\t\t\t<i class=\"elementor-accordion-icon-closed fa fa-arrow-circle-o-right\"><\/i>\n\t\t\t\t\t\t\t\t<i class=\"elementor-accordion-icon-opened fa fa-arrow-circle-o-right\"><\/i>\n\t\t\t\t\t\t\t\t\t\t\t\t\t\t<\/span>\n\t\t\t\t\t\t\t\t\t\t\t\t<a class=\"elementor-accordion-title\" tabindex=\"0\">Sanktionen vorbeugen<\/a>\n\t\t\t\t\t<\/div>\n\t\t\t\t\t<div id=\"elementor-tab-content-9591\" class=\"elementor-tab-content elementor-clearfix\" data-tab=\"1\" role=\"region\" aria-labelledby=\"elementor-tab-title-9591\"><p>Ein Unternehmen sollte sich professionell datenschutzrechtlich beraten lassen und regelm\u00e4\u00dfige Compliance-Audits durchf\u00fchren. Zudem sollten Datenverarbeitungsprozesse, Datenfl\u00fcsse und der Datenbestand dokumentiert und die innerbetriebliche Organisation so gestaltet werden, dass datenschutzrechtliche Belange von vornherein ber\u00fccksichtigt werden. DER Datenschutzbeauftragte Christian Alllner hilft Ihnen bei diesen Aufgaben und steht Ihnen mit kompetenter Beratung zur Seite.<\/p><\/div>\n\t\t\t\t<\/div>\n\t\t\t\t\t\t\t\t<\/div>\n\t\t\t\t\t\t<\/div>\n\t\t\t\t<\/div>\n\t\t\t\t\t<\/div>\n\t\t<\/div>\n\t\t\t\t\t<\/div>\n\t\t<\/section>\n\t\t\t\t\t<\/div>\n\t\t<\/div>\n\t\t\t\t\t<\/div>\n\t\t<\/section>\n\t\t\t\t<section class=\"elementor-section elementor-top-section elementor-element elementor-element-475e8187 elementor-section-content-middle elementor-section-boxed elementor-section-height-default elementor-section-height-default\" data-id=\"475e8187\" data-element_type=\"section\">\n\t\t\t\t\t\t<div class=\"elementor-container elementor-column-gap-no\">\n\t\t\t\t\t<div class=\"elementor-column elementor-col-100 elementor-top-column elementor-element elementor-element-6d61a899\" data-id=\"6d61a899\" data-element_type=\"column\">\n\t\t\t<div class=\"elementor-widget-wrap elementor-element-populated\">\n\t\t\t\t\t\t<div class=\"elementor-element elementor-element-76290a53 elementor-widget elementor-widget-heading\" data-id=\"76290a53\" data-element_type=\"widget\" data-widget_type=\"heading.default\">\n\t\t\t\t<div class=\"elementor-widget-container\">\n\t\t\t\t\t<h2 class=\"elementor-heading-title elementor-size-default\">Datenschutz-Folgenabsch\u00e4tzung (DSFA)<\/h2>\t\t\t\t<\/div>\n\t\t\t\t<\/div>\n\t\t\t\t<section class=\"elementor-section elementor-inner-section elementor-element elementor-element-71193bcf elementor-section-content-middle elementor-section-boxed elementor-section-height-default elementor-section-height-default\" data-id=\"71193bcf\" data-element_type=\"section\">\n\t\t\t\t\t\t<div class=\"elementor-container elementor-column-gap-default\">\n\t\t\t\t\t<div class=\"elementor-column elementor-col-50 elementor-inner-column elementor-element elementor-element-344d8e4\" data-id=\"344d8e4\" data-element_type=\"column\">\n\t\t\t<div class=\"elementor-widget-wrap elementor-element-populated\">\n\t\t\t\t\t\t<div class=\"elementor-element elementor-element-66de3c1c elementor-widget elementor-widget-accordion\" data-id=\"66de3c1c\" data-element_type=\"widget\" data-widget_type=\"accordion.default\">\n\t\t\t\t<div class=\"elementor-widget-container\">\n\t\t\t\t\t\t\t<div class=\"elementor-accordion\">\n\t\t\t\t\t\t\t<div class=\"elementor-accordion-item\">\n\t\t\t\t\t<div id=\"elementor-tab-title-1721\" class=\"elementor-tab-title\" data-tab=\"1\" role=\"button\" aria-controls=\"elementor-tab-content-1721\" aria-expanded=\"false\">\n\t\t\t\t\t\t\t\t\t\t\t\t\t<span class=\"elementor-accordion-icon elementor-accordion-icon-right\" aria-hidden=\"true\">\n\t\t\t\t\t\t\t\t\t\t\t\t\t\t\t<i class=\"elementor-accordion-icon-closed fa fa-arrow-circle-o-right\"><\/i>\n\t\t\t\t\t\t\t\t<i class=\"elementor-accordion-icon-opened fa fa-arrow-circle-o-right\"><\/i>\n\t\t\t\t\t\t\t\t\t\t\t\t\t\t<\/span>\n\t\t\t\t\t\t\t\t\t\t\t\t<a class=\"elementor-accordion-title\" tabindex=\"0\">Was ist eine Datenschutz-Folgenabsch\u00e4tzung (DSFA)?<\/a>\n\t\t\t\t\t<\/div>\n\t\t\t\t\t<div id=\"elementor-tab-content-1721\" class=\"elementor-tab-content elementor-clearfix\" data-tab=\"1\" role=\"region\" aria-labelledby=\"elementor-tab-title-1721\"><p>Mit der EU-DSGVO wurde 2018 das neue Instrument der Datenschutz-Folgenabsch\u00e4tzung eingef\u00fchrt (auch DSFA, siehe Art. 35 DSGVO). Sie dient der Bewertung von Risiken und deren m\u00f6glicher Folgen f\u00fcr die pers\u00f6nlichen Rechte und Freiheiten der Betroffenen. Im Grunde entspricht sie der auch fr\u00fcher schon im deutschen Datenschutzrecht bekannten Vorabkontrolle zur Rechtm\u00e4\u00dfigkeit der Datenverarbeitung (\u00a7 4d Abs. 5 BDSG).<\/p><\/div>\n\t\t\t\t<\/div>\n\t\t\t\t\t\t\t\t<\/div>\n\t\t\t\t\t\t<\/div>\n\t\t\t\t<\/div>\n\t\t\t\t\t<\/div>\n\t\t<\/div>\n\t\t\t\t<div class=\"elementor-column elementor-col-50 elementor-inner-column elementor-element elementor-element-526c909c\" data-id=\"526c909c\" data-element_type=\"column\">\n\t\t\t<div class=\"elementor-widget-wrap elementor-element-populated\">\n\t\t\t\t\t\t<div class=\"elementor-element elementor-element-18e05f7a elementor-widget elementor-widget-accordion\" data-id=\"18e05f7a\" data-element_type=\"widget\" data-widget_type=\"accordion.default\">\n\t\t\t\t<div class=\"elementor-widget-container\">\n\t\t\t\t\t\t\t<div class=\"elementor-accordion\">\n\t\t\t\t\t\t\t<div class=\"elementor-accordion-item\">\n\t\t\t\t\t<div id=\"elementor-tab-title-4171\" class=\"elementor-tab-title\" data-tab=\"1\" role=\"button\" aria-controls=\"elementor-tab-content-4171\" aria-expanded=\"false\">\n\t\t\t\t\t\t\t\t\t\t\t\t\t<span class=\"elementor-accordion-icon elementor-accordion-icon-right\" aria-hidden=\"true\">\n\t\t\t\t\t\t\t\t\t\t\t\t\t\t\t<i class=\"elementor-accordion-icon-closed fa fa-arrow-circle-o-right\"><\/i>\n\t\t\t\t\t\t\t\t<i class=\"elementor-accordion-icon-opened fa fa-arrow-circle-o-right\"><\/i>\n\t\t\t\t\t\t\t\t\t\t\t\t\t\t<\/span>\n\t\t\t\t\t\t\t\t\t\t\t\t<a class=\"elementor-accordion-title\" tabindex=\"0\">Wann ist eine DSFA durchzuf\u00fchren?<\/a>\n\t\t\t\t\t<\/div>\n\t\t\t\t\t<div id=\"elementor-tab-content-4171\" class=\"elementor-tab-content elementor-clearfix\" data-tab=\"1\" role=\"region\" aria-labelledby=\"elementor-tab-title-4171\"><p>Nach Art. 35 Abs. 1 DSGVO ist eine DSFA immer dann durchzuf\u00fchren, wenn: \u201e(\u2026) eine Form der Verarbeitung, insbesondere bei Verwendung neuer Technologien, aufgrund der Art, des Umfangs, der Umst\u00e4nde und der Zwecke der Verarbeitung voraussichtlich ein hohes Risiko f\u00fcr die Rechte und Freiheiten nat\u00fcrlicher Personen zur Folge [hat]\u201c.<\/p><p>Beispiele f\u00fcr solche Situationen sind laut Art. 35 Abs. 3:<\/p><ul><li>systematische und umfassende Bewertung pers\u00f6nlicher Aspekte nat\u00fcrlicher Personen, die (\u2026) als Grundlage f\u00fcr Entscheidungen dient, die Rechtswirkung gegen\u00fcber nat\u00fcrlichen Personen entfalten oder diese in \u00e4hnlicher Weise erheblich beeintr\u00e4chtigen<\/li><li>umfangreiche Verarbeitung besonderer Kategorien von personenbezogenen Daten gem\u00e4\u00df Artikel 9 Absatz 1 DSGVO oder von Daten \u00fcber strafrechtliche Verurteilungen und Straftaten gem\u00e4\u00df Artikel 10 DSGVO<\/li><li>systematische weitr\u00e4umige \u00dcberwachung \u00f6ffentlich zug\u00e4nglicher Bereiche<\/li><\/ul><\/div>\n\t\t\t\t<\/div>\n\t\t\t\t\t\t\t\t<\/div>\n\t\t\t\t\t\t<\/div>\n\t\t\t\t<\/div>\n\t\t\t\t\t<\/div>\n\t\t<\/div>\n\t\t\t\t\t<\/div>\n\t\t<\/section>\n\t\t\t\t<section class=\"elementor-section elementor-inner-section elementor-element elementor-element-291e620f elementor-section-content-middle elementor-section-boxed elementor-section-height-default elementor-section-height-default\" data-id=\"291e620f\" data-element_type=\"section\">\n\t\t\t\t\t\t<div class=\"elementor-container elementor-column-gap-default\">\n\t\t\t\t\t<div class=\"elementor-column elementor-col-50 elementor-inner-column elementor-element elementor-element-2412a97d\" data-id=\"2412a97d\" data-element_type=\"column\">\n\t\t\t<div class=\"elementor-widget-wrap elementor-element-populated\">\n\t\t\t\t\t\t<div class=\"elementor-element elementor-element-6e0d3226 elementor-widget elementor-widget-accordion\" data-id=\"6e0d3226\" data-element_type=\"widget\" data-widget_type=\"accordion.default\">\n\t\t\t\t<div class=\"elementor-widget-container\">\n\t\t\t\t\t\t\t<div class=\"elementor-accordion\">\n\t\t\t\t\t\t\t<div class=\"elementor-accordion-item\">\n\t\t\t\t\t<div id=\"elementor-tab-title-1841\" class=\"elementor-tab-title\" data-tab=\"1\" role=\"button\" aria-controls=\"elementor-tab-content-1841\" aria-expanded=\"false\">\n\t\t\t\t\t\t\t\t\t\t\t\t\t<span class=\"elementor-accordion-icon elementor-accordion-icon-right\" aria-hidden=\"true\">\n\t\t\t\t\t\t\t\t\t\t\t\t\t\t\t<i class=\"elementor-accordion-icon-closed fa fa-arrow-circle-o-right\"><\/i>\n\t\t\t\t\t\t\t\t<i class=\"elementor-accordion-icon-opened fa fa-arrow-circle-o-right\"><\/i>\n\t\t\t\t\t\t\t\t\t\t\t\t\t\t<\/span>\n\t\t\t\t\t\t\t\t\t\t\t\t<a class=\"elementor-accordion-title\" tabindex=\"0\">Wie ist eine DSFA durchzuf\u00fchren?<\/a>\n\t\t\t\t\t<\/div>\n\t\t\t\t\t<div id=\"elementor-tab-content-1841\" class=\"elementor-tab-content elementor-clearfix\" data-tab=\"1\" role=\"region\" aria-labelledby=\"elementor-tab-title-1841\"><p>Art. 35 Abs. 7 bestimmt die Mindestanforderungen an eine Datenschutz-Folgenabsch\u00e4tzung. Diese muss demnach enthalten:<\/p>\n<ul>\n<li>eine systematische Beschreibung der geplanten Verarbeitungsvorg\u00e4nge und der Zwecke der Verarbeitung<\/li>\n<li>eine Bewertung der Notwendigkeit und Verh\u00e4ltnism\u00e4\u00dfigkeit der Verarbeitungsvorg\u00e4nge<\/li>\n<li>eine Bewertung der Risiken der Rechte und Freiheiten der betroffenen Personen<\/li>\n<li>die zur Bew\u00e4ltigung der Risiken geplanten Abhilfema\u00dfnahmen, durch die der Schutz personenbezogener Daten sichergestellt und der Nachweis daf\u00fcr erbracht werden soll, dass die Bestimmungen dieser Verordnung eingehalten werden<\/li>\n<li>Bei der Durchf\u00fchrung einer Datenschutz-Folgenabsch\u00e4tzung ist zudem stets der Rat des Datenschutzbeauftragten (sofern ein solcher benannt wurde) einzuholen (Art. 35 Abs. 2 DSGVO).<\/li>\n<\/ul><\/div>\n\t\t\t\t<\/div>\n\t\t\t\t\t\t\t\t<\/div>\n\t\t\t\t\t\t<\/div>\n\t\t\t\t<\/div>\n\t\t\t\t\t<\/div>\n\t\t<\/div>\n\t\t\t\t<div class=\"elementor-column elementor-col-50 elementor-inner-column elementor-element elementor-element-631603c1\" data-id=\"631603c1\" data-element_type=\"column\">\n\t\t\t<div class=\"elementor-widget-wrap elementor-element-populated\">\n\t\t\t\t\t\t<div class=\"elementor-element elementor-element-4570aaaa elementor-widget elementor-widget-accordion\" data-id=\"4570aaaa\" data-element_type=\"widget\" data-widget_type=\"accordion.default\">\n\t\t\t\t<div class=\"elementor-widget-container\">\n\t\t\t\t\t\t\t<div class=\"elementor-accordion\">\n\t\t\t\t\t\t\t<div class=\"elementor-accordion-item\">\n\t\t\t\t\t<div id=\"elementor-tab-title-1161\" class=\"elementor-tab-title\" data-tab=\"1\" role=\"button\" aria-controls=\"elementor-tab-content-1161\" aria-expanded=\"false\">\n\t\t\t\t\t\t\t\t\t\t\t\t\t<span class=\"elementor-accordion-icon elementor-accordion-icon-right\" aria-hidden=\"true\">\n\t\t\t\t\t\t\t\t\t\t\t\t\t\t\t<i class=\"elementor-accordion-icon-closed fa fa-arrow-circle-o-right\"><\/i>\n\t\t\t\t\t\t\t\t<i class=\"elementor-accordion-icon-opened fa fa-arrow-circle-o-right\"><\/i>\n\t\t\t\t\t\t\t\t\t\t\t\t\t\t<\/span>\n\t\t\t\t\t\t\t\t\t\t\t\t<a class=\"elementor-accordion-title\" tabindex=\"0\">Wann muss die Aufsichtsbeh\u00f6rde eingeschaltet werden?<\/a>\n\t\t\t\t\t<\/div>\n\t\t\t\t\t<div id=\"elementor-tab-content-1161\" class=\"elementor-tab-content elementor-clearfix\" data-tab=\"1\" role=\"region\" aria-labelledby=\"elementor-tab-title-1161\"><p>Nach Art. 36 EU-DSGVO muss die Aufsichtsbeh\u00f6rde eingeschaltet werden, wenn die Datenschutz-Folgeabsch\u00e4tzung nach Art. 35 EU-DSGVO ergibt, dass eine Datenverarbeitung ohne Ma\u00dfnahmen ein hohes Risiko bedeutet.<\/p>\n<p><strong>Was passiert, wenn die Aufsichtsbeh\u00f6rde der Auffassung ist, eine Ma\u00dfnahme versto\u00dfe gegen die EU-DSGVO?<\/strong><\/p>\n<p>Es erfolgt ein schriftlicher Rat der Aufsichtsbeh\u00f6rde mit einer Frist von acht Wochen.<\/p><\/div>\n\t\t\t\t<\/div>\n\t\t\t\t\t\t\t\t<\/div>\n\t\t\t\t\t\t<\/div>\n\t\t\t\t<\/div>\n\t\t\t\t\t<\/div>\n\t\t<\/div>\n\t\t\t\t\t<\/div>\n\t\t<\/section>\n\t\t\t\t\t<\/div>\n\t\t<\/div>\n\t\t\t\t\t<\/div>\n\t\t<\/section>\n\t\t\t\t<section class=\"elementor-section elementor-top-section elementor-element elementor-element-1d1d5315 elementor-section-content-middle elementor-section-boxed elementor-section-height-default elementor-section-height-default\" data-id=\"1d1d5315\" data-element_type=\"section\">\n\t\t\t\t\t\t<div class=\"elementor-container elementor-column-gap-no\">\n\t\t\t\t\t<div class=\"elementor-column elementor-col-100 elementor-top-column elementor-element elementor-element-1219337\" data-id=\"1219337\" data-element_type=\"column\">\n\t\t\t<div class=\"elementor-widget-wrap elementor-element-populated\">\n\t\t\t\t\t\t<div class=\"elementor-element elementor-element-6cf953ad elementor-widget elementor-widget-heading\" data-id=\"6cf953ad\" data-element_type=\"widget\" data-widget_type=\"heading.default\">\n\t\t\t\t<div class=\"elementor-widget-container\">\n\t\t\t\t\t<h2 class=\"elementor-heading-title elementor-size-default\">EU-DSGVO im Betrieb<\/h2>\t\t\t\t<\/div>\n\t\t\t\t<\/div>\n\t\t\t\t<section class=\"elementor-section elementor-inner-section elementor-element elementor-element-4495c6d7 elementor-section-content-middle elementor-section-boxed elementor-section-height-default elementor-section-height-default\" data-id=\"4495c6d7\" data-element_type=\"section\">\n\t\t\t\t\t\t<div class=\"elementor-container elementor-column-gap-default\">\n\t\t\t\t\t<div class=\"elementor-column elementor-col-50 elementor-inner-column elementor-element elementor-element-fa12ef9\" data-id=\"fa12ef9\" data-element_type=\"column\">\n\t\t\t<div class=\"elementor-widget-wrap elementor-element-populated\">\n\t\t\t\t\t\t<div class=\"elementor-element elementor-element-14da1809 elementor-widget elementor-widget-accordion\" data-id=\"14da1809\" data-element_type=\"widget\" data-widget_type=\"accordion.default\">\n\t\t\t\t<div class=\"elementor-widget-container\">\n\t\t\t\t\t\t\t<div class=\"elementor-accordion\">\n\t\t\t\t\t\t\t<div class=\"elementor-accordion-item\">\n\t\t\t\t\t<div id=\"elementor-tab-title-3491\" class=\"elementor-tab-title\" data-tab=\"1\" role=\"button\" aria-controls=\"elementor-tab-content-3491\" aria-expanded=\"false\">\n\t\t\t\t\t\t\t\t\t\t\t\t\t<span class=\"elementor-accordion-icon elementor-accordion-icon-right\" aria-hidden=\"true\">\n\t\t\t\t\t\t\t\t\t\t\t\t\t\t\t<i class=\"elementor-accordion-icon-closed fa fa-arrow-circle-o-right\"><\/i>\n\t\t\t\t\t\t\t\t<i class=\"elementor-accordion-icon-opened fa fa-arrow-circle-o-right\"><\/i>\n\t\t\t\t\t\t\t\t\t\t\t\t\t\t<\/span>\n\t\t\t\t\t\t\t\t\t\t\t\t<a class=\"elementor-accordion-title\" tabindex=\"0\">Regelt die EU-DSGVO auch Besch\u00e4ftigtendatenschutz?<\/a>\n\t\t\t\t\t<\/div>\n\t\t\t\t\t<div id=\"elementor-tab-content-3491\" class=\"elementor-tab-content elementor-clearfix\" data-tab=\"1\" role=\"region\" aria-labelledby=\"elementor-tab-title-3491\"><p>Nein, die EU-DSGVO enth\u00e4lt keinerlei spezifische Regelungen zum Besch\u00e4ftigtendatenschutz.<\/p>\n<p><strong>Gibt es also keinen Besch\u00e4ftigtendatenschutz?<\/strong><\/p>\n<p>Doch, denn auch nach der EU-DSGVO werden Besch\u00e4ftigte innerhalb ihrer Arbeitsverh\u00e4ltnisse nicht rechtlos sein. So verweisen einzelne Vorschriften der EU-DSGVO (z.B.: Art. 9 Abs. 2 h DSGVO Verarbeitung von besonderen Kategorien von personenbezogen Daten) auf den Mitarbeiterdatenschutz. Und auch die allgemeine Grund\u00e4tze der Datenverarbeitung (Art. 5 DSGVO) gelten im Besch\u00e4ftigtenverh\u00e4ltnis. Allerdings gibt es in der DSGVO keine zentrale Regelungsvorschrift zu diesem Thema.<\/p><\/div>\n\t\t\t\t<\/div>\n\t\t\t\t\t\t\t\t<\/div>\n\t\t\t\t\t\t<\/div>\n\t\t\t\t<\/div>\n\t\t\t\t\t<\/div>\n\t\t<\/div>\n\t\t\t\t<div class=\"elementor-column elementor-col-50 elementor-inner-column elementor-element elementor-element-4ca9e974\" data-id=\"4ca9e974\" data-element_type=\"column\">\n\t\t\t<div class=\"elementor-widget-wrap elementor-element-populated\">\n\t\t\t\t\t\t<div class=\"elementor-element elementor-element-10f839a7 elementor-widget elementor-widget-accordion\" data-id=\"10f839a7\" data-element_type=\"widget\" data-widget_type=\"accordion.default\">\n\t\t\t\t<div class=\"elementor-widget-container\">\n\t\t\t\t\t\t\t<div class=\"elementor-accordion\">\n\t\t\t\t\t\t\t<div class=\"elementor-accordion-item\">\n\t\t\t\t\t<div id=\"elementor-tab-title-2841\" class=\"elementor-tab-title\" data-tab=\"1\" role=\"button\" aria-controls=\"elementor-tab-content-2841\" aria-expanded=\"false\">\n\t\t\t\t\t\t\t\t\t\t\t\t\t<span class=\"elementor-accordion-icon elementor-accordion-icon-right\" aria-hidden=\"true\">\n\t\t\t\t\t\t\t\t\t\t\t\t\t\t\t<i class=\"elementor-accordion-icon-closed fa fa-arrow-circle-o-right\"><\/i>\n\t\t\t\t\t\t\t\t<i class=\"elementor-accordion-icon-opened fa fa-arrow-circle-o-right\"><\/i>\n\t\t\t\t\t\t\t\t\t\t\t\t\t\t<\/span>\n\t\t\t\t\t\t\t\t\t\t\t\t<a class=\"elementor-accordion-title\" tabindex=\"0\">Bestehende Vereinbarungen<\/a>\n\t\t\t\t\t<\/div>\n\t\t\t\t\t<div id=\"elementor-tab-content-2841\" class=\"elementor-tab-content elementor-clearfix\" data-tab=\"1\" role=\"region\" aria-labelledby=\"elementor-tab-title-2841\"><p>Ob bestehende Betriebsvereinbarungen weiter genutzt werden d\u00fcrfen, ist im Einzelfall zu pr\u00fcfen und h\u00e4ngt davon ab, ob die Vereinbarungen die Anforderungen der EU-DSGVO nicht unterlaufen und insbesondere ausreichende Schutzma\u00dfnahmen i.S.d. Art. 88 Abs. 2 EU-DSGVO enthalten.<\/p><\/div>\n\t\t\t\t<\/div>\n\t\t\t\t\t\t\t\t<\/div>\n\t\t\t\t\t\t<\/div>\n\t\t\t\t<\/div>\n\t\t\t\t\t<\/div>\n\t\t<\/div>\n\t\t\t\t\t<\/div>\n\t\t<\/section>\n\t\t\t\t<section class=\"elementor-section elementor-inner-section elementor-element elementor-element-4a7e556b elementor-section-content-middle elementor-section-boxed elementor-section-height-default elementor-section-height-default\" data-id=\"4a7e556b\" data-element_type=\"section\">\n\t\t\t\t\t\t<div class=\"elementor-container elementor-column-gap-default\">\n\t\t\t\t\t<div class=\"elementor-column elementor-col-50 elementor-inner-column elementor-element elementor-element-79effa0b\" data-id=\"79effa0b\" data-element_type=\"column\">\n\t\t\t<div class=\"elementor-widget-wrap elementor-element-populated\">\n\t\t\t\t\t\t<div class=\"elementor-element elementor-element-e99584b elementor-widget elementor-widget-accordion\" data-id=\"e99584b\" data-element_type=\"widget\" data-widget_type=\"accordion.default\">\n\t\t\t\t<div class=\"elementor-widget-container\">\n\t\t\t\t\t\t\t<div class=\"elementor-accordion\">\n\t\t\t\t\t\t\t<div class=\"elementor-accordion-item\">\n\t\t\t\t\t<div id=\"elementor-tab-title-2441\" class=\"elementor-tab-title\" data-tab=\"1\" role=\"button\" aria-controls=\"elementor-tab-content-2441\" aria-expanded=\"false\">\n\t\t\t\t\t\t\t\t\t\t\t\t\t<span class=\"elementor-accordion-icon elementor-accordion-icon-right\" aria-hidden=\"true\">\n\t\t\t\t\t\t\t\t\t\t\t\t\t\t\t<i class=\"elementor-accordion-icon-closed fa fa-arrow-circle-o-right\"><\/i>\n\t\t\t\t\t\t\t\t<i class=\"elementor-accordion-icon-opened fa fa-arrow-circle-o-right\"><\/i>\n\t\t\t\t\t\t\t\t\t\t\t\t\t\t<\/span>\n\t\t\t\t\t\t\t\t\t\t\t\t<a class=\"elementor-accordion-title\" tabindex=\"0\">Gibt es eine Meldepflicht f\u00fcr Verst\u00f6sse?<\/a>\n\t\t\t\t\t<\/div>\n\t\t\t\t\t<div id=\"elementor-tab-content-2441\" class=\"elementor-tab-content elementor-clearfix\" data-tab=\"1\" role=\"region\" aria-labelledby=\"elementor-tab-title-2441\"><p>Nach Art. 33 EU-DSGVO grunds\u00e4tzlich ja. Verletzungen des Schutzes personenbezogener Daten m\u00fcssen an die Aufsichtsbeh\u00f6rde gemeldet werden. Dies muss nach Art. 33 EU-DSGVO unverz\u00fcglich und ohne unangemessene Verz\u00f6gerung geschehen, m\u00f6glichst binnen h\u00f6chstens 72 Stunden, nachdem die Verletzung bekannt wurde.<\/p>\n<p><strong>Muss auch der Betroffene der Datenschutzverletzung benachrichtigt werden?<\/strong><\/p>\n<p>Nach Art. 34 EU-DSGVO grunds\u00e4tzlich ja. Die Benachrichtigung sollte eine Beschreibung der Art der Verletzung der Daten und Empfehlungen zur Minderung etwaiger nachteiliger Auswirkungen dieser Verletzung enthalten (vgl. Erw\u00e4gungsgrund 67a EU-DSGVO).<\/p><\/div>\n\t\t\t\t<\/div>\n\t\t\t\t\t\t\t\t<\/div>\n\t\t\t\t\t\t<\/div>\n\t\t\t\t<\/div>\n\t\t\t\t\t<\/div>\n\t\t<\/div>\n\t\t\t\t<div class=\"elementor-column elementor-col-50 elementor-inner-column elementor-element elementor-element-563a9919\" data-id=\"563a9919\" data-element_type=\"column\">\n\t\t\t<div class=\"elementor-widget-wrap elementor-element-populated\">\n\t\t\t\t\t\t<div class=\"elementor-element elementor-element-43f1e2e5 elementor-widget elementor-widget-accordion\" data-id=\"43f1e2e5\" data-element_type=\"widget\" data-widget_type=\"accordion.default\">\n\t\t\t\t<div class=\"elementor-widget-container\">\n\t\t\t\t\t\t\t<div class=\"elementor-accordion\">\n\t\t\t\t\t\t\t<div class=\"elementor-accordion-item\">\n\t\t\t\t\t<div id=\"elementor-tab-title-1131\" class=\"elementor-tab-title\" data-tab=\"1\" role=\"button\" aria-controls=\"elementor-tab-content-1131\" aria-expanded=\"false\">\n\t\t\t\t\t\t\t\t\t\t\t\t\t<span class=\"elementor-accordion-icon elementor-accordion-icon-right\" aria-hidden=\"true\">\n\t\t\t\t\t\t\t\t\t\t\t\t\t\t\t<i class=\"elementor-accordion-icon-closed fa fa-arrow-circle-o-right\"><\/i>\n\t\t\t\t\t\t\t\t<i class=\"elementor-accordion-icon-opened fa fa-arrow-circle-o-right\"><\/i>\n\t\t\t\t\t\t\t\t\t\t\t\t\t\t<\/span>\n\t\t\t\t\t\t\t\t\t\t\t\t<a class=\"elementor-accordion-title\" tabindex=\"0\">Gilt die Meldepflicht ausnahmslos immer?<\/a>\n\t\t\t\t\t<\/div>\n\t\t\t\t\t<div id=\"elementor-tab-content-1131\" class=\"elementor-tab-content elementor-clearfix\" data-tab=\"1\" role=\"region\" aria-labelledby=\"elementor-tab-title-1131\"><p>Nein. Es entsteht keine Meldepflicht, wenn ein Risiko f\u00fcr Rechte und Freiheiten von Individuen unwahrscheinlich ist.<\/p><\/div>\n\t\t\t\t<\/div>\n\t\t\t\t\t\t\t\t<\/div>\n\t\t\t\t\t\t<\/div>\n\t\t\t\t<\/div>\n\t\t\t\t\t<\/div>\n\t\t<\/div>\n\t\t\t\t\t<\/div>\n\t\t<\/section>\n\t\t\t\t\t<\/div>\n\t\t<\/div>\n\t\t\t\t\t<\/div>\n\t\t<\/section>\n\t\t\t\t<section class=\"elementor-section elementor-top-section elementor-element elementor-element-5c663352 elementor-section-content-middle elementor-section-boxed elementor-section-height-default elementor-section-height-default\" data-id=\"5c663352\" data-element_type=\"section\">\n\t\t\t\t\t\t<div class=\"elementor-container elementor-column-gap-no\">\n\t\t\t\t\t<div class=\"elementor-column elementor-col-100 elementor-top-column elementor-element elementor-element-68730b94\" data-id=\"68730b94\" data-element_type=\"column\">\n\t\t\t<div class=\"elementor-widget-wrap elementor-element-populated\">\n\t\t\t\t\t\t<div class=\"elementor-element elementor-element-33d58a7c elementor-widget elementor-widget-heading\" data-id=\"33d58a7c\" data-element_type=\"widget\" data-widget_type=\"heading.default\">\n\t\t\t\t<div class=\"elementor-widget-container\">\n\t\t\t\t\t<h2 class=\"elementor-heading-title elementor-size-default\">Internationale Datentransfers<\/h2>\t\t\t\t<\/div>\n\t\t\t\t<\/div>\n\t\t\t\t<section class=\"elementor-section elementor-inner-section elementor-element elementor-element-53828026 elementor-section-content-middle elementor-section-boxed elementor-section-height-default elementor-section-height-default\" data-id=\"53828026\" data-element_type=\"section\">\n\t\t\t\t\t\t<div class=\"elementor-container elementor-column-gap-default\">\n\t\t\t\t\t<div class=\"elementor-column elementor-col-50 elementor-inner-column elementor-element elementor-element-7e53dfe7\" data-id=\"7e53dfe7\" data-element_type=\"column\">\n\t\t\t<div class=\"elementor-widget-wrap elementor-element-populated\">\n\t\t\t\t\t\t<div class=\"elementor-element elementor-element-586eaa68 elementor-widget elementor-widget-accordion\" data-id=\"586eaa68\" data-element_type=\"widget\" data-widget_type=\"accordion.default\">\n\t\t\t\t<div class=\"elementor-widget-container\">\n\t\t\t\t\t\t\t<div class=\"elementor-accordion\">\n\t\t\t\t\t\t\t<div class=\"elementor-accordion-item\">\n\t\t\t\t\t<div id=\"elementor-tab-title-1481\" class=\"elementor-tab-title\" data-tab=\"1\" role=\"button\" aria-controls=\"elementor-tab-content-1481\" aria-expanded=\"false\">\n\t\t\t\t\t\t\t\t\t\t\t\t\t<span class=\"elementor-accordion-icon elementor-accordion-icon-right\" aria-hidden=\"true\">\n\t\t\t\t\t\t\t\t\t\t\t\t\t\t\t<i class=\"elementor-accordion-icon-closed fa fa-arrow-circle-o-right\"><\/i>\n\t\t\t\t\t\t\t\t<i class=\"elementor-accordion-icon-opened fa fa-arrow-circle-o-right\"><\/i>\n\t\t\t\t\t\t\t\t\t\t\t\t\t\t<\/span>\n\t\t\t\t\t\t\t\t\t\t\t\t<a class=\"elementor-accordion-title\" tabindex=\"0\">Was sagt die EU-DSGVO \u00fcber internationale Datentransfers?<\/a>\n\t\t\t\t\t<\/div>\n\t\t\t\t\t<div id=\"elementor-tab-content-1481\" class=\"elementor-tab-content elementor-clearfix\" data-tab=\"1\" role=\"region\" aria-labelledby=\"elementor-tab-title-1481\"><p>Grunds\u00e4tzlich bestehen die in der Datenschutz-Richtlinie festgelegten Regelungen fort. Sofern es eine Rechtsgrundlage f\u00fcr die generelle Daten\u00fcbermittlung gibt, kann die \u00dcbermittlung auch in einen Drittstaat erfolgen. Mechanismen zur Herstellung eines angemessenen Datenschutzniveaus sind beispielsweise Binding Corporate Rules (BCR, siehe Art. 47) und EU-Standardvertr\u00e4ge.<\/p><\/div>\n\t\t\t\t<\/div>\n\t\t\t\t\t\t\t\t<\/div>\n\t\t\t\t\t\t<\/div>\n\t\t\t\t<\/div>\n\t\t\t\t\t<\/div>\n\t\t<\/div>\n\t\t\t\t<div class=\"elementor-column elementor-col-50 elementor-inner-column elementor-element elementor-element-29b25cfb\" data-id=\"29b25cfb\" data-element_type=\"column\">\n\t\t\t<div class=\"elementor-widget-wrap elementor-element-populated\">\n\t\t\t\t\t\t<div class=\"elementor-element elementor-element-64d6c975 elementor-widget elementor-widget-accordion\" data-id=\"64d6c975\" data-element_type=\"widget\" data-widget_type=\"accordion.default\">\n\t\t\t\t<div class=\"elementor-widget-container\">\n\t\t\t\t\t\t\t<div class=\"elementor-accordion\">\n\t\t\t\t\t\t\t<div class=\"elementor-accordion-item\">\n\t\t\t\t\t<div id=\"elementor-tab-title-1691\" class=\"elementor-tab-title\" data-tab=\"1\" role=\"button\" aria-controls=\"elementor-tab-content-1691\" aria-expanded=\"false\">\n\t\t\t\t\t\t\t\t\t\t\t\t\t<span class=\"elementor-accordion-icon elementor-accordion-icon-right\" aria-hidden=\"true\">\n\t\t\t\t\t\t\t\t\t\t\t\t\t\t\t<i class=\"elementor-accordion-icon-closed fa fa-arrow-circle-o-right\"><\/i>\n\t\t\t\t\t\t\t\t<i class=\"elementor-accordion-icon-opened fa fa-arrow-circle-o-right\"><\/i>\n\t\t\t\t\t\t\t\t\t\t\t\t\t\t<\/span>\n\t\t\t\t\t\t\t\t\t\t\t\t<a class=\"elementor-accordion-title\" tabindex=\"0\">One Stop Shop<\/a>\n\t\t\t\t\t<\/div>\n\t\t\t\t\t<div id=\"elementor-tab-content-1691\" class=\"elementor-tab-content elementor-clearfix\" data-tab=\"1\" role=\"region\" aria-labelledby=\"elementor-tab-title-1691\"><p>Die wechselnde Zust\u00e4ndigkeit von unterschiedlichen Aufsichtsbeh\u00f6rden ist in der Praxis ein erhebliches Problem, insbesondere dann, wenn ein Unternehmen in mehreren europ\u00e4ischen L\u00e4ndern t\u00e4tig ist. Der europ\u00e4ische Gesetzgeber hat dieses Problem erkannt und in der EU-DSGVO das sog. \u201eOne-Stop-Shop\u201c-Prinzip verankert. Artikel 56 Abs. 1 EU-DSGVO sieht vor, dass in der Regel die Aufsichtsbeh\u00f6rde in deren Zust\u00e4ndigkeitsbereich der Sitz oder Hauptsitz eines Unternehmens liegt f\u00fcr das Unternehmen zust\u00e4ndig ist. Unternehmen m\u00fcssen also nur noch mit der Datenschutzbeh\u00f6rde desjenigen Mitgliedstaates zusammenarbeiten, in welchem sich der Hauptsitz des Unternehmens befindet. B\u00fcrger und B\u00fcrgerinnen k\u00f6nnen sich bei Beschwerden immer an die Datenschutzbeh\u00f6rde ihres Mitgliedstaates wenden, ganz egal in welchem Mitgliedstaat der Datenmissbrauch passiert ist.<\/p><\/div>\n\t\t\t\t<\/div>\n\t\t\t\t\t\t\t\t<\/div>\n\t\t\t\t\t\t<\/div>\n\t\t\t\t<\/div>\n\t\t\t\t\t<\/div>\n\t\t<\/div>\n\t\t\t\t\t<\/div>\n\t\t<\/section>\n\t\t\t\t<section class=\"elementor-section elementor-inner-section elementor-element elementor-element-7584ed54 elementor-section-content-middle elementor-section-boxed elementor-section-height-default elementor-section-height-default\" data-id=\"7584ed54\" data-element_type=\"section\">\n\t\t\t\t\t\t<div class=\"elementor-container elementor-column-gap-default\">\n\t\t\t\t\t<div class=\"elementor-column elementor-col-50 elementor-inner-column elementor-element elementor-element-5c6a32df\" data-id=\"5c6a32df\" data-element_type=\"column\">\n\t\t\t<div class=\"elementor-widget-wrap elementor-element-populated\">\n\t\t\t\t\t\t<div class=\"elementor-element elementor-element-41ab0773 elementor-widget elementor-widget-accordion\" data-id=\"41ab0773\" data-element_type=\"widget\" data-widget_type=\"accordion.default\">\n\t\t\t\t<div class=\"elementor-widget-container\">\n\t\t\t\t\t\t\t<div class=\"elementor-accordion\">\n\t\t\t\t\t\t\t<div class=\"elementor-accordion-item\">\n\t\t\t\t\t<div id=\"elementor-tab-title-1101\" class=\"elementor-tab-title\" data-tab=\"1\" role=\"button\" aria-controls=\"elementor-tab-content-1101\" aria-expanded=\"false\">\n\t\t\t\t\t\t\t\t\t\t\t\t\t<span class=\"elementor-accordion-icon elementor-accordion-icon-right\" aria-hidden=\"true\">\n\t\t\t\t\t\t\t\t\t\t\t\t\t\t\t<i class=\"elementor-accordion-icon-closed fa fa-arrow-circle-o-right\"><\/i>\n\t\t\t\t\t\t\t\t<i class=\"elementor-accordion-icon-opened fa fa-arrow-circle-o-right\"><\/i>\n\t\t\t\t\t\t\t\t\t\t\t\t\t\t<\/span>\n\t\t\t\t\t\t\t\t\t\t\t\t<a class=\"elementor-accordion-title\" tabindex=\"0\">Was sind Binding Corporate Rules (BCR)?<\/a>\n\t\t\t\t\t<\/div>\n\t\t\t\t\t<div id=\"elementor-tab-content-1101\" class=\"elementor-tab-content elementor-clearfix\" data-tab=\"1\" role=\"region\" aria-labelledby=\"elementor-tab-title-1101\"><p>Binding Corporate Rules sind eine M\u00f6glichkeit f\u00fcr die unternehmensinterne Daten\u00fcbermittlung in unsichere Drittl\u00e4nder (z.B. USA und China).<\/p>\n<p>BCR sollen neben der internen Wirkung auch nach au\u00dfen Betroffenenrechte wahren.<\/p>\n<p>In Artikel 47 Abs. 2 DSGVO wird der Mindestumfang genau definiert.<\/p><\/div>\n\t\t\t\t<\/div>\n\t\t\t\t\t\t\t\t<\/div>\n\t\t\t\t\t\t<\/div>\n\t\t\t\t<\/div>\n\t\t\t\t\t<\/div>\n\t\t<\/div>\n\t\t\t\t<div class=\"elementor-column elementor-col-50 elementor-inner-column elementor-element elementor-element-5af29c4\" data-id=\"5af29c4\" data-element_type=\"column\">\n\t\t\t<div class=\"elementor-widget-wrap elementor-element-populated\">\n\t\t\t\t\t\t<div class=\"elementor-element elementor-element-175bfc91 elementor-widget elementor-widget-accordion\" data-id=\"175bfc91\" data-element_type=\"widget\" data-widget_type=\"accordion.default\">\n\t\t\t\t<div class=\"elementor-widget-container\">\n\t\t\t\t\t\t\t<div class=\"elementor-accordion\">\n\t\t\t\t\t\t\t<div class=\"elementor-accordion-item\">\n\t\t\t\t\t<div id=\"elementor-tab-title-3911\" class=\"elementor-tab-title\" data-tab=\"1\" role=\"button\" aria-controls=\"elementor-tab-content-3911\" aria-expanded=\"false\">\n\t\t\t\t\t\t\t\t\t\t\t\t\t<span class=\"elementor-accordion-icon elementor-accordion-icon-right\" aria-hidden=\"true\">\n\t\t\t\t\t\t\t\t\t\t\t\t\t\t\t<i class=\"elementor-accordion-icon-closed fa fa-arrow-circle-o-right\"><\/i>\n\t\t\t\t\t\t\t\t<i class=\"elementor-accordion-icon-opened fa fa-arrow-circle-o-right\"><\/i>\n\t\t\t\t\t\t\t\t\t\t\t\t\t\t<\/span>\n\t\t\t\t\t\t\t\t\t\t\t\t<a class=\"elementor-accordion-title\" tabindex=\"0\">Was ist das Koh\u00e4renzverfahren?<\/a>\n\t\t\t\t\t<\/div>\n\t\t\t\t\t<div id=\"elementor-tab-content-3911\" class=\"elementor-tab-content elementor-clearfix\" data-tab=\"1\" role=\"region\" aria-labelledby=\"elementor-tab-title-3911\"><p>Das <a href=\"https:\/\/datenschutz-eprivacy.de\/da\/da\/kontakt\/datenschutzerklaerung\/dsgvo\/#Artikel_63_Kohaerenzverfahren\">Koh\u00e4renzverfahren ist in Artikel 63 DSGVO<\/a> geregelt. Es kommt zum Einsatz, wenn der Datenfluss die Grenzen der EWR \u00fcberschreiten soll. Durch dieses verbindliche Instrument k\u00f6nnen Konflikte zwischen Aufsichtsbeh\u00f6rden behoben werden. Dies hat zur Folge, dass die Harmonisierung des europ\u00e4ischen Datenschutzrechtes vorangetrieben wird.<\/p><\/div>\n\t\t\t\t<\/div>\n\t\t\t\t\t\t\t\t<\/div>\n\t\t\t\t\t\t<\/div>\n\t\t\t\t<\/div>\n\t\t\t\t\t<\/div>\n\t\t<\/div>\n\t\t\t\t\t<\/div>\n\t\t<\/section>\n\t\t\t\t\t<\/div>\n\t\t<\/div>\n\t\t\t\t\t<\/div>\n\t\t<\/section>\n\t\t\t\t<section class=\"elementor-section elementor-top-section elementor-element elementor-element-67418619 elementor-section-content-middle elementor-section-boxed elementor-section-height-default elementor-section-height-default\" data-id=\"67418619\" data-element_type=\"section\">\n\t\t\t\t\t\t<div class=\"elementor-container elementor-column-gap-no\">\n\t\t\t\t\t<div class=\"elementor-column elementor-col-100 elementor-top-column elementor-element elementor-element-1702ff84\" data-id=\"1702ff84\" data-element_type=\"column\">\n\t\t\t<div class=\"elementor-widget-wrap elementor-element-populated\">\n\t\t\t\t\t\t<div class=\"elementor-element elementor-element-413678a9 elementor-widget elementor-widget-heading\" data-id=\"413678a9\" data-element_type=\"widget\" data-widget_type=\"heading.default\">\n\t\t\t\t<div class=\"elementor-widget-container\">\n\t\t\t\t\t<h2 class=\"elementor-heading-title elementor-size-default\">Einwilligung in die Datenverarbeitung<\/h2>\t\t\t\t<\/div>\n\t\t\t\t<\/div>\n\t\t\t\t<section class=\"elementor-section elementor-inner-section elementor-element elementor-element-382463cf elementor-section-content-middle elementor-section-boxed elementor-section-height-default elementor-section-height-default\" data-id=\"382463cf\" data-element_type=\"section\">\n\t\t\t\t\t\t<div class=\"elementor-container elementor-column-gap-default\">\n\t\t\t\t\t<div class=\"elementor-column elementor-col-50 elementor-inner-column elementor-element elementor-element-566553f9\" data-id=\"566553f9\" data-element_type=\"column\">\n\t\t\t<div class=\"elementor-widget-wrap elementor-element-populated\">\n\t\t\t\t\t\t<div class=\"elementor-element elementor-element-f9854f8 elementor-widget elementor-widget-accordion\" data-id=\"f9854f8\" data-element_type=\"widget\" data-widget_type=\"accordion.default\">\n\t\t\t\t<div class=\"elementor-widget-container\">\n\t\t\t\t\t\t\t<div class=\"elementor-accordion\">\n\t\t\t\t\t\t\t<div class=\"elementor-accordion-item\">\n\t\t\t\t\t<div id=\"elementor-tab-title-2611\" class=\"elementor-tab-title\" data-tab=\"1\" role=\"button\" aria-controls=\"elementor-tab-content-2611\" aria-expanded=\"false\">\n\t\t\t\t\t\t\t\t\t\t\t\t\t<span class=\"elementor-accordion-icon elementor-accordion-icon-right\" aria-hidden=\"true\">\n\t\t\t\t\t\t\t\t\t\t\t\t\t\t\t<i class=\"elementor-accordion-icon-closed fa fa-arrow-circle-o-right\"><\/i>\n\t\t\t\t\t\t\t\t<i class=\"elementor-accordion-icon-opened fa fa-arrow-circle-o-right\"><\/i>\n\t\t\t\t\t\t\t\t\t\t\t\t\t\t<\/span>\n\t\t\t\t\t\t\t\t\t\t\t\t<a class=\"elementor-accordion-title\" tabindex=\"0\">Was ist Sinn und Zweck der Einwilligung?<\/a>\n\t\t\t\t\t<\/div>\n\t\t\t\t\t<div id=\"elementor-tab-content-2611\" class=\"elementor-tab-content elementor-clearfix\" data-tab=\"1\" role=\"region\" aria-labelledby=\"elementor-tab-title-2611\"><p>Durch die Einwilligung in die Verarbeitung personenbezogener Daten wird die betroffene Person in die Lage versetzt, \u00fcber sein Pers\u00f6nlichkeitsrecht zu verf\u00fcgen und pers\u00f6nliche Informationen \u00fcber sich selbst preiszugeben oder eben nicht.<\/p>\n<p>Im Datenschutzrecht gilt das sog. Verbot mit Erlaubnisvorbehalt, die Datenverarbeitung ist also generell verboten, so lange sie nicht durch ein Gesetz ausdr\u00fccklich erlaubt ist oder der Betroffene in die Verarbeitung eingewilligt hat. An diesem Grundsatz h\u00e4lt die EU-DSGVO fest (siehe hierzu Art. 6 Nr. 1a).<\/p><\/div>\n\t\t\t\t<\/div>\n\t\t\t\t\t\t\t\t<\/div>\n\t\t\t\t\t\t<\/div>\n\t\t\t\t<\/div>\n\t\t\t\t\t<\/div>\n\t\t<\/div>\n\t\t\t\t<div class=\"elementor-column elementor-col-50 elementor-inner-column elementor-element elementor-element-f5ff693\" data-id=\"f5ff693\" data-element_type=\"column\">\n\t\t\t<div class=\"elementor-widget-wrap elementor-element-populated\">\n\t\t\t\t\t\t<div class=\"elementor-element elementor-element-7076acd0 elementor-widget elementor-widget-accordion\" data-id=\"7076acd0\" data-element_type=\"widget\" data-widget_type=\"accordion.default\">\n\t\t\t\t<div class=\"elementor-widget-container\">\n\t\t\t\t\t\t\t<div class=\"elementor-accordion\">\n\t\t\t\t\t\t\t<div class=\"elementor-accordion-item\">\n\t\t\t\t\t<div id=\"elementor-tab-title-1881\" class=\"elementor-tab-title\" data-tab=\"1\" role=\"button\" aria-controls=\"elementor-tab-content-1881\" aria-expanded=\"false\">\n\t\t\t\t\t\t\t\t\t\t\t\t\t<span class=\"elementor-accordion-icon elementor-accordion-icon-right\" aria-hidden=\"true\">\n\t\t\t\t\t\t\t\t\t\t\t\t\t\t\t<i class=\"elementor-accordion-icon-closed fa fa-arrow-circle-o-right\"><\/i>\n\t\t\t\t\t\t\t\t<i class=\"elementor-accordion-icon-opened fa fa-arrow-circle-o-right\"><\/i>\n\t\t\t\t\t\t\t\t\t\t\t\t\t\t<\/span>\n\t\t\t\t\t\t\t\t\t\t\t\t<a class=\"elementor-accordion-title\" tabindex=\"0\">Anforderungen<\/a>\n\t\t\t\t\t<\/div>\n\t\t\t\t\t<div id=\"elementor-tab-content-1881\" class=\"elementor-tab-content elementor-clearfix\" data-tab=\"1\" role=\"region\" aria-labelledby=\"elementor-tab-title-1881\"><p>Die DSGVO beschreibt in Art. 7 die \u201eBedingungen f\u00fcr die Einwilligung\u201c. Die wichtigsten Anforderungen an eine rechtsg\u00fcltige Einwilligung sind:<\/p>\n<ul>\n<li>Die freie Entscheidung des Betroffenen<\/li>\n<li>Ausf\u00fchrliche, erkennbare und bestimmte Information des Betroffenen<\/li>\n<li>Schriftform der Einwilligungserkl\u00e4rung<\/li>\n<li>Widerruflichkeit der Einwilligungserkl\u00e4rung<\/li>\n<\/ul>\n<p>Art. 6 Nr. 1 a DSGVO besagt, dass die Datenverarbeitung nur rechtm\u00e4\u00dfig ist, wenn der Betroffene die Einwilligung f\u00fcr einen oder mehrere bestimmte Zwecke abgegeben hat. Die Einwilligung muss also jeweils an einen bestimmten Zweck gebunden sein, der auch hinreichend bestimmt erl\u00e4utert werden muss.<\/p><\/div>\n\t\t\t\t<\/div>\n\t\t\t\t\t\t\t\t<\/div>\n\t\t\t\t\t\t<\/div>\n\t\t\t\t<\/div>\n\t\t\t\t\t<\/div>\n\t\t<\/div>\n\t\t\t\t\t<\/div>\n\t\t<\/section>\n\t\t\t\t<section class=\"elementor-section elementor-inner-section elementor-element elementor-element-3496ef87 elementor-section-content-middle elementor-section-boxed elementor-section-height-default elementor-section-height-default\" data-id=\"3496ef87\" data-element_type=\"section\">\n\t\t\t\t\t\t<div class=\"elementor-container elementor-column-gap-default\">\n\t\t\t\t\t<div class=\"elementor-column elementor-col-50 elementor-inner-column elementor-element elementor-element-3145b89b\" data-id=\"3145b89b\" data-element_type=\"column\">\n\t\t\t<div class=\"elementor-widget-wrap elementor-element-populated\">\n\t\t\t\t\t\t<div class=\"elementor-element elementor-element-7fa079c9 elementor-widget elementor-widget-accordion\" data-id=\"7fa079c9\" data-element_type=\"widget\" data-widget_type=\"accordion.default\">\n\t\t\t\t<div class=\"elementor-widget-container\">\n\t\t\t\t\t\t\t<div class=\"elementor-accordion\">\n\t\t\t\t\t\t\t<div class=\"elementor-accordion-item\">\n\t\t\t\t\t<div id=\"elementor-tab-title-2141\" class=\"elementor-tab-title\" data-tab=\"1\" role=\"button\" aria-controls=\"elementor-tab-content-2141\" aria-expanded=\"false\">\n\t\t\t\t\t\t\t\t\t\t\t\t\t<span class=\"elementor-accordion-icon elementor-accordion-icon-right\" aria-hidden=\"true\">\n\t\t\t\t\t\t\t\t\t\t\t\t\t\t\t<i class=\"elementor-accordion-icon-closed fa fa-arrow-circle-o-right\"><\/i>\n\t\t\t\t\t\t\t\t<i class=\"elementor-accordion-icon-opened fa fa-arrow-circle-o-right\"><\/i>\n\t\t\t\t\t\t\t\t\t\t\t\t\t\t<\/span>\n\t\t\t\t\t\t\t\t\t\t\t\t<a class=\"elementor-accordion-title\" tabindex=\"0\">In welcher Form muss die Einwilligung abgegeben werden?<\/a>\n\t\t\t\t\t<\/div>\n\t\t\t\t\t<div id=\"elementor-tab-content-2141\" class=\"elementor-tab-content elementor-clearfix\" data-tab=\"1\" role=\"region\" aria-labelledby=\"elementor-tab-title-2141\"><p>Auf schriftlichem oder elektronischem Wege. Die DSGVO verlangt durch Art. 7 Nr. 1 DSGVO die Nachweisbarkeit der Einwilligung durch die verantwortliche Stelle. Eine konkrete Formvorschrift wird nicht genannt. In Erw\u00e4gungsgrund 32 zur Datenschutz-Grundverordnung wird klargestellt, dass die Einwilligung nur durch eine eindeutige Handlung zustande kommen soll, die auch in elektronischer Form erfolgen kann, wie zum Beispiel Opt-In (z.B. Setzen eines H\u00e4kchens). Eine stillschweigende Zustimmung ist dagegen nicht mehr m\u00f6glich.<\/p><\/div>\n\t\t\t\t<\/div>\n\t\t\t\t\t\t\t\t<\/div>\n\t\t\t\t\t\t<\/div>\n\t\t\t\t<\/div>\n\t\t\t\t\t<\/div>\n\t\t<\/div>\n\t\t\t\t<div class=\"elementor-column elementor-col-50 elementor-inner-column elementor-element elementor-element-7d025cdd\" data-id=\"7d025cdd\" data-element_type=\"column\">\n\t\t\t<div class=\"elementor-widget-wrap elementor-element-populated\">\n\t\t\t\t\t\t<div class=\"elementor-element elementor-element-56d7961a elementor-widget elementor-widget-accordion\" data-id=\"56d7961a\" data-element_type=\"widget\" data-widget_type=\"accordion.default\">\n\t\t\t\t<div class=\"elementor-widget-container\">\n\t\t\t\t\t\t\t<div class=\"elementor-accordion\">\n\t\t\t\t\t\t\t<div class=\"elementor-accordion-item\">\n\t\t\t\t\t<div id=\"elementor-tab-title-1451\" class=\"elementor-tab-title\" data-tab=\"1\" role=\"button\" aria-controls=\"elementor-tab-content-1451\" aria-expanded=\"false\">\n\t\t\t\t\t\t\t\t\t\t\t\t\t<span class=\"elementor-accordion-icon elementor-accordion-icon-right\" aria-hidden=\"true\">\n\t\t\t\t\t\t\t\t\t\t\t\t\t\t\t<span class=\"elementor-accordion-icon-closed\"><i class=\"fas fa-plus\"><\/i><\/span>\n\t\t\t\t\t\t\t\t<span class=\"elementor-accordion-icon-opened\"><i class=\"fas fa-minus\"><\/i><\/span>\n\t\t\t\t\t\t\t\t\t\t\t\t\t\t<\/span>\n\t\t\t\t\t\t\t\t\t\t\t\t<a class=\"elementor-accordion-title\" tabindex=\"0\"><\/a>\n\t\t\t\t\t<\/div>\n\t\t\t\t\t<div id=\"elementor-tab-content-1451\" class=\"elementor-tab-content elementor-clearfix\" data-tab=\"1\" role=\"region\" aria-labelledby=\"elementor-tab-title-1451\"><\/div>\n\t\t\t\t<\/div>\n\t\t\t\t\t\t\t\t<\/div>\n\t\t\t\t\t\t<\/div>\n\t\t\t\t<\/div>\n\t\t\t\t\t<\/div>\n\t\t<\/div>\n\t\t\t\t\t<\/div>\n\t\t<\/section>\n\t\t\t\t\t<\/div>\n\t\t<\/div>\n\t\t\t\t\t<\/div>\n\t\t<\/section>\n\t\t\t\t<section class=\"elementor-section elementor-top-section elementor-element elementor-element-185240e2 elementor-section-content-middle elementor-section-boxed elementor-section-height-default elementor-section-height-default\" data-id=\"185240e2\" data-element_type=\"section\">\n\t\t\t\t\t\t<div class=\"elementor-container elementor-column-gap-no\">\n\t\t\t\t\t<div class=\"elementor-column elementor-col-100 elementor-top-column elementor-element elementor-element-538b8c9b\" data-id=\"538b8c9b\" data-element_type=\"column\">\n\t\t\t<div class=\"elementor-widget-wrap elementor-element-populated\">\n\t\t\t\t\t\t<div class=\"elementor-element elementor-element-b687f76 elementor-widget elementor-widget-heading\" data-id=\"b687f76\" data-element_type=\"widget\" data-widget_type=\"heading.default\">\n\t\t\t\t<div class=\"elementor-widget-container\">\n\t\t\t\t\t<h2 class=\"elementor-heading-title elementor-size-default\">EU-DSGVO und Kinder<\/h2>\t\t\t\t<\/div>\n\t\t\t\t<\/div>\n\t\t\t\t<section class=\"elementor-section elementor-inner-section elementor-element elementor-element-1d0c75a0 elementor-section-content-middle elementor-section-boxed elementor-section-height-default elementor-section-height-default\" data-id=\"1d0c75a0\" data-element_type=\"section\">\n\t\t\t\t\t\t<div class=\"elementor-container elementor-column-gap-default\">\n\t\t\t\t\t<div class=\"elementor-column elementor-col-50 elementor-inner-column elementor-element elementor-element-aabb3c7\" data-id=\"aabb3c7\" data-element_type=\"column\">\n\t\t\t<div class=\"elementor-widget-wrap elementor-element-populated\">\n\t\t\t\t\t\t<div class=\"elementor-element elementor-element-53b86d52 elementor-widget elementor-widget-accordion\" data-id=\"53b86d52\" data-element_type=\"widget\" data-widget_type=\"accordion.default\">\n\t\t\t\t<div class=\"elementor-widget-container\">\n\t\t\t\t\t\t\t<div class=\"elementor-accordion\">\n\t\t\t\t\t\t\t<div class=\"elementor-accordion-item\">\n\t\t\t\t\t<div id=\"elementor-tab-title-1401\" class=\"elementor-tab-title\" data-tab=\"1\" role=\"button\" aria-controls=\"elementor-tab-content-1401\" aria-expanded=\"false\">\n\t\t\t\t\t\t\t\t\t\t\t\t\t<span class=\"elementor-accordion-icon elementor-accordion-icon-right\" aria-hidden=\"true\">\n\t\t\t\t\t\t\t\t\t\t\t\t\t\t\t<i class=\"elementor-accordion-icon-closed fa fa-arrow-circle-o-right\"><\/i>\n\t\t\t\t\t\t\t\t<i class=\"elementor-accordion-icon-opened fa fa-arrow-circle-o-right\"><\/i>\n\t\t\t\t\t\t\t\t\t\t\t\t\t\t<\/span>\n\t\t\t\t\t\t\t\t\t\t\t\t<a class=\"elementor-accordion-title\" tabindex=\"0\">Gibt es Besonderheiten bei Websites, die sich an Kinder richten?<\/a>\n\t\t\t\t\t<\/div>\n\t\t\t\t\t<div id=\"elementor-tab-content-1401\" class=\"elementor-tab-content elementor-clearfix\" data-tab=\"1\" role=\"region\" aria-labelledby=\"elementor-tab-title-1401\"><p>Ja, wenn sich die Verarbeitung an Kinder richtet, sollten aufgrund der besonderen Schutzw\u00fcrdigkeit von Kindern Informationen und Hinweise in einer kindgerechten, einfachen Sprache erfolgen. In Bezug auf Dienste der Informationsgesellschaft, die Kindern direkt angeboten werden, ist in der Verordnung festgelegt, dass die Person, die die elterliche Verantwortung f\u00fcr ein Kind tr\u00e4gt, der Verarbeitung der personenbezogenen Daten eines Kindes zustimmen muss.<\/p>\n<p>Nach Art. 8 EU-DSGVO legen die Mitgliedstaaten die Altersgrenze im Bereich von 13 bis 16 Jahren selbst fest.<\/p><\/div>\n\t\t\t\t<\/div>\n\t\t\t\t\t\t\t\t<\/div>\n\t\t\t\t\t\t<\/div>\n\t\t\t\t<\/div>\n\t\t\t\t\t<\/div>\n\t\t<\/div>\n\t\t\t\t<div class=\"elementor-column elementor-col-50 elementor-inner-column elementor-element elementor-element-45d16cfc\" data-id=\"45d16cfc\" data-element_type=\"column\">\n\t\t\t<div class=\"elementor-widget-wrap elementor-element-populated\">\n\t\t\t\t\t\t<div class=\"elementor-element elementor-element-1a898bba elementor-widget elementor-widget-accordion\" data-id=\"1a898bba\" data-element_type=\"widget\" data-widget_type=\"accordion.default\">\n\t\t\t\t<div class=\"elementor-widget-container\">\n\t\t\t\t\t\t\t<div class=\"elementor-accordion\">\n\t\t\t\t\t\t\t<div class=\"elementor-accordion-item\">\n\t\t\t\t\t<div id=\"elementor-tab-title-4451\" class=\"elementor-tab-title\" data-tab=\"1\" role=\"button\" aria-controls=\"elementor-tab-content-4451\" aria-expanded=\"false\">\n\t\t\t\t\t\t\t\t\t\t\t\t\t<span class=\"elementor-accordion-icon elementor-accordion-icon-right\" aria-hidden=\"true\">\n\t\t\t\t\t\t\t\t\t\t\t\t\t\t\t<i class=\"elementor-accordion-icon-closed fa fa-arrow-circle-o-right\"><\/i>\n\t\t\t\t\t\t\t\t<i class=\"elementor-accordion-icon-opened fa fa-arrow-circle-o-right\"><\/i>\n\t\t\t\t\t\t\t\t\t\t\t\t\t\t<\/span>\n\t\t\t\t\t\t\t\t\t\t\t\t<a class=\"elementor-accordion-title\" tabindex=\"0\">Einwilligung<\/a>\n\t\t\t\t\t<\/div>\n\t\t\t\t\t<div id=\"elementor-tab-content-4451\" class=\"elementor-tab-content elementor-clearfix\" data-tab=\"1\" role=\"region\" aria-labelledby=\"elementor-tab-title-4451\"><p>Die EU-Datenschutz-Grundverordnung (DSGVO) enth\u00e4lt in Art. 8 DSGVO erstmals eine ausdr\u00fcckliche gesetzliche Regelung in Bezug auf die Einwilligung von Kindern und Jugendlichen.<\/p>\n<p>Bietet ein Unternehmen einen \u201eDienst der Informationsgesellschaft\u201c an und wird dieses Angebot einem Kind direkt gemacht, so ist die notwendige Einwilligung des Kindes in Deutschland nur dann wirksam, wenn das Kind das 16. Lebensjahr vollendet hat. Bei Kindern unter 16. Jahren muss die Zustimmung der Eltern eingeholt werden.<\/p><\/div>\n\t\t\t\t<\/div>\n\t\t\t\t\t\t\t\t<\/div>\n\t\t\t\t\t\t<\/div>\n\t\t\t\t<\/div>\n\t\t\t\t\t<\/div>\n\t\t<\/div>\n\t\t\t\t\t<\/div>\n\t\t<\/section>\n\t\t\t\t<section class=\"elementor-section elementor-inner-section elementor-element elementor-element-7f163824 elementor-section-content-middle elementor-section-boxed elementor-section-height-default elementor-section-height-default\" data-id=\"7f163824\" data-element_type=\"section\">\n\t\t\t\t\t\t<div class=\"elementor-container elementor-column-gap-default\">\n\t\t\t\t\t<div class=\"elementor-column elementor-col-50 elementor-inner-column elementor-element elementor-element-43bd4978\" data-id=\"43bd4978\" data-element_type=\"column\">\n\t\t\t<div class=\"elementor-widget-wrap elementor-element-populated\">\n\t\t\t\t\t\t<div class=\"elementor-element elementor-element-7987dbea elementor-widget elementor-widget-accordion\" data-id=\"7987dbea\" data-element_type=\"widget\" data-widget_type=\"accordion.default\">\n\t\t\t\t<div class=\"elementor-widget-container\">\n\t\t\t\t\t\t\t<div class=\"elementor-accordion\">\n\t\t\t\t\t\t\t<div class=\"elementor-accordion-item\">\n\t\t\t\t\t<div id=\"elementor-tab-title-2031\" class=\"elementor-tab-title\" data-tab=\"1\" role=\"button\" aria-controls=\"elementor-tab-content-2031\" aria-expanded=\"false\">\n\t\t\t\t\t\t\t\t\t\t\t\t\t<span class=\"elementor-accordion-icon elementor-accordion-icon-right\" aria-hidden=\"true\">\n\t\t\t\t\t\t\t\t\t\t\t\t\t\t\t<i class=\"elementor-accordion-icon-closed fa fa-arrow-circle-o-right\"><\/i>\n\t\t\t\t\t\t\t\t<i class=\"elementor-accordion-icon-opened fa fa-arrow-circle-o-right\"><\/i>\n\t\t\t\t\t\t\t\t\t\t\t\t\t\t<\/span>\n\t\t\t\t\t\t\t\t\t\t\t\t<a class=\"elementor-accordion-title\" tabindex=\"0\">Gibt es Ausnahmen?<\/a>\n\t\t\t\t\t<\/div>\n\t\t\t\t\t<div id=\"elementor-tab-content-2031\" class=\"elementor-tab-content elementor-clearfix\" data-tab=\"1\" role=\"region\" aria-labelledby=\"elementor-tab-title-2031\"><p>Ja.\u00a0Bei Pr\u00e4ventions- oder Beratungsdiensten, die unmittelbar einem Kind angeboten werden, muss keine Einwilligung der Eltern eingeholt werden. Das ist sachgerecht, um Kindern die M\u00f6glichkeit zu geben, Beratungsangebote vertraulich wahrnehmen zu k\u00f6nnen.<\/p><\/div>\n\t\t\t\t<\/div>\n\t\t\t\t\t\t\t\t<\/div>\n\t\t\t\t\t\t<\/div>\n\t\t\t\t<\/div>\n\t\t\t\t\t<\/div>\n\t\t<\/div>\n\t\t\t\t<div class=\"elementor-column elementor-col-50 elementor-inner-column elementor-element elementor-element-15c5c069\" data-id=\"15c5c069\" data-element_type=\"column\">\n\t\t\t<div class=\"elementor-widget-wrap elementor-element-populated\">\n\t\t\t\t\t\t<div class=\"elementor-element elementor-element-68a5a8b7 elementor-widget elementor-widget-accordion\" data-id=\"68a5a8b7\" data-element_type=\"widget\" data-widget_type=\"accordion.default\">\n\t\t\t\t<div class=\"elementor-widget-container\">\n\t\t\t\t\t\t\t<div class=\"elementor-accordion\">\n\t\t\t\t\t\t\t<div class=\"elementor-accordion-item\">\n\t\t\t\t\t<div id=\"elementor-tab-title-1751\" class=\"elementor-tab-title\" data-tab=\"1\" role=\"button\" aria-controls=\"elementor-tab-content-1751\" aria-expanded=\"false\">\n\t\t\t\t\t\t\t\t\t\t\t\t\t<span class=\"elementor-accordion-icon elementor-accordion-icon-right\" aria-hidden=\"true\">\n\t\t\t\t\t\t\t\t\t\t\t\t\t\t\t<span class=\"elementor-accordion-icon-closed\"><i class=\"fas fa-plus\"><\/i><\/span>\n\t\t\t\t\t\t\t\t<span class=\"elementor-accordion-icon-opened\"><i class=\"fas fa-minus\"><\/i><\/span>\n\t\t\t\t\t\t\t\t\t\t\t\t\t\t<\/span>\n\t\t\t\t\t\t\t\t\t\t\t\t<a class=\"elementor-accordion-title\" tabindex=\"0\"><\/a>\n\t\t\t\t\t<\/div>\n\t\t\t\t\t<div id=\"elementor-tab-content-1751\" class=\"elementor-tab-content elementor-clearfix\" data-tab=\"1\" role=\"region\" aria-labelledby=\"elementor-tab-title-1751\"><\/div>\n\t\t\t\t<\/div>\n\t\t\t\t\t\t\t\t<\/div>\n\t\t\t\t\t\t<\/div>\n\t\t\t\t<\/div>\n\t\t\t\t\t<\/div>\n\t\t<\/div>\n\t\t\t\t\t<\/div>\n\t\t<\/section>\n\t\t\t\t\t<\/div>\n\t\t<\/div>\n\t\t\t\t\t<\/div>\n\t\t<\/section>\n\t\t\t\t<\/div>\n\t\t","protected":false},"excerpt":{"rendered":"<p>Alles zur EU-Datenschutzgrundverordnung (EU-DSGVO) &#8211; Kompakt und einfach erkl\u00e4rt \u00dcbersicht: EU-DSGVO: Grundlagen Datenschutz: Rechte und Pflichten Datenschutzbeauftragter (DSB) Sanktionen Datenschutz-Folgenabsch\u00e4tzung (DSFA) EU-DSGVO im Betrieb Internationale Datentransfers Einwilligung in die Datenverarbeitung EU-DSGVO und Kinder EU-DSGVO: Grundlagen Was ist die EU-DSGVO? Die Datenschutz-Grundverordnung (EU-DSGVO oder auch nur DSGVO) ist eine Verordnung der Europ\u00e4ischen Union, mit der die&nbsp;&hellip;<\/p>","protected":false},"author":2,"featured_media":0,"parent":17,"menu_order":0,"comment_status":"closed","ping_status":"closed","template":"","meta":{"iawp_total_views":27,"footnotes":""},"class_list":["post-1128","page","type-page","status-publish","hentry"],"yoast_head":"<!-- This site is optimized with the Yoast SEO plugin v27.0 - https:\/\/yoast.com\/product\/yoast-seo-wordpress\/ -->\n<title>Guide: Das Wichtigste zur EU-DSGVO - DER Datenschutzbeauftragte f\u00fcr Deutschland<\/title>\n<meta name=\"robots\" content=\"index, follow, max-snippet:-1, max-image-preview:large, max-video-preview:-1\" \/>\n<link rel=\"canonical\" href=\"https:\/\/datenschutz-eprivacy.de\/en\/hilfe\/guide-eu-dsgvo\/\" \/>\n<meta property=\"og:locale\" content=\"en_GB\" \/>\n<meta property=\"og:type\" content=\"article\" \/>\n<meta property=\"og:title\" content=\"Guide: Das Wichtigste zur EU-DSGVO - DER Datenschutzbeauftragte f\u00fcr Deutschland\" \/>\n<meta property=\"og:description\" content=\"Alles zur EU-Datenschutzgrundverordnung (EU-DSGVO) &#8211; Kompakt und einfach erkl\u00e4rt \u00dcbersicht: EU-DSGVO: Grundlagen Datenschutz: Rechte und Pflichten Datenschutzbeauftragter (DSB) Sanktionen Datenschutz-Folgenabsch\u00e4tzung (DSFA) EU-DSGVO im Betrieb Internationale Datentransfers Einwilligung in die Datenverarbeitung EU-DSGVO und Kinder EU-DSGVO: Grundlagen Was ist die EU-DSGVO? Die Datenschutz-Grundverordnung (EU-DSGVO oder auch nur DSGVO) ist eine Verordnung der Europ\u00e4ischen Union, mit der die&nbsp;&hellip;\" \/>\n<meta property=\"og:url\" content=\"https:\/\/datenschutz-eprivacy.de\/en\/hilfe\/guide-eu-dsgvo\/\" \/>\n<meta property=\"og:site_name\" content=\"DER Datenschutzbeauftragte f\u00fcr Deutschland\" \/>\n<meta property=\"article:modified_time\" content=\"2025-03-25T13:22:10+00:00\" \/>\n<meta property=\"og:image\" content=\"https:\/\/datenschutz-eprivacy.de\/da\/da\/wp-content\/uploads\/2019\/02\/dsgvo-3446010_960_720.png\" \/>\n<meta name=\"twitter:card\" content=\"summary_large_image\" \/>\n<meta name=\"twitter:label1\" content=\"Estimated reading time\" \/>\n\t<meta name=\"twitter:data1\" content=\"16 minutes\" \/>\n<script type=\"application\/ld+json\" class=\"yoast-schema-graph\">{\"@context\":\"https:\/\/schema.org\",\"@graph\":[{\"@type\":\"WebPage\",\"@id\":\"https:\/\/datenschutz-eprivacy.de\/en\/hilfe\/guide-eu-dsgvo\/\",\"url\":\"https:\/\/datenschutz-eprivacy.de\/en\/hilfe\/guide-eu-dsgvo\/\",\"name\":\"Guide: Das Wichtigste zur EU-DSGVO - DER Datenschutzbeauftragte f\u00fcr Deutschland\",\"isPartOf\":{\"@id\":\"https:\/\/datenschutz-eprivacy.de\/#website\"},\"primaryImageOfPage\":{\"@id\":\"https:\/\/datenschutz-eprivacy.de\/en\/hilfe\/guide-eu-dsgvo\/#primaryimage\"},\"image\":{\"@id\":\"https:\/\/datenschutz-eprivacy.de\/en\/hilfe\/guide-eu-dsgvo\/#primaryimage\"},\"thumbnailUrl\":\"https:\/\/datenschutz-eprivacy.de\/da\/da\/wp-content\/uploads\/2019\/02\/dsgvo-3446010_960_720.png\",\"datePublished\":\"2019-03-08T09:06:02+00:00\",\"dateModified\":\"2025-03-25T13:22:10+00:00\",\"breadcrumb\":{\"@id\":\"https:\/\/datenschutz-eprivacy.de\/en\/hilfe\/guide-eu-dsgvo\/#breadcrumb\"},\"inLanguage\":\"en-GB\",\"potentialAction\":[{\"@type\":\"ReadAction\",\"target\":[\"https:\/\/datenschutz-eprivacy.de\/en\/hilfe\/guide-eu-dsgvo\/\"]}]},{\"@type\":\"ImageObject\",\"inLanguage\":\"en-GB\",\"@id\":\"https:\/\/datenschutz-eprivacy.de\/en\/hilfe\/guide-eu-dsgvo\/#primaryimage\",\"url\":\"https:\/\/datenschutz-eprivacy.de\/da\/da\/wp-content\/uploads\/2019\/02\/dsgvo-3446010_960_720.png\",\"contentUrl\":\"https:\/\/datenschutz-eprivacy.de\/da\/da\/wp-content\/uploads\/2019\/02\/dsgvo-3446010_960_720.png\"},{\"@type\":\"BreadcrumbList\",\"@id\":\"https:\/\/datenschutz-eprivacy.de\/en\/hilfe\/guide-eu-dsgvo\/#breadcrumb\",\"itemListElement\":[{\"@type\":\"ListItem\",\"position\":1,\"name\":\"Startseite\",\"item\":\"https:\/\/datenschutz-eprivacy.de\/\"},{\"@type\":\"ListItem\",\"position\":2,\"name\":\"Guides\",\"item\":\"https:\/\/datenschutz-eprivacy.de\/en\/hilfe\/\"},{\"@type\":\"ListItem\",\"position\":3,\"name\":\"Guide: Das Wichtigste zur EU-DSGVO\"}]},{\"@type\":\"WebSite\",\"@id\":\"https:\/\/datenschutz-eprivacy.de\/#website\",\"url\":\"https:\/\/datenschutz-eprivacy.de\/\",\"name\":\"DER Datenschutzbeauftragte f\u00fcr Deutschland\",\"description\":\"Datenschutz &amp; ePrivacy in Halle (Saale), Magdeburg, Mitteldeutschland und dar\u00fcber hinaus\",\"publisher\":{\"@id\":\"https:\/\/datenschutz-eprivacy.de\/#organization\"},\"potentialAction\":[{\"@type\":\"SearchAction\",\"target\":{\"@type\":\"EntryPoint\",\"urlTemplate\":\"https:\/\/datenschutz-eprivacy.de\/?s={search_term_string}\"},\"query-input\":{\"@type\":\"PropertyValueSpecification\",\"valueRequired\":true,\"valueName\":\"search_term_string\"}}],\"inLanguage\":\"en-GB\"},{\"@type\":\"Organization\",\"@id\":\"https:\/\/datenschutz-eprivacy.de\/#organization\",\"name\":\"DER Datenschutzbeauftragte f\u00fcr Deutschland\",\"url\":\"https:\/\/datenschutz-eprivacy.de\/\",\"logo\":{\"@type\":\"ImageObject\",\"inLanguage\":\"en-GB\",\"@id\":\"https:\/\/datenschutz-eprivacy.de\/#\/schema\/logo\/image\/\",\"url\":\"https:\/\/datenschutz-eprivacy.de\/da\/wp-content\/uploads\/DER_DATENTSCHUTZ_Logo_1000_trans.png\",\"contentUrl\":\"https:\/\/datenschutz-eprivacy.de\/da\/wp-content\/uploads\/DER_DATENTSCHUTZ_Logo_1000_trans.png\",\"width\":1000,\"height\":373,\"caption\":\"DER Datenschutzbeauftragte f\u00fcr Deutschland\"},\"image\":{\"@id\":\"https:\/\/datenschutz-eprivacy.de\/#\/schema\/logo\/image\/\"}}]}<\/script>\n<!-- \/ Yoast SEO plugin. -->","yoast_head_json":{"title":"Guide: Das Wichtigste zur EU-DSGVO - DER Datenschutzbeauftragte f\u00fcr Deutschland","robots":{"index":"index","follow":"follow","max-snippet":"max-snippet:-1","max-image-preview":"max-image-preview:large","max-video-preview":"max-video-preview:-1"},"canonical":"https:\/\/datenschutz-eprivacy.de\/en\/hilfe\/guide-eu-dsgvo\/","og_locale":"en_GB","og_type":"article","og_title":"Guide: Das Wichtigste zur EU-DSGVO - DER Datenschutzbeauftragte f\u00fcr Deutschland","og_description":"Alles zur EU-Datenschutzgrundverordnung (EU-DSGVO) &#8211; Kompakt und einfach erkl\u00e4rt \u00dcbersicht: EU-DSGVO: Grundlagen Datenschutz: Rechte und Pflichten Datenschutzbeauftragter (DSB) Sanktionen Datenschutz-Folgenabsch\u00e4tzung (DSFA) EU-DSGVO im Betrieb Internationale Datentransfers Einwilligung in die Datenverarbeitung EU-DSGVO und Kinder EU-DSGVO: Grundlagen Was ist die EU-DSGVO? Die Datenschutz-Grundverordnung (EU-DSGVO oder auch nur DSGVO) ist eine Verordnung der Europ\u00e4ischen Union, mit der die&nbsp;&hellip;","og_url":"https:\/\/datenschutz-eprivacy.de\/en\/hilfe\/guide-eu-dsgvo\/","og_site_name":"DER Datenschutzbeauftragte f\u00fcr Deutschland","article_modified_time":"2025-03-25T13:22:10+00:00","og_image":[{"url":"https:\/\/datenschutz-eprivacy.de\/da\/da\/wp-content\/uploads\/2019\/02\/dsgvo-3446010_960_720.png","type":"","width":"","height":""}],"twitter_card":"summary_large_image","twitter_misc":{"Estimated reading time":"16 minutes"},"schema":{"@context":"https:\/\/schema.org","@graph":[{"@type":"WebPage","@id":"https:\/\/datenschutz-eprivacy.de\/en\/hilfe\/guide-eu-dsgvo\/","url":"https:\/\/datenschutz-eprivacy.de\/en\/hilfe\/guide-eu-dsgvo\/","name":"Guide: Das Wichtigste zur EU-DSGVO - DER Datenschutzbeauftragte f\u00fcr Deutschland","isPartOf":{"@id":"https:\/\/datenschutz-eprivacy.de\/#website"},"primaryImageOfPage":{"@id":"https:\/\/datenschutz-eprivacy.de\/en\/hilfe\/guide-eu-dsgvo\/#primaryimage"},"image":{"@id":"https:\/\/datenschutz-eprivacy.de\/en\/hilfe\/guide-eu-dsgvo\/#primaryimage"},"thumbnailUrl":"https:\/\/datenschutz-eprivacy.de\/da\/da\/wp-content\/uploads\/2019\/02\/dsgvo-3446010_960_720.png","datePublished":"2019-03-08T09:06:02+00:00","dateModified":"2025-03-25T13:22:10+00:00","breadcrumb":{"@id":"https:\/\/datenschutz-eprivacy.de\/en\/hilfe\/guide-eu-dsgvo\/#breadcrumb"},"inLanguage":"en-GB","potentialAction":[{"@type":"ReadAction","target":["https:\/\/datenschutz-eprivacy.de\/en\/hilfe\/guide-eu-dsgvo\/"]}]},{"@type":"ImageObject","inLanguage":"en-GB","@id":"https:\/\/datenschutz-eprivacy.de\/en\/hilfe\/guide-eu-dsgvo\/#primaryimage","url":"https:\/\/datenschutz-eprivacy.de\/da\/da\/wp-content\/uploads\/2019\/02\/dsgvo-3446010_960_720.png","contentUrl":"https:\/\/datenschutz-eprivacy.de\/da\/da\/wp-content\/uploads\/2019\/02\/dsgvo-3446010_960_720.png"},{"@type":"BreadcrumbList","@id":"https:\/\/datenschutz-eprivacy.de\/en\/hilfe\/guide-eu-dsgvo\/#breadcrumb","itemListElement":[{"@type":"ListItem","position":1,"name":"Startseite","item":"https:\/\/datenschutz-eprivacy.de\/"},{"@type":"ListItem","position":2,"name":"Guides","item":"https:\/\/datenschutz-eprivacy.de\/en\/hilfe\/"},{"@type":"ListItem","position":3,"name":"Guide: Das Wichtigste zur EU-DSGVO"}]},{"@type":"WebSite","@id":"https:\/\/datenschutz-eprivacy.de\/#website","url":"https:\/\/datenschutz-eprivacy.de\/","name":"DER Datenschutzbeauftragte f\u00fcr Deutschland","description":"Datenschutz &amp; ePrivacy in Halle (Saale), Magdeburg, Mitteldeutschland und dar\u00fcber hinaus","publisher":{"@id":"https:\/\/datenschutz-eprivacy.de\/#organization"},"potentialAction":[{"@type":"SearchAction","target":{"@type":"EntryPoint","urlTemplate":"https:\/\/datenschutz-eprivacy.de\/?s={search_term_string}"},"query-input":{"@type":"PropertyValueSpecification","valueRequired":true,"valueName":"search_term_string"}}],"inLanguage":"en-GB"},{"@type":"Organization","@id":"https:\/\/datenschutz-eprivacy.de\/#organization","name":"DER Datenschutzbeauftragte f\u00fcr Deutschland","url":"https:\/\/datenschutz-eprivacy.de\/","logo":{"@type":"ImageObject","inLanguage":"en-GB","@id":"https:\/\/datenschutz-eprivacy.de\/#\/schema\/logo\/image\/","url":"https:\/\/datenschutz-eprivacy.de\/da\/wp-content\/uploads\/DER_DATENTSCHUTZ_Logo_1000_trans.png","contentUrl":"https:\/\/datenschutz-eprivacy.de\/da\/wp-content\/uploads\/DER_DATENTSCHUTZ_Logo_1000_trans.png","width":1000,"height":373,"caption":"DER Datenschutzbeauftragte f\u00fcr Deutschland"},"image":{"@id":"https:\/\/datenschutz-eprivacy.de\/#\/schema\/logo\/image\/"}}]}},"_links":{"self":[{"href":"https:\/\/datenschutz-eprivacy.de\/en\/wp-json\/wp\/v2\/pages\/1128","targetHints":{"allow":["GET"]}}],"collection":[{"href":"https:\/\/datenschutz-eprivacy.de\/en\/wp-json\/wp\/v2\/pages"}],"about":[{"href":"https:\/\/datenschutz-eprivacy.de\/en\/wp-json\/wp\/v2\/types\/page"}],"author":[{"embeddable":true,"href":"https:\/\/datenschutz-eprivacy.de\/en\/wp-json\/wp\/v2\/users\/2"}],"replies":[{"embeddable":true,"href":"https:\/\/datenschutz-eprivacy.de\/en\/wp-json\/wp\/v2\/comments?post=1128"}],"version-history":[{"count":0,"href":"https:\/\/datenschutz-eprivacy.de\/en\/wp-json\/wp\/v2\/pages\/1128\/revisions"}],"up":[{"embeddable":true,"href":"https:\/\/datenschutz-eprivacy.de\/en\/wp-json\/wp\/v2\/pages\/17"}],"wp:attachment":[{"href":"https:\/\/datenschutz-eprivacy.de\/en\/wp-json\/wp\/v2\/media?parent=1128"}],"curies":[{"name":"wp","href":"https:\/\/api.w.org\/{rel}","templated":true}]}}